{"id":1304,"date":"2015-03-24T20:31:26","date_gmt":"2015-03-24T20:31:26","guid":{"rendered":"http:\/\/textocon.com\/wp\/?page_id=1304"},"modified":"2015-04-06T22:36:43","modified_gmt":"2015-04-06T22:36:43","slug":"blog-2","status":"publish","type":"page","link":"https:\/\/textocon.com\/?page_id=1304","title":{"rendered":"Blog"},"content":{"rendered":"<div id=\"blog-1\" class=\"ui--blog ui--blog-wrapper ui--pass\" data-layout=\"standard\" data-columns=\"1\"><div class=\"post-2181 post type-post status-publish format-standard hentry category-reportagens ui--blog-item clearfix layout--standard\"><div class=\"ui--blog-side ui--blog-date ui--accent-gradient-hover-parent ui--box\"><h3><span class=\"ui--blog-date-day ui--accent-gradient-hover\">24<\/span><\/h3><h6 class=\"ui--blog-date-month ui--gradient ui--gradient-grey\"><span>jul<\/span><span>2020<\/span><\/h6><\/div><div class=\"ui--blog-content-wrapper\"><div class=\"ui--blog-header\"><h5 class=\"ui--blog-title entry-title clearfix\"><a class=\"ui--blog-link\" href=\"https:\/\/textocon.com\/?p=2181\">Efici\u00eancia energ\u00e9tica reduz perdas da metalurgia<\/a><\/h5><div class=\"ui--blog-metas clearfix\"><div class=\"ui--blog-metas-right pull-right\"><span class=\"ui--meta-comment\"><a href=\"https:\/\/textocon.com\/?p=2181#respond\"><i class=\"fontawesome-comment px14\"><\/i> 0<\/a><\/span> <span class=\"ui--blog-separator\">&nbsp;<\/span> <span class=\"ui--meta-like\"><a href=\"#\" class=\"ui--likes\" title=\"Like this\" data-post-id=\"2181\" data-options=\"{&quot;zero&quot;:&quot;&lt;i class=\\&quot;fontawesome-heart px14\\&quot;&gt;&lt;\\\/i&gt; %d&quot;,&quot;one&quot;:&quot;&lt;i class=\\&quot;fontawesome-heart px14\\&quot;&gt;&lt;\\\/i&gt; %d&quot;,&quot;more&quot;:&quot;&lt;i class=\\&quot;fontawesome-heart px14\\&quot;&gt;&lt;\\\/i&gt; %d&quot;}\"><span class=\"ui--likes-count\"><i class=\"fontawesome-heart px14\"><\/i> 0<\/span><\/a><\/span><\/div><div class=\"ui--blog-metas-left\"><span class=\"ui--meta-author\">by <a class=\"vcard author\" href=\"https:\/\/textocon.com\/?author=1\"><span class=\"fn\">admin<\/span><\/a><\/span> <span class=\"ui--blog-separator\">\/<\/span> <span class=\"datetime\"><time class=\"entry-date date updated\" datetime=\"2020-07-24T19:41:26+00:00\" itemprop=\"datePublished\" pubdate>julho 24, 2020<\/time><\/span> <span class=\"ui--blog-separator\">\/<\/span> <span class=\"ui--meta-categories\"><a href=\"https:\/\/textocon.com\/?cat=25\" >Reportagens<\/a><\/span><\/div><\/div><\/div><div class=\"ui--blog-content\">A massa de informa\u00e7\u00f5es socioecon\u00f4micas veiculada em redes virtuais aponta que o \u201cnovo normal\u201d\r\nser\u00e1 fortemente marcado pela sustentabilidade. Em resposta a esse clamor do planeta, espera-se\r\na racionaliza\u00e7\u00e3o do uso de recursos que movem a m\u00e1quina do tempo e da produ\u00e7\u00e3o,\r\nprincipalmente a energia.\r\n\r\nEssa tend\u00eancia \u00e9 destaque na mat\u00e9ria de capa da ... <span class=\"more-link\"><a class=\"btn btn-small btn-grey\" href=\"https:\/\/textocon.com\/?p=2181\" title=\"\">Leia mais<\/a><\/span>\n<\/div><\/div><div style=\"display:none;\"><span class=\"date updated published\">julho 24, 2020<\/span><span class=\"vcard author\"><a href=\"https:\/\/textocon.com\/?author=1\" class=\"fn\">admin<\/a><\/span><\/div><\/div><div class=\"post-2177 post type-post status-publish format-standard hentry category-consultoria-organizacional ui--blog-item clearfix layout--standard\"><div class=\"ui--blog-side ui--blog-date ui--accent-gradient-hover-parent ui--box\"><h3><span class=\"ui--blog-date-day ui--accent-gradient-hover\">24<\/span><\/h3><h6 class=\"ui--blog-date-month ui--gradient ui--gradient-grey\"><span>jul<\/span><span>2020<\/span><\/h6><\/div><div class=\"ui--blog-content-wrapper\"><div class=\"ui--blog-header\"><h5 class=\"ui--blog-title entry-title clearfix\"><a class=\"ui--blog-link\" href=\"https:\/\/textocon.com\/?p=2177\">Cultura organizacional refor\u00e7a a configura\u00e7\u00e3o digital<\/a><\/h5><div class=\"ui--blog-metas clearfix\"><div class=\"ui--blog-metas-right pull-right\"><span class=\"ui--meta-comment\"><a href=\"https:\/\/textocon.com\/?p=2177#respond\"><i class=\"fontawesome-comment px14\"><\/i> 0<\/a><\/span> <span class=\"ui--blog-separator\">&nbsp;<\/span> <span class=\"ui--meta-like\"><a href=\"#\" class=\"ui--likes\" title=\"Like this\" data-post-id=\"2177\" data-options=\"{&quot;zero&quot;:&quot;&lt;i class=\\&quot;fontawesome-heart px14\\&quot;&gt;&lt;\\\/i&gt; %d&quot;,&quot;one&quot;:&quot;&lt;i class=\\&quot;fontawesome-heart px14\\&quot;&gt;&lt;\\\/i&gt; %d&quot;,&quot;more&quot;:&quot;&lt;i class=\\&quot;fontawesome-heart px14\\&quot;&gt;&lt;\\\/i&gt; %d&quot;}\"><span class=\"ui--likes-count\"><i class=\"fontawesome-heart px14\"><\/i> 0<\/span><\/a><\/span><\/div><div class=\"ui--blog-metas-left\"><span class=\"ui--meta-author\">by <a class=\"vcard author\" href=\"https:\/\/textocon.com\/?author=1\"><span class=\"fn\">admin<\/span><\/a><\/span> <span class=\"ui--blog-separator\">\/<\/span> <span class=\"datetime\"><time class=\"entry-date date updated\" datetime=\"2020-07-24T19:35:26+00:00\" itemprop=\"datePublished\" pubdate>julho 24, 2020<\/time><\/span> <span class=\"ui--blog-separator\">\/<\/span> <span class=\"ui--meta-categories\"><a href=\"https:\/\/textocon.com\/?cat=30\" >Consultoria organizacional<\/a><\/span><\/div><\/div><\/div><div class=\"ui--blog-content\">For\u00e7adas pela pandemia, muitas empresas entraram de cabe\u00e7a na era digital, sem tempo para\r\navaliar riscos institucionais que podem comprometer o sucesso da transi\u00e7\u00e3o disruptiva. Face a\r\nessa amea\u00e7a, recomenda-se um correto e urgente diagn\u00f3stico de gargalos comportamentais\r\ncapazes de criar ou aprofundar o descompasso entre a cultura e os objetivos estrat\u00e9gicas das\r\norganiza\u00e7\u00f5es.\r\n\r\nA ... <span class=\"more-link\"><a class=\"btn btn-small btn-grey\" href=\"https:\/\/textocon.com\/?p=2177\" title=\"\">Leia mais<\/a><\/span>\n<\/div><\/div><div style=\"display:none;\"><span class=\"date updated published\">julho 24, 2020<\/span><span class=\"vcard author\"><a href=\"https:\/\/textocon.com\/?author=1\" class=\"fn\">admin<\/a><\/span><\/div><\/div><div class=\"post-2174 post type-post status-publish format-standard hentry category-educacao-e-cultura-organizacional ui--blog-item clearfix layout--standard\"><div class=\"ui--blog-side ui--blog-date ui--accent-gradient-hover-parent ui--box\"><h3><span class=\"ui--blog-date-day ui--accent-gradient-hover\">24<\/span><\/h3><h6 class=\"ui--blog-date-month ui--gradient ui--gradient-grey\"><span>jul<\/span><span>2020<\/span><\/h6><\/div><div class=\"ui--blog-content-wrapper\"><div class=\"ui--blog-header\"><h5 class=\"ui--blog-title entry-title clearfix\"><a class=\"ui--blog-link\" href=\"https:\/\/textocon.com\/?p=2174\">Vacine seu curr\u00edculo contra turbul\u00eancias no RH<\/a><\/h5><div class=\"ui--blog-metas clearfix\"><div class=\"ui--blog-metas-right pull-right\"><span class=\"ui--meta-comment\"><a href=\"https:\/\/textocon.com\/?p=2174#respond\"><i class=\"fontawesome-comment px14\"><\/i> 0<\/a><\/span> <span class=\"ui--blog-separator\">&nbsp;<\/span> <span class=\"ui--meta-like\"><a href=\"#\" class=\"ui--likes\" title=\"Like this\" data-post-id=\"2174\" data-options=\"{&quot;zero&quot;:&quot;&lt;i class=\\&quot;fontawesome-heart px14\\&quot;&gt;&lt;\\\/i&gt; %d&quot;,&quot;one&quot;:&quot;&lt;i class=\\&quot;fontawesome-heart px14\\&quot;&gt;&lt;\\\/i&gt; %d&quot;,&quot;more&quot;:&quot;&lt;i class=\\&quot;fontawesome-heart px14\\&quot;&gt;&lt;\\\/i&gt; %d&quot;}\"><span class=\"ui--likes-count\"><i class=\"fontawesome-heart px14\"><\/i> 0<\/span><\/a><\/span><\/div><div class=\"ui--blog-metas-left\"><span class=\"ui--meta-author\">by <a class=\"vcard author\" href=\"https:\/\/textocon.com\/?author=1\"><span class=\"fn\">admin<\/span><\/a><\/span> <span class=\"ui--blog-separator\">\/<\/span> <span class=\"datetime\"><time class=\"entry-date date updated\" datetime=\"2020-07-24T19:32:39+00:00\" itemprop=\"datePublished\" pubdate>julho 24, 2020<\/time><\/span> <span class=\"ui--blog-separator\">\/<\/span> <span class=\"ui--meta-categories\"><a href=\"https:\/\/textocon.com\/?cat=26\" >Educa\u00e7\u00e3o e cultura organizacional<\/a><\/span><\/div><\/div><\/div><div class=\"ui--blog-content\">Em tempos de destrui\u00e7\u00e3o criativa, paradigma do s\u00e9culo XXI, navegar nas \u00e1guas turvas do mercado de trabalho demandar\u00e1 mais do que saber t\u00e9cnico. O profissional do futuro ter\u00e1 que demonstrar habilidades disruptivas, ao lidar com turbul\u00eancias relacionais inusitadas, visando superar entraves decorrentes do fluxo de mudan\u00e7as e incertezas t\u00edpicas do ... <span class=\"more-link\"><a class=\"btn btn-small btn-grey\" href=\"https:\/\/textocon.com\/?p=2174\" title=\"\">Leia mais<\/a><\/span>\n<\/div><\/div><div style=\"display:none;\"><span class=\"date updated published\">julho 24, 2020<\/span><span class=\"vcard author\"><a href=\"https:\/\/textocon.com\/?author=1\" class=\"fn\">admin<\/a><\/span><\/div><\/div><div class=\"post-2169 post type-post status-publish format-standard hentry category-reportagens ui--blog-item clearfix layout--standard\"><div class=\"ui--blog-side ui--blog-date ui--accent-gradient-hover-parent ui--box\"><h3><span class=\"ui--blog-date-day ui--accent-gradient-hover\">03<\/span><\/h3><h6 class=\"ui--blog-date-month ui--gradient ui--gradient-grey\"><span>abr<\/span><span>2020<\/span><\/h6><\/div><div class=\"ui--blog-content-wrapper\"><div class=\"ui--blog-header\"><h5 class=\"ui--blog-title entry-title clearfix\"><a class=\"ui--blog-link\" href=\"https:\/\/textocon.com\/?p=2169\">Metal\u00fargicas e mineradoras refor\u00e7am re\u00faso de \u00e1gua<\/a><\/h5><div class=\"ui--blog-metas clearfix\"><div class=\"ui--blog-metas-right pull-right\"><span class=\"ui--meta-comment\"><a href=\"https:\/\/textocon.com\/?p=2169#respond\"><i class=\"fontawesome-comment px14\"><\/i> 0<\/a><\/span> <span class=\"ui--blog-separator\">&nbsp;<\/span> <span class=\"ui--meta-like\"><a href=\"#\" class=\"ui--likes\" title=\"Like this\" data-post-id=\"2169\" data-options=\"{&quot;zero&quot;:&quot;&lt;i class=\\&quot;fontawesome-heart px14\\&quot;&gt;&lt;\\\/i&gt; %d&quot;,&quot;one&quot;:&quot;&lt;i class=\\&quot;fontawesome-heart px14\\&quot;&gt;&lt;\\\/i&gt; %d&quot;,&quot;more&quot;:&quot;&lt;i class=\\&quot;fontawesome-heart px14\\&quot;&gt;&lt;\\\/i&gt; %d&quot;}\"><span class=\"ui--likes-count\"><i class=\"fontawesome-heart px14\"><\/i> 0<\/span><\/a><\/span><\/div><div class=\"ui--blog-metas-left\"><span class=\"ui--meta-author\">by <a class=\"vcard author\" href=\"https:\/\/textocon.com\/?author=1\"><span class=\"fn\">admin<\/span><\/a><\/span> <span class=\"ui--blog-separator\">\/<\/span> <span class=\"datetime\"><time class=\"entry-date date updated\" datetime=\"2020-04-03T13:25:25+00:00\" itemprop=\"datePublished\" pubdate>abril 3, 2020<\/time><\/span> <span class=\"ui--blog-separator\">\/<\/span> <span class=\"ui--meta-categories\"><a href=\"https:\/\/textocon.com\/?cat=25\" >Reportagens<\/a><\/span><\/div><\/div><\/div><div class=\"ui--blog-content\">Grandes fornecedores de tecnologia est\u00e3o facilitando a ado\u00e7\u00e3o de sistemas inteligentes em empresas minerometal\u00fargicas, para otimizar a gest\u00e3o h\u00eddrica. Algumas ferramentas em opera\u00e7\u00e3o detectam desperd\u00edcio, reduzem o consumo e contribuem para o re\u00faso de \u00e1gua.\r\n\r\nEm contrapartida, aumentam a recircula\u00e7\u00e3o, a efici\u00eancia energ\u00e9tica e a sustentabilidade ambiental. Exemplos bem-sucedidos dessa inova\u00e7\u00e3o ... <span class=\"more-link\"><a class=\"btn btn-small btn-grey\" href=\"https:\/\/textocon.com\/?p=2169\" title=\"\">Leia mais<\/a><\/span>\n<\/div><\/div><div style=\"display:none;\"><span class=\"date updated published\">abril 3, 2020<\/span><span class=\"vcard author\"><a href=\"https:\/\/textocon.com\/?author=1\" class=\"fn\">admin<\/a><\/span><\/div><\/div><div class=\"post-2165 post type-post status-publish format-standard hentry category-artigos ui--blog-item clearfix layout--standard\"><div class=\"ui--blog-side ui--blog-date ui--accent-gradient-hover-parent ui--box\"><h3><span class=\"ui--blog-date-day ui--accent-gradient-hover\">03<\/span><\/h3><h6 class=\"ui--blog-date-month ui--gradient ui--gradient-grey\"><span>fev<\/span><span>2020<\/span><\/h6><\/div><div class=\"ui--blog-content-wrapper\"><div class=\"ui--blog-header\"><h5 class=\"ui--blog-title entry-title clearfix\"><a class=\"ui--blog-link\" href=\"https:\/\/textocon.com\/?p=2165\">Em foco, desafios e tend\u00eancias futuras do RH<\/a><\/h5><div class=\"ui--blog-metas clearfix\"><div class=\"ui--blog-metas-right pull-right\"><span class=\"ui--meta-comment\"><a href=\"https:\/\/textocon.com\/?p=2165#respond\"><i class=\"fontawesome-comment px14\"><\/i> 0<\/a><\/span> <span class=\"ui--blog-separator\">&nbsp;<\/span> <span class=\"ui--meta-like\"><a href=\"#\" class=\"ui--likes\" title=\"Like this\" data-post-id=\"2165\" data-options=\"{&quot;zero&quot;:&quot;&lt;i class=\\&quot;fontawesome-heart px14\\&quot;&gt;&lt;\\\/i&gt; %d&quot;,&quot;one&quot;:&quot;&lt;i class=\\&quot;fontawesome-heart px14\\&quot;&gt;&lt;\\\/i&gt; %d&quot;,&quot;more&quot;:&quot;&lt;i class=\\&quot;fontawesome-heart px14\\&quot;&gt;&lt;\\\/i&gt; %d&quot;}\"><span class=\"ui--likes-count\"><i class=\"fontawesome-heart px14\"><\/i> 0<\/span><\/a><\/span><\/div><div class=\"ui--blog-metas-left\"><span class=\"ui--meta-author\">by <a class=\"vcard author\" href=\"https:\/\/textocon.com\/?author=1\"><span class=\"fn\">admin<\/span><\/a><\/span> <span class=\"ui--blog-separator\">\/<\/span> <span class=\"datetime\"><time class=\"entry-date date updated\" datetime=\"2020-02-03T13:05:21+00:00\" itemprop=\"datePublished\" pubdate>fevereiro 3, 2020<\/time><\/span> <span class=\"ui--blog-separator\">\/<\/span> <span class=\"ui--meta-categories\"><a href=\"https:\/\/textocon.com\/?cat=13\" >Artigos<\/a><\/span><\/div><\/div><\/div><div class=\"ui--blog-content\">A s\u00edntese do conte\u00fado da colet\u00e2nea sobre RH, rec\u00e9m-publicada, em S\u00e3o Paulo, pela Tiki Books, por meio do livro Gest\u00e3o de Pessoas no S\u00e9culo XXI, j\u00e1 est\u00e1 dispon\u00edvel nas redes sociais. A resenha escrita pelo s\u00f3cio-diretor da Textocon, soci\u00f3logo e antrop\u00f3logo Maroni Jo\u00e3o da Silva, apresenta uma vis\u00e3o panor\u00e2mica do ... <span class=\"more-link\"><a class=\"btn btn-small btn-grey\" href=\"https:\/\/textocon.com\/?p=2165\" title=\"\">Leia mais<\/a><\/span>\n<\/div><\/div><div style=\"display:none;\"><span class=\"date updated published\">fevereiro 3, 2020<\/span><span class=\"vcard author\"><a href=\"https:\/\/textocon.com\/?author=1\" class=\"fn\">admin<\/a><\/span><\/div><\/div><div class=\"post-2162 post type-post status-publish format-standard hentry category-educacao-e-cultura-organizacional ui--blog-item clearfix layout--standard\"><div class=\"ui--blog-side ui--blog-date ui--accent-gradient-hover-parent ui--box\"><h3><span class=\"ui--blog-date-day ui--accent-gradient-hover\">03<\/span><\/h3><h6 class=\"ui--blog-date-month ui--gradient ui--gradient-grey\"><span>fev<\/span><span>2020<\/span><\/h6><\/div><div class=\"ui--blog-content-wrapper\"><div class=\"ui--blog-header\"><h5 class=\"ui--blog-title entry-title clearfix\"><a class=\"ui--blog-link\" href=\"https:\/\/textocon.com\/?p=2162\">Capacita\u00e7\u00e3o profissional e autorregula\u00e7\u00e3o da aprendizagem<\/a><\/h5><div class=\"ui--blog-metas clearfix\"><div class=\"ui--blog-metas-right pull-right\"><span class=\"ui--meta-comment\"><a href=\"https:\/\/textocon.com\/?p=2162#respond\"><i class=\"fontawesome-comment px14\"><\/i> 0<\/a><\/span> <span class=\"ui--blog-separator\">&nbsp;<\/span> <span class=\"ui--meta-like\"><a href=\"#\" class=\"ui--likes\" title=\"Like this\" data-post-id=\"2162\" data-options=\"{&quot;zero&quot;:&quot;&lt;i class=\\&quot;fontawesome-heart px14\\&quot;&gt;&lt;\\\/i&gt; %d&quot;,&quot;one&quot;:&quot;&lt;i class=\\&quot;fontawesome-heart px14\\&quot;&gt;&lt;\\\/i&gt; %d&quot;,&quot;more&quot;:&quot;&lt;i class=\\&quot;fontawesome-heart px14\\&quot;&gt;&lt;\\\/i&gt; %d&quot;}\"><span class=\"ui--likes-count\"><i class=\"fontawesome-heart px14\"><\/i> 0<\/span><\/a><\/span><\/div><div class=\"ui--blog-metas-left\"><span class=\"ui--meta-author\">by <a class=\"vcard author\" href=\"https:\/\/textocon.com\/?author=1\"><span class=\"fn\">admin<\/span><\/a><\/span> <span class=\"ui--blog-separator\">\/<\/span> <span class=\"datetime\"><time class=\"entry-date date updated\" datetime=\"2020-02-03T12:57:02+00:00\" itemprop=\"datePublished\" pubdate>fevereiro 3, 2020<\/time><\/span> <span class=\"ui--blog-separator\">\/<\/span> <span class=\"ui--meta-categories\"><a href=\"https:\/\/textocon.com\/?cat=26\" >Educa\u00e7\u00e3o e cultura organizacional<\/a><\/span><\/div><\/div><\/div><div class=\"ui--blog-content\">Muito tem sito falado sobre a necessidade de gerar conhecimentos visando a capacita\u00e7\u00e3o flex\u00edvel de pessoas para atuar em mercados de trabalho reconfigurados por grandes mudan\u00e7as estruturais. N\u00e3o raro, boa parte desse capital cultural \u00e9 difundido, indevidamente, como modismos \u201ccognitivos\u201d, fruto de pr\u00e1ticas corporativas de efeito mais persuasivo do que ... <span class=\"more-link\"><a class=\"btn btn-small btn-grey\" href=\"https:\/\/textocon.com\/?p=2162\" title=\"\">Leia mais<\/a><\/span>\n<\/div><\/div><div style=\"display:none;\"><span class=\"date updated published\">fevereiro 3, 2020<\/span><span class=\"vcard author\"><a href=\"https:\/\/textocon.com\/?author=1\" class=\"fn\">admin<\/a><\/span><\/div><\/div><div class=\"post-2158 post type-post status-publish format-standard hentry category-educacao-e-cultura-organizacional ui--blog-item clearfix layout--standard\"><div class=\"ui--blog-side ui--blog-date ui--accent-gradient-hover-parent ui--box\"><h3><span class=\"ui--blog-date-day ui--accent-gradient-hover\">09<\/span><\/h3><h6 class=\"ui--blog-date-month ui--gradient ui--gradient-grey\"><span>jan<\/span><span>2020<\/span><\/h6><\/div><div class=\"ui--blog-content-wrapper\"><div class=\"ui--blog-header\"><h5 class=\"ui--blog-title entry-title clearfix\"><a class=\"ui--blog-link\" href=\"https:\/\/textocon.com\/?p=2158\">Amplie suas compet\u00eancias para o mundo Vica<\/a><\/h5><div class=\"ui--blog-metas clearfix\"><div class=\"ui--blog-metas-right pull-right\"><span class=\"ui--meta-comment\"><a href=\"https:\/\/textocon.com\/?p=2158#respond\"><i class=\"fontawesome-comment px14\"><\/i> 0<\/a><\/span> <span class=\"ui--blog-separator\">&nbsp;<\/span> <span class=\"ui--meta-like\"><a href=\"#\" class=\"ui--likes\" title=\"Like this\" data-post-id=\"2158\" data-options=\"{&quot;zero&quot;:&quot;&lt;i class=\\&quot;fontawesome-heart px14\\&quot;&gt;&lt;\\\/i&gt; %d&quot;,&quot;one&quot;:&quot;&lt;i class=\\&quot;fontawesome-heart px14\\&quot;&gt;&lt;\\\/i&gt; %d&quot;,&quot;more&quot;:&quot;&lt;i class=\\&quot;fontawesome-heart px14\\&quot;&gt;&lt;\\\/i&gt; %d&quot;}\"><span class=\"ui--likes-count\"><i class=\"fontawesome-heart px14\"><\/i> 0<\/span><\/a><\/span><\/div><div class=\"ui--blog-metas-left\"><span class=\"ui--meta-author\">by <a class=\"vcard author\" href=\"https:\/\/textocon.com\/?author=1\"><span class=\"fn\">admin<\/span><\/a><\/span> <span class=\"ui--blog-separator\">\/<\/span> <span class=\"datetime\"><time class=\"entry-date date updated\" datetime=\"2020-01-09T13:02:26+00:00\" itemprop=\"datePublished\" pubdate>janeiro 9, 2020<\/time><\/span> <span class=\"ui--blog-separator\">\/<\/span> <span class=\"ui--meta-categories\"><a href=\"https:\/\/textocon.com\/?cat=26\" >Educa\u00e7\u00e3o e cultura organizacional<\/a><\/span><\/div><\/div><\/div><div class=\"ui--blog-content\">\r\n\r\nO mercado de trabalho caracter\u00edstico do mundo VICA (vol\u00e1til, incerto, complexo e amb\u00edguo) demanda profissionais com conhecimentos abrangentes e vi\u00e9s human\u00edstico. O objetivo \u00e9 compartilhar ideias e trocas de experi\u00eancias com colegas de equipe, voltadas \u00e0 inova\u00e7\u00e3o.\r\n\r\nFace a esse cen\u00e1rio, estudantes e veteranos interessados em construir uma trajet\u00f3ria profissional bem-sucedida ... <span class=\"more-link\"><a class=\"btn btn-small btn-grey\" href=\"https:\/\/textocon.com\/?p=2158\" title=\"\">Leia mais<\/a><\/span>\n<\/div><\/div><div style=\"display:none;\"><span class=\"date updated published\">janeiro 9, 2020<\/span><span class=\"vcard author\"><a href=\"https:\/\/textocon.com\/?author=1\" class=\"fn\">admin<\/a><\/span><\/div><\/div><div class=\"post-2152 post type-post status-publish format-standard hentry category-reportagens ui--blog-item clearfix layout--standard\"><div class=\"ui--blog-side ui--blog-date ui--accent-gradient-hover-parent ui--box\"><h3><span class=\"ui--blog-date-day ui--accent-gradient-hover\">23<\/span><\/h3><h6 class=\"ui--blog-date-month ui--gradient ui--gradient-grey\"><span>dez<\/span><span>2019<\/span><\/h6><\/div><div class=\"ui--blog-content-wrapper\"><div class=\"ui--blog-header\"><h5 class=\"ui--blog-title entry-title clearfix\"><a class=\"ui--blog-link\" href=\"https:\/\/textocon.com\/?p=2152\">Esquentando as baterias da economia dom\u00e9stica<\/a><\/h5><div class=\"ui--blog-metas clearfix\"><div class=\"ui--blog-metas-right pull-right\"><span class=\"ui--meta-comment\"><a href=\"https:\/\/textocon.com\/?p=2152#respond\"><i class=\"fontawesome-comment px14\"><\/i> 0<\/a><\/span> <span class=\"ui--blog-separator\">&nbsp;<\/span> <span class=\"ui--meta-like\"><a href=\"#\" class=\"ui--likes\" title=\"Like this\" data-post-id=\"2152\" data-options=\"{&quot;zero&quot;:&quot;&lt;i class=\\&quot;fontawesome-heart px14\\&quot;&gt;&lt;\\\/i&gt; %d&quot;,&quot;one&quot;:&quot;&lt;i class=\\&quot;fontawesome-heart px14\\&quot;&gt;&lt;\\\/i&gt; %d&quot;,&quot;more&quot;:&quot;&lt;i class=\\&quot;fontawesome-heart px14\\&quot;&gt;&lt;\\\/i&gt; %d&quot;}\"><span class=\"ui--likes-count\"><i class=\"fontawesome-heart px14\"><\/i> 0<\/span><\/a><\/span><\/div><div class=\"ui--blog-metas-left\"><span class=\"ui--meta-author\">by <a class=\"vcard author\" href=\"https:\/\/textocon.com\/?author=1\"><span class=\"fn\">admin<\/span><\/a><\/span> <span class=\"ui--blog-separator\">\/<\/span> <span class=\"datetime\"><time class=\"entry-date date updated\" datetime=\"2019-12-23T13:28:25+00:00\" itemprop=\"datePublished\" pubdate>dezembro 23, 2019<\/time><\/span> <span class=\"ui--blog-separator\">\/<\/span> <span class=\"ui--meta-categories\"><a href=\"https:\/\/textocon.com\/?cat=25\" >Reportagens<\/a><\/span><\/div><\/div><\/div><div class=\"ui--blog-content\">Turbinados pela digitaliza\u00e7\u00e3o, fornecedores de tecnologias para processos metal\u00fargicos v\u00eam ampliando a sinergia com o ch\u00e3o de f\u00e1brica de seus clientes. Um dos objetivos \u00e9 contribuir com o esfor\u00e7o de produtores de ferrosos e n\u00e3o ferrosos de otimizar a cadeia de valor minerometal\u00fargica.\r\n\r\nA estrat\u00e9gia se concretiza por meio do fornecimento ... <span class=\"more-link\"><a class=\"btn btn-small btn-grey\" href=\"https:\/\/textocon.com\/?p=2152\" title=\"\">Leia mais<\/a><\/span>\n<\/div><\/div><div style=\"display:none;\"><span class=\"date updated published\">dezembro 23, 2019<\/span><span class=\"vcard author\"><a href=\"https:\/\/textocon.com\/?author=1\" class=\"fn\">admin<\/a><\/span><\/div><\/div><div class=\"post-2147 post type-post status-publish format-standard hentry category-educacao-e-cultura-organizacional ui--blog-item clearfix layout--standard\"><div class=\"ui--blog-side ui--blog-date ui--accent-gradient-hover-parent ui--box\"><h3><span class=\"ui--blog-date-day ui--accent-gradient-hover\">29<\/span><\/h3><h6 class=\"ui--blog-date-month ui--gradient ui--gradient-grey\"><span>nov<\/span><span>2019<\/span><\/h6><\/div><div class=\"ui--blog-content-wrapper\"><div class=\"ui--blog-header\"><h5 class=\"ui--blog-title entry-title clearfix\"><a class=\"ui--blog-link\" href=\"https:\/\/textocon.com\/?p=2147\">Transforme seu curr\u00edculo em uma marca registrada socialmente<\/a><\/h5><div class=\"ui--blog-metas clearfix\"><div class=\"ui--blog-metas-right pull-right\"><span class=\"ui--meta-comment\"><a href=\"https:\/\/textocon.com\/?p=2147#respond\"><i class=\"fontawesome-comment px14\"><\/i> 0<\/a><\/span> <span class=\"ui--blog-separator\">&nbsp;<\/span> <span class=\"ui--meta-like\"><a href=\"#\" class=\"ui--likes\" title=\"Like this\" data-post-id=\"2147\" data-options=\"{&quot;zero&quot;:&quot;&lt;i class=\\&quot;fontawesome-heart px14\\&quot;&gt;&lt;\\\/i&gt; %d&quot;,&quot;one&quot;:&quot;&lt;i class=\\&quot;fontawesome-heart px14\\&quot;&gt;&lt;\\\/i&gt; %d&quot;,&quot;more&quot;:&quot;&lt;i class=\\&quot;fontawesome-heart px14\\&quot;&gt;&lt;\\\/i&gt; %d&quot;}\"><span class=\"ui--likes-count\"><i class=\"fontawesome-heart px14\"><\/i> 0<\/span><\/a><\/span><\/div><div class=\"ui--blog-metas-left\"><span class=\"ui--meta-author\">by <a class=\"vcard author\" href=\"https:\/\/textocon.com\/?author=1\"><span class=\"fn\">admin<\/span><\/a><\/span> <span class=\"ui--blog-separator\">\/<\/span> <span class=\"datetime\"><time class=\"entry-date date updated\" datetime=\"2019-11-29T13:37:01+00:00\" itemprop=\"datePublished\" pubdate>novembro 29, 2019<\/time><\/span> <span class=\"ui--blog-separator\">\/<\/span> <span class=\"ui--meta-categories\"><a href=\"https:\/\/textocon.com\/?cat=26\" >Educa\u00e7\u00e3o e cultura organizacional<\/a><\/span><\/div><\/div><\/div><div class=\"ui--blog-content\">Diante de tanto aprendizado sobre o novo perfil do mercado de trabalho, h\u00e1 uma li\u00e7\u00e3o de casa a ser memorizada por todo e qualquer aspirante a trabalhador do futuro. Ou seja, busque um diferencial competitivo aprimorando cada vez mais seu leque de conhecimentos. \r\n\r\nO objetivo \u00e9 aprender e colocar em ... <span class=\"more-link\"><a class=\"btn btn-small btn-grey\" href=\"https:\/\/textocon.com\/?p=2147\" title=\"\">Leia mais<\/a><\/span>\n<\/div><\/div><div style=\"display:none;\"><span class=\"date updated published\">novembro 29, 2019<\/span><span class=\"vcard author\"><a href=\"https:\/\/textocon.com\/?author=1\" class=\"fn\">admin<\/a><\/span><\/div><\/div><div class=\"post-2143 post type-post status-publish format-standard hentry category-consultoria-organizacional ui--blog-item clearfix layout--standard\"><div class=\"ui--blog-side ui--blog-date ui--accent-gradient-hover-parent ui--box\"><h3><span class=\"ui--blog-date-day ui--accent-gradient-hover\">28<\/span><\/h3><h6 class=\"ui--blog-date-month ui--gradient ui--gradient-grey\"><span>out<\/span><span>2019<\/span><\/h6><\/div><div class=\"ui--blog-content-wrapper\"><div class=\"ui--blog-header\"><h5 class=\"ui--blog-title entry-title clearfix\"><a class=\"ui--blog-link\" href=\"https:\/\/textocon.com\/?p=2143\">Modelo mental \u00e9 pe\u00e7a-chave na transforma\u00e7\u00e3o digital<\/a><\/h5><div class=\"ui--blog-metas clearfix\"><div class=\"ui--blog-metas-right pull-right\"><span class=\"ui--meta-comment\"><a href=\"https:\/\/textocon.com\/?p=2143#respond\"><i class=\"fontawesome-comment px14\"><\/i> 0<\/a><\/span> <span class=\"ui--blog-separator\">&nbsp;<\/span> <span class=\"ui--meta-like\"><a href=\"#\" class=\"ui--likes\" title=\"Like this\" data-post-id=\"2143\" data-options=\"{&quot;zero&quot;:&quot;&lt;i class=\\&quot;fontawesome-heart px14\\&quot;&gt;&lt;\\\/i&gt; %d&quot;,&quot;one&quot;:&quot;&lt;i class=\\&quot;fontawesome-heart px14\\&quot;&gt;&lt;\\\/i&gt; %d&quot;,&quot;more&quot;:&quot;&lt;i class=\\&quot;fontawesome-heart px14\\&quot;&gt;&lt;\\\/i&gt; %d&quot;}\"><span class=\"ui--likes-count\"><i class=\"fontawesome-heart px14\"><\/i> 0<\/span><\/a><\/span><\/div><div class=\"ui--blog-metas-left\"><span class=\"ui--meta-author\">by <a class=\"vcard author\" href=\"https:\/\/textocon.com\/?author=1\"><span class=\"fn\">admin<\/span><\/a><\/span> <span class=\"ui--blog-separator\">\/<\/span> <span class=\"datetime\"><time class=\"entry-date date updated\" datetime=\"2019-10-28T13:36:11+00:00\" itemprop=\"datePublished\" pubdate>outubro 28, 2019<\/time><\/span> <span class=\"ui--blog-separator\">\/<\/span> <span class=\"ui--meta-categories\"><a href=\"https:\/\/textocon.com\/?cat=30\" >Consultoria organizacional<\/a><\/span><\/div><\/div><\/div><div class=\"ui--blog-content\">O d\u00e9ficit de sinergia entre mudan\u00e7a disruptiva e ideias inspiradoras vem destacando-se, no mundo corporativo, como um dos maiores entraves para a decolagem definitiva da transforma\u00e7\u00e3o digital. Parte desse gargalo decorre do desalinhamento entre tradi\u00e7\u00e3o e modernidade vigente em algumas empresas atreladas \u00e0 zona de conforto. \r\n\r\nFace a esse descompasso, ... <span class=\"more-link\"><a class=\"btn btn-small btn-grey\" href=\"https:\/\/textocon.com\/?p=2143\" title=\"\">Leia mais<\/a><\/span>\n<\/div><\/div><div style=\"display:none;\"><span class=\"date updated published\">outubro 28, 2019<\/span><span class=\"vcard author\"><a href=\"https:\/\/textocon.com\/?author=1\" class=\"fn\">admin<\/a><\/span><\/div><\/div><div class=\"post-2137 post type-post status-publish format-standard hentry category-educacao-e-cultura-organizacional ui--blog-item clearfix layout--standard\"><div class=\"ui--blog-side ui--blog-date ui--accent-gradient-hover-parent ui--box\"><h3><span class=\"ui--blog-date-day ui--accent-gradient-hover\">21<\/span><\/h3><h6 class=\"ui--blog-date-month ui--gradient ui--gradient-grey\"><span>out<\/span><span>2019<\/span><\/h6><\/div><div class=\"ui--blog-content-wrapper\"><div class=\"ui--blog-header\"><h5 class=\"ui--blog-title entry-title clearfix\"><a class=\"ui--blog-link\" href=\"https:\/\/textocon.com\/?p=2137\">Mais um passo rumo \u00e0 gest\u00e3o estrat\u00e9gica de RH<\/a><\/h5><div class=\"ui--blog-metas clearfix\"><div class=\"ui--blog-metas-right pull-right\"><span class=\"ui--meta-comment\"><a href=\"https:\/\/textocon.com\/?p=2137#respond\"><i class=\"fontawesome-comment px14\"><\/i> 0<\/a><\/span> <span class=\"ui--blog-separator\">&nbsp;<\/span> <span class=\"ui--meta-like\"><a href=\"#\" class=\"ui--likes\" title=\"Like this\" data-post-id=\"2137\" data-options=\"{&quot;zero&quot;:&quot;&lt;i class=\\&quot;fontawesome-heart px14\\&quot;&gt;&lt;\\\/i&gt; %d&quot;,&quot;one&quot;:&quot;&lt;i class=\\&quot;fontawesome-heart px14\\&quot;&gt;&lt;\\\/i&gt; %d&quot;,&quot;more&quot;:&quot;&lt;i class=\\&quot;fontawesome-heart px14\\&quot;&gt;&lt;\\\/i&gt; %d&quot;}\"><span class=\"ui--likes-count\"><i class=\"fontawesome-heart px14\"><\/i> 0<\/span><\/a><\/span><\/div><div class=\"ui--blog-metas-left\"><span class=\"ui--meta-author\">by <a class=\"vcard author\" href=\"https:\/\/textocon.com\/?author=1\"><span class=\"fn\">admin<\/span><\/a><\/span> <span class=\"ui--blog-separator\">\/<\/span> <span class=\"datetime\"><time class=\"entry-date date updated\" datetime=\"2019-10-21T16:04:37+00:00\" itemprop=\"datePublished\" pubdate>outubro 21, 2019<\/time><\/span> <span class=\"ui--blog-separator\">\/<\/span> <span class=\"ui--meta-categories\"><a href=\"https:\/\/textocon.com\/?cat=26\" >Educa\u00e7\u00e3o e cultura organizacional<\/a><\/span><\/div><\/div><\/div><div class=\"ui--blog-content\">Universidades e institui\u00e7\u00f5es de ensino superior em geral v\u00eam sendo for\u00e7adas pela conjuntura global a repensarem seus objetivos e metas educacionais. Um dos desafios \u00e9 conciliar sua miss\u00e3o de produzir, transmitir e difundir conhecimento cient\u00edfico de interesse da sociedade com a de formar pessoas com a capacita\u00e7\u00e3o demandada pelo mercado ... <span class=\"more-link\"><a class=\"btn btn-small btn-grey\" href=\"https:\/\/textocon.com\/?p=2137\" title=\"\">Leia mais<\/a><\/span>\n<\/div><\/div><div style=\"display:none;\"><span class=\"date updated published\">outubro 21, 2019<\/span><span class=\"vcard author\"><a href=\"https:\/\/textocon.com\/?author=1\" class=\"fn\">admin<\/a><\/span><\/div><\/div><div class=\"post-2133 post type-post status-publish format-standard hentry category-reportagens ui--blog-item clearfix layout--standard\"><div class=\"ui--blog-side ui--blog-date ui--accent-gradient-hover-parent ui--box\"><h3><span class=\"ui--blog-date-day ui--accent-gradient-hover\">17<\/span><\/h3><h6 class=\"ui--blog-date-month ui--gradient ui--gradient-grey\"><span>set<\/span><span>2019<\/span><\/h6><\/div><div class=\"ui--blog-content-wrapper\"><div class=\"ui--blog-header\"><h5 class=\"ui--blog-title entry-title clearfix\"><a class=\"ui--blog-link\" href=\"https:\/\/textocon.com\/?p=2133\">A automa\u00e7\u00e3o esquenta os ganhos da metalurgia<\/a><\/h5><div class=\"ui--blog-metas clearfix\"><div class=\"ui--blog-metas-right pull-right\"><span class=\"ui--meta-comment\"><a href=\"https:\/\/textocon.com\/?p=2133#respond\"><i class=\"fontawesome-comment px14\"><\/i> 0<\/a><\/span> <span class=\"ui--blog-separator\">&nbsp;<\/span> <span class=\"ui--meta-like\"><a href=\"#\" class=\"ui--likes\" title=\"Like this\" data-post-id=\"2133\" data-options=\"{&quot;zero&quot;:&quot;&lt;i class=\\&quot;fontawesome-heart px14\\&quot;&gt;&lt;\\\/i&gt; %d&quot;,&quot;one&quot;:&quot;&lt;i class=\\&quot;fontawesome-heart px14\\&quot;&gt;&lt;\\\/i&gt; %d&quot;,&quot;more&quot;:&quot;&lt;i class=\\&quot;fontawesome-heart px14\\&quot;&gt;&lt;\\\/i&gt; %d&quot;}\"><span class=\"ui--likes-count\"><i class=\"fontawesome-heart px14\"><\/i> 0<\/span><\/a><\/span><\/div><div class=\"ui--blog-metas-left\"><span class=\"ui--meta-author\">by <a class=\"vcard author\" href=\"https:\/\/textocon.com\/?author=1\"><span class=\"fn\">admin<\/span><\/a><\/span> <span class=\"ui--blog-separator\">\/<\/span> <span class=\"datetime\"><time class=\"entry-date date updated\" datetime=\"2019-09-17T15:56:53+00:00\" itemprop=\"datePublished\" pubdate>setembro 17, 2019<\/time><\/span> <span class=\"ui--blog-separator\">\/<\/span> <span class=\"ui--meta-categories\"><a href=\"https:\/\/textocon.com\/?cat=25\" >Reportagens<\/a><\/span><\/div><\/div><\/div><div class=\"ui--blog-content\">Mesmo diante da conjuntura pouco favor\u00e1vel a novos investimentos, as tecnologias digitais\r\nv\u00eam ampliando seu espa\u00e7o em empresas inseridas em setores de ponta, potencializando\r\nganhos de competividade. Um dos segmentos engajados nesse movimento \u00e9 a metalurgia,\r\nconforme retrata a Revista Digital ABM, cuja coordena\u00e7\u00e3o editorial est\u00e1 a cargo da Textocon.\r\n\r\nImpulsionadas por solu\u00e7\u00f5es avan\u00e7adas ... <span class=\"more-link\"><a class=\"btn btn-small btn-grey\" href=\"https:\/\/textocon.com\/?p=2133\" title=\"\">Leia mais<\/a><\/span>\n<\/div><\/div><div style=\"display:none;\"><span class=\"date updated published\">setembro 17, 2019<\/span><span class=\"vcard author\"><a href=\"https:\/\/textocon.com\/?author=1\" class=\"fn\">admin<\/a><\/span><\/div><\/div><div class=\"post-2130 post type-post status-publish format-standard hentry category-relacionamento-consumo ui--blog-item clearfix layout--standard\"><div class=\"ui--blog-side ui--blog-date ui--accent-gradient-hover-parent ui--box\"><h3><span class=\"ui--blog-date-day ui--accent-gradient-hover\">16<\/span><\/h3><h6 class=\"ui--blog-date-month ui--gradient ui--gradient-grey\"><span>set<\/span><span>2019<\/span><\/h6><\/div><div class=\"ui--blog-content-wrapper\"><div class=\"ui--blog-header\"><h5 class=\"ui--blog-title entry-title clearfix\"><a class=\"ui--blog-link\" href=\"https:\/\/textocon.com\/?p=2130\">Xeque-mate no xadrez da comunica\u00e7\u00e3o empresarial<\/a><\/h5><div class=\"ui--blog-metas clearfix\"><div class=\"ui--blog-metas-right pull-right\"><span class=\"ui--meta-comment\"><a href=\"https:\/\/textocon.com\/?p=2130#respond\"><i class=\"fontawesome-comment px14\"><\/i> 0<\/a><\/span> <span class=\"ui--blog-separator\">&nbsp;<\/span> <span class=\"ui--meta-like\"><a href=\"#\" class=\"ui--likes\" title=\"Like this\" data-post-id=\"2130\" data-options=\"{&quot;zero&quot;:&quot;&lt;i class=\\&quot;fontawesome-heart px14\\&quot;&gt;&lt;\\\/i&gt; %d&quot;,&quot;one&quot;:&quot;&lt;i class=\\&quot;fontawesome-heart px14\\&quot;&gt;&lt;\\\/i&gt; %d&quot;,&quot;more&quot;:&quot;&lt;i class=\\&quot;fontawesome-heart px14\\&quot;&gt;&lt;\\\/i&gt; %d&quot;}\"><span class=\"ui--likes-count\"><i class=\"fontawesome-heart px14\"><\/i> 0<\/span><\/a><\/span><\/div><div class=\"ui--blog-metas-left\"><span class=\"ui--meta-author\">by <a class=\"vcard author\" href=\"https:\/\/textocon.com\/?author=1\"><span class=\"fn\">admin<\/span><\/a><\/span> <span class=\"ui--blog-separator\">\/<\/span> <span class=\"datetime\"><time class=\"entry-date date updated\" datetime=\"2019-09-16T13:36:40+00:00\" itemprop=\"datePublished\" pubdate>setembro 16, 2019<\/time><\/span> <span class=\"ui--blog-separator\">\/<\/span> <span class=\"ui--meta-categories\"><a href=\"https:\/\/textocon.com\/?cat=29\" >Relacionamento &amp; consumo<\/a><\/span><\/div><\/div><\/div><div class=\"ui--blog-content\">O efeito negativo de intepreta\u00e7\u00f5es enviesadas de determinados textos e comunicados\r\ninstitucionais de perfil informativo representa sempre uma forte amea\u00e7a \u00e0 efic\u00e1cia da comunica\u00e7\u00e3o\r\nde qualquer organiza\u00e7\u00e3o global. Esse tipo de ru\u00eddo pode resultar, muitas vezes, de estrat\u00e9gias de\r\ndivulga\u00e7\u00e3o focalizadas exclusivamente no conte\u00fado verbalizado, sem atentar para outras\r\ncondicionantes do processo de comunica\u00e7\u00e3o.\r\n\r\nEm ... <span class=\"more-link\"><a class=\"btn btn-small btn-grey\" href=\"https:\/\/textocon.com\/?p=2130\" title=\"\">Leia mais<\/a><\/span>\n<\/div><\/div><div style=\"display:none;\"><span class=\"date updated published\">setembro 16, 2019<\/span><span class=\"vcard author\"><a href=\"https:\/\/textocon.com\/?author=1\" class=\"fn\">admin<\/a><\/span><\/div><\/div><div class=\"post-2126 post type-post status-publish format-standard hentry category-educacao-e-cultura-organizacional ui--blog-item clearfix layout--standard\"><div class=\"ui--blog-side ui--blog-date ui--accent-gradient-hover-parent ui--box\"><h3><span class=\"ui--blog-date-day ui--accent-gradient-hover\">27<\/span><\/h3><h6 class=\"ui--blog-date-month ui--gradient ui--gradient-grey\"><span>ago<\/span><span>2019<\/span><\/h6><\/div><div class=\"ui--blog-content-wrapper\"><div class=\"ui--blog-header\"><h5 class=\"ui--blog-title entry-title clearfix\"><a class=\"ui--blog-link\" href=\"https:\/\/textocon.com\/?p=2126\">Transforme seu curr\u00edculo em um passaporte para o futuro<\/a><\/h5><div class=\"ui--blog-metas clearfix\"><div class=\"ui--blog-metas-right pull-right\"><span class=\"ui--meta-comment\"><a href=\"https:\/\/textocon.com\/?p=2126#respond\"><i class=\"fontawesome-comment px14\"><\/i> 0<\/a><\/span> <span class=\"ui--blog-separator\">&nbsp;<\/span> <span class=\"ui--meta-like\"><a href=\"#\" class=\"ui--likes\" title=\"Like this\" data-post-id=\"2126\" data-options=\"{&quot;zero&quot;:&quot;&lt;i class=\\&quot;fontawesome-heart px14\\&quot;&gt;&lt;\\\/i&gt; %d&quot;,&quot;one&quot;:&quot;&lt;i class=\\&quot;fontawesome-heart px14\\&quot;&gt;&lt;\\\/i&gt; %d&quot;,&quot;more&quot;:&quot;&lt;i class=\\&quot;fontawesome-heart px14\\&quot;&gt;&lt;\\\/i&gt; %d&quot;}\"><span class=\"ui--likes-count\"><i class=\"fontawesome-heart px14\"><\/i> 0<\/span><\/a><\/span><\/div><div class=\"ui--blog-metas-left\"><span class=\"ui--meta-author\">by <a class=\"vcard author\" href=\"https:\/\/textocon.com\/?author=1\"><span class=\"fn\">admin<\/span><\/a><\/span> <span class=\"ui--blog-separator\">\/<\/span> <span class=\"datetime\"><time class=\"entry-date date updated\" datetime=\"2019-08-27T19:38:19+00:00\" itemprop=\"datePublished\" pubdate>agosto 27, 2019<\/time><\/span> <span class=\"ui--blog-separator\">\/<\/span> <span class=\"ui--meta-categories\"><a href=\"https:\/\/textocon.com\/?cat=26\" >Educa\u00e7\u00e3o e cultura organizacional<\/a><\/span><\/div><\/div><\/div><div class=\"ui--blog-content\">\u00c9 ponto pac\u00edfico que as empresas querem m\u00e3o de obra tecnicamente competente. Mas pessoas\r\nvision\u00e1rias s\u00e3o mais do que bem-vindas, desde que saibam ouvir e respeitar as diferen\u00e7as.\r\nAtitudes e comportamentos interativos como esses podem levar \u00e0 forma\u00e7\u00e3o de redes\r\ncolaborativas.\r\n\r\nConte\u00fados e reflex\u00f5es sobre esses conhecimentos integram a agenda do curso que o ... <span class=\"more-link\"><a class=\"btn btn-small btn-grey\" href=\"https:\/\/textocon.com\/?p=2126\" title=\"\">Leia mais<\/a><\/span>\n<\/div><\/div><div style=\"display:none;\"><span class=\"date updated published\">agosto 27, 2019<\/span><span class=\"vcard author\"><a href=\"https:\/\/textocon.com\/?author=1\" class=\"fn\">admin<\/a><\/span><\/div><\/div><div class=\"post-2122 post type-post status-publish format-standard hentry category-educacao-e-cultura-organizacional ui--blog-item clearfix layout--standard\"><div class=\"ui--blog-side ui--blog-date ui--accent-gradient-hover-parent ui--box\"><h3><span class=\"ui--blog-date-day ui--accent-gradient-hover\">26<\/span><\/h3><h6 class=\"ui--blog-date-month ui--gradient ui--gradient-grey\"><span>ago<\/span><span>2019<\/span><\/h6><\/div><div class=\"ui--blog-content-wrapper\"><div class=\"ui--blog-header\"><h5 class=\"ui--blog-title entry-title clearfix\"><a class=\"ui--blog-link\" href=\"https:\/\/textocon.com\/?p=2122\">Empoderamento de pessoas e mudan\u00e7a organizacional<\/a><\/h5><div class=\"ui--blog-metas clearfix\"><div class=\"ui--blog-metas-right pull-right\"><span class=\"ui--meta-comment\"><a href=\"https:\/\/textocon.com\/?p=2122#respond\"><i class=\"fontawesome-comment px14\"><\/i> 0<\/a><\/span> <span class=\"ui--blog-separator\">&nbsp;<\/span> <span class=\"ui--meta-like\"><a href=\"#\" class=\"ui--likes\" title=\"Like this\" data-post-id=\"2122\" data-options=\"{&quot;zero&quot;:&quot;&lt;i class=\\&quot;fontawesome-heart px14\\&quot;&gt;&lt;\\\/i&gt; %d&quot;,&quot;one&quot;:&quot;&lt;i class=\\&quot;fontawesome-heart px14\\&quot;&gt;&lt;\\\/i&gt; %d&quot;,&quot;more&quot;:&quot;&lt;i class=\\&quot;fontawesome-heart px14\\&quot;&gt;&lt;\\\/i&gt; %d&quot;}\"><span class=\"ui--likes-count\"><i class=\"fontawesome-heart px14\"><\/i> 0<\/span><\/a><\/span><\/div><div class=\"ui--blog-metas-left\"><span class=\"ui--meta-author\">by <a class=\"vcard author\" href=\"https:\/\/textocon.com\/?author=1\"><span class=\"fn\">admin<\/span><\/a><\/span> <span class=\"ui--blog-separator\">\/<\/span> <span class=\"datetime\"><time class=\"entry-date date updated\" datetime=\"2019-08-26T19:50:37+00:00\" itemprop=\"datePublished\" pubdate>agosto 26, 2019<\/time><\/span> <span class=\"ui--blog-separator\">\/<\/span> <span class=\"ui--meta-categories\"><a href=\"https:\/\/textocon.com\/?cat=26\" >Educa\u00e7\u00e3o e cultura organizacional<\/a><\/span><\/div><\/div><\/div><div class=\"ui--blog-content\">O percurso entre realidade e fic\u00e7\u00e3o, simbolizado pelo conceito de f\u00e1brica inteligente, est\u00e1 se\r\ntornando cada vez mais curto no setor produtivo. Essa hip\u00f3tese se confirma tanto pelo ritmo que a\r\ndigitaliza\u00e7\u00e3o vem sendo incorporada ao cotidiano das empresas como pela mudan\u00e7a\r\ncomportamental das pessoas, motivada pela interface com as novas tecnologias.\r\n\r\nConduzidos por ... <span class=\"more-link\"><a class=\"btn btn-small btn-grey\" href=\"https:\/\/textocon.com\/?p=2122\" title=\"\">Leia mais<\/a><\/span>\n<\/div><\/div><div style=\"display:none;\"><span class=\"date updated published\">agosto 26, 2019<\/span><span class=\"vcard author\"><a href=\"https:\/\/textocon.com\/?author=1\" class=\"fn\">admin<\/a><\/span><\/div><\/div><div class=\"post-2119 post type-post status-publish format-standard hentry category-educacao-e-cultura-organizacional ui--blog-item clearfix layout--standard\"><div class=\"ui--blog-side ui--blog-date ui--accent-gradient-hover-parent ui--box\"><h3><span class=\"ui--blog-date-day ui--accent-gradient-hover\">13<\/span><\/h3><h6 class=\"ui--blog-date-month ui--gradient ui--gradient-grey\"><span>ago<\/span><span>2019<\/span><\/h6><\/div><div class=\"ui--blog-content-wrapper\"><div class=\"ui--blog-header\"><h5 class=\"ui--blog-title entry-title clearfix\"><a class=\"ui--blog-link\" href=\"https:\/\/textocon.com\/?p=2119\">Navegue na transforma\u00e7\u00e3o do seu curr\u00edculo<\/a><\/h5><div class=\"ui--blog-metas clearfix\"><div class=\"ui--blog-metas-right pull-right\"><span class=\"ui--meta-comment\"><a href=\"https:\/\/textocon.com\/?p=2119#respond\"><i class=\"fontawesome-comment px14\"><\/i> 0<\/a><\/span> <span class=\"ui--blog-separator\">&nbsp;<\/span> <span class=\"ui--meta-like\"><a href=\"#\" class=\"ui--likes\" title=\"Like this\" data-post-id=\"2119\" data-options=\"{&quot;zero&quot;:&quot;&lt;i class=\\&quot;fontawesome-heart px14\\&quot;&gt;&lt;\\\/i&gt; %d&quot;,&quot;one&quot;:&quot;&lt;i class=\\&quot;fontawesome-heart px14\\&quot;&gt;&lt;\\\/i&gt; %d&quot;,&quot;more&quot;:&quot;&lt;i class=\\&quot;fontawesome-heart px14\\&quot;&gt;&lt;\\\/i&gt; %d&quot;}\"><span class=\"ui--likes-count\"><i class=\"fontawesome-heart px14\"><\/i> 0<\/span><\/a><\/span><\/div><div class=\"ui--blog-metas-left\"><span class=\"ui--meta-author\">by <a class=\"vcard author\" href=\"https:\/\/textocon.com\/?author=1\"><span class=\"fn\">admin<\/span><\/a><\/span> <span class=\"ui--blog-separator\">\/<\/span> <span class=\"datetime\"><time class=\"entry-date date updated\" datetime=\"2019-08-13T12:31:46+00:00\" itemprop=\"datePublished\" pubdate>agosto 13, 2019<\/time><\/span> <span class=\"ui--blog-separator\">\/<\/span> <span class=\"ui--meta-categories\"><a href=\"https:\/\/textocon.com\/?cat=26\" >Educa\u00e7\u00e3o e cultura organizacional<\/a><\/span><\/div><\/div><\/div><div class=\"ui--blog-content\">Construir empregabilidade significa, na pr\u00e1tica, agregar diferencial ao curr\u00edculo, visando driblar os desafios da complexidade no mercado de trabalho. pic.twitter.com\/oOdDXybWEt&mdash; Maroni Jo\u00e3o da Silva (@Maroni_silvaa) August 7, 2019Narrativas e mapas simb\u00f3licos que v\u00eam reconfigurando culturalmente as empresas desafiam cada\nvez mais os candidatos a emprego a alinharem sua capacita\u00e7\u00e3o \u00e0s novas ... <span class=\"more-link\"><a class=\"btn btn-small btn-grey\" href=\"https:\/\/textocon.com\/?p=2119\" title=\"\">Leia mais<\/a><\/span>\n<\/div><\/div><div style=\"display:none;\"><span class=\"date updated published\">agosto 13, 2019<\/span><span class=\"vcard author\"><a href=\"https:\/\/textocon.com\/?author=1\" class=\"fn\">admin<\/a><\/span><\/div><\/div><div class=\"post-2114 post type-post status-publish format-standard hentry category-educacao-e-cultura-organizacional tag-textoconrh ui--blog-item clearfix layout--standard\"><div class=\"ui--blog-side ui--blog-date ui--accent-gradient-hover-parent ui--box\"><h3><span class=\"ui--blog-date-day ui--accent-gradient-hover\">22<\/span><\/h3><h6 class=\"ui--blog-date-month ui--gradient ui--gradient-grey\"><span>jul<\/span><span>2019<\/span><\/h6><\/div><div class=\"ui--blog-content-wrapper\"><div class=\"ui--blog-header\"><h5 class=\"ui--blog-title entry-title clearfix\"><a class=\"ui--blog-link\" href=\"https:\/\/textocon.com\/?p=2114\">Entre com tudo no novo mundo do trabalho<\/a><\/h5><div class=\"ui--blog-metas clearfix\"><div class=\"ui--blog-metas-right pull-right\"><span class=\"ui--meta-comment\"><a href=\"https:\/\/textocon.com\/?p=2114#respond\"><i class=\"fontawesome-comment px14\"><\/i> 0<\/a><\/span> <span class=\"ui--blog-separator\">&nbsp;<\/span> <span class=\"ui--meta-like\"><a href=\"#\" class=\"ui--likes\" title=\"Like this\" data-post-id=\"2114\" data-options=\"{&quot;zero&quot;:&quot;&lt;i class=\\&quot;fontawesome-heart px14\\&quot;&gt;&lt;\\\/i&gt; %d&quot;,&quot;one&quot;:&quot;&lt;i class=\\&quot;fontawesome-heart px14\\&quot;&gt;&lt;\\\/i&gt; %d&quot;,&quot;more&quot;:&quot;&lt;i class=\\&quot;fontawesome-heart px14\\&quot;&gt;&lt;\\\/i&gt; %d&quot;}\"><span class=\"ui--likes-count\"><i class=\"fontawesome-heart px14\"><\/i> 0<\/span><\/a><\/span><\/div><div class=\"ui--blog-metas-left\"><span class=\"ui--meta-author\">by <a class=\"vcard author\" href=\"https:\/\/textocon.com\/?author=1\"><span class=\"fn\">admin<\/span><\/a><\/span> <span class=\"ui--blog-separator\">\/<\/span> <span class=\"datetime\"><time class=\"entry-date date updated\" datetime=\"2019-07-22T19:29:04+00:00\" itemprop=\"datePublished\" pubdate>julho 22, 2019<\/time><\/span> <span class=\"ui--blog-separator\">\/<\/span> <span class=\"ui--meta-categories\"><a href=\"https:\/\/textocon.com\/?cat=26\" >Educa\u00e7\u00e3o e cultura organizacional<\/a><\/span><\/div><\/div><\/div><div class=\"ui--blog-content\">O futuro profissional \u00e9 agora pic.twitter.com\/aZGiIR7XL1&mdash; Maroni Jo\u00e3o da Silva (@Maroni_silvaa) July 21, 2019Diante de exig\u00eancias disruptivas do mercado de trabalho, formados ou estudantes de gradua\u00e7\u00e3o\ninteressados em construir uma carreira bem-sucedida, no setor produtivo, devem tornar seus\ncurr\u00edculos mais competitivos. O curso que o s\u00f3cio-diretor da Textocon est\u00e1 divulgando atrav\u00e9s do\nv\u00eddeo ... <span class=\"more-link\"><a class=\"btn btn-small btn-grey\" href=\"https:\/\/textocon.com\/?p=2114\" title=\"\">Leia mais<\/a><\/span>\n<\/div><\/div><div style=\"display:none;\"><span class=\"date updated published\">julho 22, 2019<\/span><span class=\"vcard author\"><a href=\"https:\/\/textocon.com\/?author=1\" class=\"fn\">admin<\/a><\/span><\/div><\/div><div class=\"post-2106 post type-post status-publish format-standard hentry category-reportagens ui--blog-item clearfix layout--standard\"><div class=\"ui--blog-side ui--blog-date ui--accent-gradient-hover-parent ui--box\"><h3><span class=\"ui--blog-date-day ui--accent-gradient-hover\">28<\/span><\/h3><h6 class=\"ui--blog-date-month ui--gradient ui--gradient-grey\"><span>jun<\/span><span>2019<\/span><\/h6><\/div><div class=\"ui--blog-content-wrapper\"><div class=\"ui--blog-header\"><h5 class=\"ui--blog-title entry-title clearfix\"><a class=\"ui--blog-link\" href=\"https:\/\/textocon.com\/?p=2106\">Lamina\u00e7\u00e3o revoluciona a produ\u00e7\u00e3o de a\u00e7o<\/a><\/h5><div class=\"ui--blog-metas clearfix\"><div class=\"ui--blog-metas-right pull-right\"><span class=\"ui--meta-comment\"><a href=\"https:\/\/textocon.com\/?p=2106#respond\"><i class=\"fontawesome-comment px14\"><\/i> 0<\/a><\/span> <span class=\"ui--blog-separator\">&nbsp;<\/span> <span class=\"ui--meta-like\"><a href=\"#\" class=\"ui--likes\" title=\"Like this\" data-post-id=\"2106\" data-options=\"{&quot;zero&quot;:&quot;&lt;i class=\\&quot;fontawesome-heart px14\\&quot;&gt;&lt;\\\/i&gt; %d&quot;,&quot;one&quot;:&quot;&lt;i class=\\&quot;fontawesome-heart px14\\&quot;&gt;&lt;\\\/i&gt; %d&quot;,&quot;more&quot;:&quot;&lt;i class=\\&quot;fontawesome-heart px14\\&quot;&gt;&lt;\\\/i&gt; %d&quot;}\"><span class=\"ui--likes-count\"><i class=\"fontawesome-heart px14\"><\/i> 0<\/span><\/a><\/span><\/div><div class=\"ui--blog-metas-left\"><span class=\"ui--meta-author\">by <a class=\"vcard author\" href=\"https:\/\/textocon.com\/?author=1\"><span class=\"fn\">admin<\/span><\/a><\/span> <span class=\"ui--blog-separator\">\/<\/span> <span class=\"datetime\"><time class=\"entry-date date updated\" datetime=\"2019-06-28T17:45:51+00:00\" itemprop=\"datePublished\" pubdate>junho 28, 2019<\/time><\/span> <span class=\"ui--blog-separator\">\/<\/span> <span class=\"ui--meta-categories\"><a href=\"https:\/\/textocon.com\/?cat=25\" >Reportagens<\/a><\/span><\/div><\/div><\/div><div class=\"ui--blog-content\">Tecnologia, conhecimento e intelig\u00eancia mercadol\u00f3gica \u2013 tr\u00eas vetores que comandam o espet\u00e1culo da inova\u00e7\u00e3o \u2013 est\u00e3o reconfigurando a performance da siderurgia mundial. \u00c9 o que mostra a principal reportagem da edi\u00e7\u00e3o abril\/maio\/junho, da Revista Digital ABM, cuja coordena\u00e7\u00e3o editorial est\u00e1 a cargo do jornalista Maroni Jo\u00e3o da Silva, s\u00f3cio-diretor da ... <span class=\"more-link\"><a class=\"btn btn-small btn-grey\" href=\"https:\/\/textocon.com\/?p=2106\" title=\"\">Leia mais<\/a><\/span>\n<\/div><\/div><div style=\"display:none;\"><span class=\"date updated published\">junho 28, 2019<\/span><span class=\"vcard author\"><a href=\"https:\/\/textocon.com\/?author=1\" class=\"fn\">admin<\/a><\/span><\/div><\/div><div class=\"post-2102 post type-post status-publish format-standard hentry category-educacao-e-cultura-organizacional ui--blog-item clearfix layout--standard\"><div class=\"ui--blog-side ui--blog-date ui--accent-gradient-hover-parent ui--box\"><h3><span class=\"ui--blog-date-day ui--accent-gradient-hover\">25<\/span><\/h3><h6 class=\"ui--blog-date-month ui--gradient ui--gradient-grey\"><span>jun<\/span><span>2019<\/span><\/h6><\/div><div class=\"ui--blog-content-wrapper\"><div class=\"ui--blog-header\"><h5 class=\"ui--blog-title entry-title clearfix\"><a class=\"ui--blog-link\" href=\"https:\/\/textocon.com\/?p=2102\">O futuro \u00e9 agora, entre na onda profissional<\/a><\/h5><div class=\"ui--blog-metas clearfix\"><div class=\"ui--blog-metas-right pull-right\"><span class=\"ui--meta-comment\"><a href=\"https:\/\/textocon.com\/?p=2102#respond\"><i class=\"fontawesome-comment px14\"><\/i> 0<\/a><\/span> <span class=\"ui--blog-separator\">&nbsp;<\/span> <span class=\"ui--meta-like\"><a href=\"#\" class=\"ui--likes\" title=\"Like this\" data-post-id=\"2102\" data-options=\"{&quot;zero&quot;:&quot;&lt;i class=\\&quot;fontawesome-heart px14\\&quot;&gt;&lt;\\\/i&gt; %d&quot;,&quot;one&quot;:&quot;&lt;i class=\\&quot;fontawesome-heart px14\\&quot;&gt;&lt;\\\/i&gt; %d&quot;,&quot;more&quot;:&quot;&lt;i class=\\&quot;fontawesome-heart px14\\&quot;&gt;&lt;\\\/i&gt; %d&quot;}\"><span class=\"ui--likes-count\"><i class=\"fontawesome-heart px14\"><\/i> 0<\/span><\/a><\/span><\/div><div class=\"ui--blog-metas-left\"><span class=\"ui--meta-author\">by <a class=\"vcard author\" href=\"https:\/\/textocon.com\/?author=1\"><span class=\"fn\">admin<\/span><\/a><\/span> <span class=\"ui--blog-separator\">\/<\/span> <span class=\"datetime\"><time class=\"entry-date date updated\" datetime=\"2019-06-25T18:05:40+00:00\" itemprop=\"datePublished\" pubdate>junho 25, 2019<\/time><\/span> <span class=\"ui--blog-separator\">\/<\/span> <span class=\"ui--meta-categories\"><a href=\"https:\/\/textocon.com\/?cat=26\" >Educa\u00e7\u00e3o e cultura organizacional<\/a><\/span><\/div><\/div><\/div><div class=\"ui--blog-content\">Na era digital, quem quiser entrar no jogo do mercado de trabalho, com chance de vit\u00f3ria, ter\u00e1 que jogar com a tecnologia, usando cabe\u00e7a e cora\u00e7\u00e3o. Por exemplo, ser ousado em suas atitudes, demonstrando habilidades disruptivas para conduzir a bola de forma inovadora. Na hora das finaliza\u00e7\u00f5es, ser proativo, ter ... <span class=\"more-link\"><a class=\"btn btn-small btn-grey\" href=\"https:\/\/textocon.com\/?p=2102\" title=\"\">Leia mais<\/a><\/span>\n<\/div><\/div><div style=\"display:none;\"><span class=\"date updated published\">junho 25, 2019<\/span><span class=\"vcard author\"><a href=\"https:\/\/textocon.com\/?author=1\" class=\"fn\">admin<\/a><\/span><\/div><\/div><div class=\"post-2095 post type-post status-publish format-standard hentry category-educacao-e-cultura-organizacional ui--blog-item clearfix layout--standard\"><div class=\"ui--blog-side ui--blog-date ui--accent-gradient-hover-parent ui--box\"><h3><span class=\"ui--blog-date-day ui--accent-gradient-hover\">03<\/span><\/h3><h6 class=\"ui--blog-date-month ui--gradient ui--gradient-grey\"><span>jun<\/span><span>2019<\/span><\/h6><\/div><div class=\"ui--blog-content-wrapper\"><div class=\"ui--blog-header\"><h5 class=\"ui--blog-title entry-title clearfix\"><a class=\"ui--blog-link\" href=\"https:\/\/textocon.com\/?p=2095\">Sintonia fina entre emissor e receptor (*)<\/a><\/h5><div class=\"ui--blog-metas clearfix\"><div class=\"ui--blog-metas-right pull-right\"><span class=\"ui--meta-comment\"><a href=\"https:\/\/textocon.com\/?p=2095#respond\"><i class=\"fontawesome-comment px14\"><\/i> 0<\/a><\/span> <span class=\"ui--blog-separator\">&nbsp;<\/span> <span class=\"ui--meta-like\"><a href=\"#\" class=\"ui--likes\" title=\"Like this\" data-post-id=\"2095\" data-options=\"{&quot;zero&quot;:&quot;&lt;i class=\\&quot;fontawesome-heart px14\\&quot;&gt;&lt;\\\/i&gt; %d&quot;,&quot;one&quot;:&quot;&lt;i class=\\&quot;fontawesome-heart px14\\&quot;&gt;&lt;\\\/i&gt; %d&quot;,&quot;more&quot;:&quot;&lt;i class=\\&quot;fontawesome-heart px14\\&quot;&gt;&lt;\\\/i&gt; %d&quot;}\"><span class=\"ui--likes-count\"><i class=\"fontawesome-heart px14\"><\/i> 0<\/span><\/a><\/span><\/div><div class=\"ui--blog-metas-left\"><span class=\"ui--meta-author\">by <a class=\"vcard author\" href=\"https:\/\/textocon.com\/?author=1\"><span class=\"fn\">admin<\/span><\/a><\/span> <span class=\"ui--blog-separator\">\/<\/span> <span class=\"datetime\"><time class=\"entry-date date updated\" datetime=\"2019-06-03T14:13:34+00:00\" itemprop=\"datePublished\" pubdate>junho 3, 2019<\/time><\/span> <span class=\"ui--blog-separator\">\/<\/span> <span class=\"ui--meta-categories\"><a href=\"https:\/\/textocon.com\/?cat=26\" >Educa\u00e7\u00e3o e cultura organizacional<\/a><\/span><\/div><\/div><\/div><div class=\"ui--blog-content\">Diante do farto volume de signos e s\u00edmbolos que v\u00eam sendo incorporados ao jarg\u00e3o corporativo,\r\nem plena era da transforma\u00e7\u00e3o digital, parece oportuno refletir sobre essa esp\u00e9cie de c\u00f3digo\r\nlingu\u00edstico frente \u00e0 raz\u00e3o de ser da comunica\u00e7\u00e3o. Levar uma mensagem a Garcia?\r\n\r\nS\u00f3 para exemplificar, tornou-se recorrente, em determinados campos da atividade profissional,\r\nparticularmente ... <span class=\"more-link\"><a class=\"btn btn-small btn-grey\" href=\"https:\/\/textocon.com\/?p=2095\" title=\"\">Leia mais<\/a><\/span>\n<\/div><\/div><div style=\"display:none;\"><span class=\"date updated published\">junho 3, 2019<\/span><span class=\"vcard author\"><a href=\"https:\/\/textocon.com\/?author=1\" class=\"fn\">admin<\/a><\/span><\/div><\/div><div class=\"post-2089 post type-post status-publish format-standard hentry category-educacao-e-cultura-organizacional ui--blog-item clearfix layout--standard\"><div class=\"ui--blog-side ui--blog-date ui--accent-gradient-hover-parent ui--box\"><h3><span class=\"ui--blog-date-day ui--accent-gradient-hover\">06<\/span><\/h3><h6 class=\"ui--blog-date-month ui--gradient ui--gradient-grey\"><span>maio<\/span><span>2019<\/span><\/h6><\/div><div class=\"ui--blog-content-wrapper\"><div class=\"ui--blog-header\"><h5 class=\"ui--blog-title entry-title clearfix\"><a class=\"ui--blog-link\" href=\"https:\/\/textocon.com\/?p=2089\">Como construir um repert\u00f3rio curricular polivalente<\/a><\/h5><div class=\"ui--blog-metas clearfix\"><div class=\"ui--blog-metas-right pull-right\"><span class=\"ui--meta-comment\"><a href=\"https:\/\/textocon.com\/?p=2089#respond\"><i class=\"fontawesome-comment px14\"><\/i> 0<\/a><\/span> <span class=\"ui--blog-separator\">&nbsp;<\/span> <span class=\"ui--meta-like\"><a href=\"#\" class=\"ui--likes\" title=\"Like this\" data-post-id=\"2089\" data-options=\"{&quot;zero&quot;:&quot;&lt;i class=\\&quot;fontawesome-heart px14\\&quot;&gt;&lt;\\\/i&gt; %d&quot;,&quot;one&quot;:&quot;&lt;i class=\\&quot;fontawesome-heart px14\\&quot;&gt;&lt;\\\/i&gt; %d&quot;,&quot;more&quot;:&quot;&lt;i class=\\&quot;fontawesome-heart px14\\&quot;&gt;&lt;\\\/i&gt; %d&quot;}\"><span class=\"ui--likes-count\"><i class=\"fontawesome-heart px14\"><\/i> 0<\/span><\/a><\/span><\/div><div class=\"ui--blog-metas-left\"><span class=\"ui--meta-author\">by <a class=\"vcard author\" href=\"https:\/\/textocon.com\/?author=1\"><span class=\"fn\">admin<\/span><\/a><\/span> <span class=\"ui--blog-separator\">\/<\/span> <span class=\"datetime\"><time class=\"entry-date date updated\" datetime=\"2019-05-06T14:38:36+00:00\" itemprop=\"datePublished\" pubdate>maio 6, 2019<\/time><\/span> <span class=\"ui--blog-separator\">\/<\/span> <span class=\"ui--meta-categories\"><a href=\"https:\/\/textocon.com\/?cat=26\" >Educa\u00e7\u00e3o e cultura organizacional<\/a><\/span><\/div><\/div><\/div><div class=\"ui--blog-content\">Ao observar o imagin\u00e1rio organizacional moderno, constatam-se duas premissas recorrentes sobre a evolu\u00e7\u00e3o recente do mundo corporativo. De um lado, muitas empresas ampliaram seus horizontes, ao flexibilizar o modus operandi, em interface com a globaliza\u00e7\u00e3o; de outro, a integra\u00e7\u00e3o das dimens\u00f5es socioculturais e econ\u00f4micas, atrav\u00e9s do simb\u00f3lico, tornou-se ainda mais ... <span class=\"more-link\"><a class=\"btn btn-small btn-grey\" href=\"https:\/\/textocon.com\/?p=2089\" title=\"\">Leia mais<\/a><\/span>\n<\/div><\/div><div style=\"display:none;\"><span class=\"date updated published\">maio 6, 2019<\/span><span class=\"vcard author\"><a href=\"https:\/\/textocon.com\/?author=1\" class=\"fn\">admin<\/a><\/span><\/div><\/div><div class=\"post-2081 post type-post status-publish format-standard hentry category-artigos ui--blog-item clearfix layout--standard\"><div class=\"ui--blog-side ui--blog-date ui--accent-gradient-hover-parent ui--box\"><h3><span class=\"ui--blog-date-day ui--accent-gradient-hover\">08<\/span><\/h3><h6 class=\"ui--blog-date-month ui--gradient ui--gradient-grey\"><span>abr<\/span><span>2019<\/span><\/h6><\/div><div class=\"ui--blog-content-wrapper\"><div class=\"ui--blog-header\"><h5 class=\"ui--blog-title entry-title clearfix\"><a class=\"ui--blog-link\" href=\"https:\/\/textocon.com\/?p=2081\">Como preparar o RH para a cultura digital<\/a><\/h5><div class=\"ui--blog-metas clearfix\"><div class=\"ui--blog-metas-right pull-right\"><span class=\"ui--meta-comment\"><a href=\"https:\/\/textocon.com\/?p=2081#respond\"><i class=\"fontawesome-comment px14\"><\/i> 0<\/a><\/span> <span class=\"ui--blog-separator\">&nbsp;<\/span> <span class=\"ui--meta-like\"><a href=\"#\" class=\"ui--likes\" title=\"Like this\" data-post-id=\"2081\" data-options=\"{&quot;zero&quot;:&quot;&lt;i class=\\&quot;fontawesome-heart px14\\&quot;&gt;&lt;\\\/i&gt; %d&quot;,&quot;one&quot;:&quot;&lt;i class=\\&quot;fontawesome-heart px14\\&quot;&gt;&lt;\\\/i&gt; %d&quot;,&quot;more&quot;:&quot;&lt;i class=\\&quot;fontawesome-heart px14\\&quot;&gt;&lt;\\\/i&gt; %d&quot;}\"><span class=\"ui--likes-count\"><i class=\"fontawesome-heart px14\"><\/i> 0<\/span><\/a><\/span><\/div><div class=\"ui--blog-metas-left\"><span class=\"ui--meta-author\">by <a class=\"vcard author\" href=\"https:\/\/textocon.com\/?author=1\"><span class=\"fn\">admin<\/span><\/a><\/span> <span class=\"ui--blog-separator\">\/<\/span> <span class=\"datetime\"><time class=\"entry-date date updated\" datetime=\"2019-04-08T20:53:11+00:00\" itemprop=\"datePublished\" pubdate>abril 8, 2019<\/time><\/span> <span class=\"ui--blog-separator\">\/<\/span> <span class=\"ui--meta-categories\"><a href=\"https:\/\/textocon.com\/?cat=13\" >Artigos<\/a><\/span><\/div><\/div><\/div><div class=\"ui--blog-content\">Fornecer subs\u00eddios organizacionais, enriquecendo a reflex\u00e3o sobre a motiva\u00e7\u00e3o de atitudes e\r\ncomportamentos que facilitem a transforma\u00e7\u00e3o digital nas empresas. Este \u00e9 o prop\u00f3sito do artigo\r\nescrito pelo s\u00f3cio-diretor da Textocon, antrop\u00f3logo Maroni Jo\u00e3o da Silva e publicado na edi\u00e7\u00e3o de\r\nmar\u00e7o da revista Gest\u00e3o RH.\r\nO texto orienta as empresas sobre como utilizar-se ... <span class=\"more-link\"><a class=\"btn btn-small btn-grey\" href=\"https:\/\/textocon.com\/?p=2081\" title=\"\">Leia mais<\/a><\/span>\n<\/div><\/div><div style=\"display:none;\"><span class=\"date updated published\">abril 8, 2019<\/span><span class=\"vcard author\"><a href=\"https:\/\/textocon.com\/?author=1\" class=\"fn\">admin<\/a><\/span><\/div><\/div><div class=\"post-2070 post type-post status-publish format-standard hentry category-reportagens ui--blog-item clearfix layout--standard\"><div class=\"ui--blog-side ui--blog-date ui--accent-gradient-hover-parent ui--box\"><h3><span class=\"ui--blog-date-day ui--accent-gradient-hover\">01<\/span><\/h3><h6 class=\"ui--blog-date-month ui--gradient ui--gradient-grey\"><span>abr<\/span><span>2019<\/span><\/h6><\/div><div class=\"ui--blog-content-wrapper\"><div class=\"ui--blog-header\"><h5 class=\"ui--blog-title entry-title clearfix\"><a class=\"ui--blog-link\" href=\"https:\/\/textocon.com\/?p=2070\">Impacto do patrimonialismo sobre a desigualdade social<\/a><\/h5><div class=\"ui--blog-metas clearfix\"><div class=\"ui--blog-metas-right pull-right\"><span class=\"ui--meta-comment\"><a href=\"https:\/\/textocon.com\/?p=2070#respond\"><i class=\"fontawesome-comment px14\"><\/i> 0<\/a><\/span> <span class=\"ui--blog-separator\">&nbsp;<\/span> <span class=\"ui--meta-like\"><a href=\"#\" class=\"ui--likes\" title=\"Like this\" data-post-id=\"2070\" data-options=\"{&quot;zero&quot;:&quot;&lt;i class=\\&quot;fontawesome-heart px14\\&quot;&gt;&lt;\\\/i&gt; %d&quot;,&quot;one&quot;:&quot;&lt;i class=\\&quot;fontawesome-heart px14\\&quot;&gt;&lt;\\\/i&gt; %d&quot;,&quot;more&quot;:&quot;&lt;i class=\\&quot;fontawesome-heart px14\\&quot;&gt;&lt;\\\/i&gt; %d&quot;}\"><span class=\"ui--likes-count\"><i class=\"fontawesome-heart px14\"><\/i> 0<\/span><\/a><\/span><\/div><div class=\"ui--blog-metas-left\"><span class=\"ui--meta-author\">by <a class=\"vcard author\" href=\"https:\/\/textocon.com\/?author=1\"><span class=\"fn\">admin<\/span><\/a><\/span> <span class=\"ui--blog-separator\">\/<\/span> <span class=\"datetime\"><time class=\"entry-date date updated\" datetime=\"2019-04-01T21:18:08+00:00\" itemprop=\"datePublished\" pubdate>abril 1, 2019<\/time><\/span> <span class=\"ui--blog-separator\">\/<\/span> <span class=\"ui--meta-categories\"><a href=\"https:\/\/textocon.com\/?cat=25\" >Reportagens<\/a><\/span><\/div><\/div><\/div><div class=\"ui--blog-content\">No momento que se fala tanto sobre a necessidade de combater privil\u00e9gios, \u00e9 oportuno sugerir \u00e0s\r\ninst\u00e2ncias de poder do Brasil que resgatem historicamente as causas estruturais de alguns desses\r\ndesvios. Essa viagem no tempo \u00e9 essencial para fundamentar a\u00e7\u00f5es pol\u00edticas mais assertivas com\r\nvistas \u00e0 institucionaliza\u00e7\u00e3o da justi\u00e7a social no Pa\u00eds.\r\nA estrat\u00e9gia ... <span class=\"more-link\"><a class=\"btn btn-small btn-grey\" href=\"https:\/\/textocon.com\/?p=2070\" title=\"\">Leia mais<\/a><\/span>\n<\/div><\/div><div style=\"display:none;\"><span class=\"date updated published\">abril 1, 2019<\/span><span class=\"vcard author\"><a href=\"https:\/\/textocon.com\/?author=1\" class=\"fn\">admin<\/a><\/span><\/div><\/div><div class=\"post-2060 post type-post status-publish format-standard hentry category-reportagens ui--blog-item clearfix layout--standard\"><div class=\"ui--blog-side ui--blog-date ui--accent-gradient-hover-parent ui--box\"><h3><span class=\"ui--blog-date-day ui--accent-gradient-hover\">01<\/span><\/h3><h6 class=\"ui--blog-date-month ui--gradient ui--gradient-grey\"><span>abr<\/span><span>2019<\/span><\/h6><\/div><div class=\"ui--blog-content-wrapper\"><div class=\"ui--blog-header\"><h5 class=\"ui--blog-title entry-title clearfix\"><a class=\"ui--blog-link\" href=\"https:\/\/textocon.com\/?p=2060\">Gases do ar reacende estrela conhecida no Brasil<\/a><\/h5><div class=\"ui--blog-metas clearfix\"><div class=\"ui--blog-metas-right pull-right\"><span class=\"ui--meta-comment\"><a href=\"https:\/\/textocon.com\/?p=2060#respond\"><i class=\"fontawesome-comment px14\"><\/i> 0<\/a><\/span> <span class=\"ui--blog-separator\">&nbsp;<\/span> <span class=\"ui--meta-like\"><a href=\"#\" class=\"ui--likes\" title=\"Like this\" data-post-id=\"2060\" data-options=\"{&quot;zero&quot;:&quot;&lt;i class=\\&quot;fontawesome-heart px14\\&quot;&gt;&lt;\\\/i&gt; %d&quot;,&quot;one&quot;:&quot;&lt;i class=\\&quot;fontawesome-heart px14\\&quot;&gt;&lt;\\\/i&gt; %d&quot;,&quot;more&quot;:&quot;&lt;i class=\\&quot;fontawesome-heart px14\\&quot;&gt;&lt;\\\/i&gt; %d&quot;}\"><span class=\"ui--likes-count\"><i class=\"fontawesome-heart px14\"><\/i> 0<\/span><\/a><\/span><\/div><div class=\"ui--blog-metas-left\"><span class=\"ui--meta-author\">by <a class=\"vcard author\" href=\"https:\/\/textocon.com\/?author=1\"><span class=\"fn\">admin<\/span><\/a><\/span> <span class=\"ui--blog-separator\">\/<\/span> <span class=\"datetime\"><time class=\"entry-date date updated\" datetime=\"2019-04-01T17:40:46+00:00\" itemprop=\"datePublished\" pubdate>abril 1, 2019<\/time><\/span> <span class=\"ui--blog-separator\">\/<\/span> <span class=\"ui--meta-categories\"><a href=\"https:\/\/textocon.com\/?cat=25\" >Reportagens<\/a><\/span><\/div><\/div><\/div><div class=\"ui--blog-content\">Com a recente reconfigura\u00e7\u00e3o global do mercado de gases industriais, entra em \u00f3rbita da\r\nconstela\u00e7\u00e3o de gases do ar uma esp\u00e9cie de meteoro disposto a repactuar o brilho das duas\r\nmaiores estrelas desse segmento \u2013 Praxair e Linde \u2013, com mercado quase cativo para seus\r\nprodutos em n\u00edvel mundial.\r\nTrata-se da alem\u00e3 Messer, cuja ... <span class=\"more-link\"><a class=\"btn btn-small btn-grey\" href=\"https:\/\/textocon.com\/?p=2060\" title=\"\">Leia mais<\/a><\/span>\n<\/div><\/div><div style=\"display:none;\"><span class=\"date updated published\">abril 1, 2019<\/span><span class=\"vcard author\"><a href=\"https:\/\/textocon.com\/?author=1\" class=\"fn\">admin<\/a><\/span><\/div><\/div><div class=\"post-2052 post type-post status-publish format-standard hentry category-educacao-e-cultura-organizacional ui--blog-item clearfix layout--standard\"><div class=\"ui--blog-side ui--blog-date ui--accent-gradient-hover-parent ui--box\"><h3><span class=\"ui--blog-date-day ui--accent-gradient-hover\">25<\/span><\/h3><h6 class=\"ui--blog-date-month ui--gradient ui--gradient-grey\"><span>mar<\/span><span>2019<\/span><\/h6><\/div><div class=\"ui--blog-content-wrapper\"><div class=\"ui--blog-header\"><h5 class=\"ui--blog-title entry-title clearfix\"><a class=\"ui--blog-link\" href=\"https:\/\/textocon.com\/?p=2052\">Di\u00e1logo entre teoria e pr\u00e1tica para uma forma\u00e7\u00e3o hol\u00edstica<\/a><\/h5><div class=\"ui--blog-metas clearfix\"><div class=\"ui--blog-metas-right pull-right\"><span class=\"ui--meta-comment\"><a href=\"https:\/\/textocon.com\/?p=2052#respond\"><i class=\"fontawesome-comment px14\"><\/i> 0<\/a><\/span> <span class=\"ui--blog-separator\">&nbsp;<\/span> <span class=\"ui--meta-like\"><a href=\"#\" class=\"ui--likes\" title=\"Like this\" data-post-id=\"2052\" data-options=\"{&quot;zero&quot;:&quot;&lt;i class=\\&quot;fontawesome-heart px14\\&quot;&gt;&lt;\\\/i&gt; %d&quot;,&quot;one&quot;:&quot;&lt;i class=\\&quot;fontawesome-heart px14\\&quot;&gt;&lt;\\\/i&gt; %d&quot;,&quot;more&quot;:&quot;&lt;i class=\\&quot;fontawesome-heart px14\\&quot;&gt;&lt;\\\/i&gt; %d&quot;}\"><span class=\"ui--likes-count\"><i class=\"fontawesome-heart px14\"><\/i> 0<\/span><\/a><\/span><\/div><div class=\"ui--blog-metas-left\"><span class=\"ui--meta-author\">by <a class=\"vcard author\" href=\"https:\/\/textocon.com\/?author=1\"><span class=\"fn\">admin<\/span><\/a><\/span> <span class=\"ui--blog-separator\">\/<\/span> <span class=\"datetime\"><time class=\"entry-date date updated\" datetime=\"2019-03-25T12:45:21+00:00\" itemprop=\"datePublished\" pubdate>mar\u00e7o 25, 2019<\/time><\/span> <span class=\"ui--blog-separator\">\/<\/span> <span class=\"ui--meta-categories\"><a href=\"https:\/\/textocon.com\/?cat=26\" >Educa\u00e7\u00e3o e cultura organizacional<\/a><\/span><\/div><\/div><\/div><div class=\"ui--blog-content\">A necessidade cada vez mais urgente de que a Cultura Organizacional contribua de forma eficaz para um di\u00e1logo consistente entre pr\u00e1tica e teoria, com foco em resultados econ\u00f4micos, motivou a Textocon a se engajar em mais uma frente de produ\u00e7\u00e3o e difus\u00e3o desse conhecimento. \r\n\r\nTrata-se de uma parceria informal com ... <span class=\"more-link\"><a class=\"btn btn-small btn-grey\" href=\"https:\/\/textocon.com\/?p=2052\" title=\"\">Leia mais<\/a><\/span>\n<\/div><\/div><div style=\"display:none;\"><span class=\"date updated published\">mar\u00e7o 25, 2019<\/span><span class=\"vcard author\"><a href=\"https:\/\/textocon.com\/?author=1\" class=\"fn\">admin<\/a><\/span><\/div><\/div><div class=\"post-2046 post type-post status-publish format-standard hentry category-reportagens ui--blog-item clearfix layout--standard\"><div class=\"ui--blog-side ui--blog-date ui--accent-gradient-hover-parent ui--box\"><h3><span class=\"ui--blog-date-day ui--accent-gradient-hover\">25<\/span><\/h3><h6 class=\"ui--blog-date-month ui--gradient ui--gradient-grey\"><span>mar<\/span><span>2019<\/span><\/h6><\/div><div class=\"ui--blog-content-wrapper\"><div class=\"ui--blog-header\"><h5 class=\"ui--blog-title entry-title clearfix\"><a class=\"ui--blog-link\" href=\"https:\/\/textocon.com\/?p=2046\">Atalhos e travessias rumo \u00e0 inova\u00e7\u00e3o<\/a><\/h5><div class=\"ui--blog-metas clearfix\"><div class=\"ui--blog-metas-right pull-right\"><span class=\"ui--meta-comment\"><a href=\"https:\/\/textocon.com\/?p=2046#respond\"><i class=\"fontawesome-comment px14\"><\/i> 0<\/a><\/span> <span class=\"ui--blog-separator\">&nbsp;<\/span> <span class=\"ui--meta-like\"><a href=\"#\" class=\"ui--likes\" title=\"Like this\" data-post-id=\"2046\" data-options=\"{&quot;zero&quot;:&quot;&lt;i class=\\&quot;fontawesome-heart px14\\&quot;&gt;&lt;\\\/i&gt; %d&quot;,&quot;one&quot;:&quot;&lt;i class=\\&quot;fontawesome-heart px14\\&quot;&gt;&lt;\\\/i&gt; %d&quot;,&quot;more&quot;:&quot;&lt;i class=\\&quot;fontawesome-heart px14\\&quot;&gt;&lt;\\\/i&gt; %d&quot;}\"><span class=\"ui--likes-count\"><i class=\"fontawesome-heart px14\"><\/i> 0<\/span><\/a><\/span><\/div><div class=\"ui--blog-metas-left\"><span class=\"ui--meta-author\">by <a class=\"vcard author\" href=\"https:\/\/textocon.com\/?author=1\"><span class=\"fn\">admin<\/span><\/a><\/span> <span class=\"ui--blog-separator\">\/<\/span> <span class=\"datetime\"><time class=\"entry-date date updated\" datetime=\"2019-03-25T12:24:02+00:00\" itemprop=\"datePublished\" pubdate>mar\u00e7o 25, 2019<\/time><\/span> <span class=\"ui--blog-separator\">\/<\/span> <span class=\"ui--meta-categories\"><a href=\"https:\/\/textocon.com\/?cat=25\" >Reportagens<\/a><\/span><\/div><\/div><\/div><div class=\"ui--blog-content\">Flexibilizar normas de relacionamento corporativo, tornando o clima organizacional propenso \u00e0\r\ninova\u00e7\u00e3o representa um passo decisivo para qualquer empresa com vis\u00e3o empreendedora, que\r\nbusque conquistar geografias ainda n\u00e3o desvendada no mercado global. Alinhada \u00e0 incorpora\u00e7\u00e3o\r\nde tecnologias e processos de produ\u00e7\u00e3o disruptivos, esta estrat\u00e9gia facilita o acesso a mapas de\r\nconsumo voltados a produtos ... <span class=\"more-link\"><a class=\"btn btn-small btn-grey\" href=\"https:\/\/textocon.com\/?p=2046\" title=\"\">Leia mais<\/a><\/span>\n<\/div><\/div><div style=\"display:none;\"><span class=\"date updated published\">mar\u00e7o 25, 2019<\/span><span class=\"vcard author\"><a href=\"https:\/\/textocon.com\/?author=1\" class=\"fn\">admin<\/a><\/span><\/div><\/div><div class=\"post-2041 post type-post status-publish format-standard hentry category-produtos-e-servicos ui--blog-item clearfix layout--standard\"><div class=\"ui--blog-side ui--blog-date ui--accent-gradient-hover-parent ui--box\"><h3><span class=\"ui--blog-date-day ui--accent-gradient-hover\">21<\/span><\/h3><h6 class=\"ui--blog-date-month ui--gradient ui--gradient-grey\"><span>jan<\/span><span>2019<\/span><\/h6><\/div><div class=\"ui--blog-content-wrapper\"><div class=\"ui--blog-header\"><h5 class=\"ui--blog-title entry-title clearfix\"><a class=\"ui--blog-link\" href=\"https:\/\/textocon.com\/?p=2041\">Enfatizando o papel do repert\u00f3rio lingu\u00edstico na cultura corporativa<\/a><\/h5><div class=\"ui--blog-metas clearfix\"><div class=\"ui--blog-metas-right pull-right\"><span class=\"ui--meta-comment\"><a href=\"https:\/\/textocon.com\/?p=2041#respond\"><i class=\"fontawesome-comment px14\"><\/i> 0<\/a><\/span> <span class=\"ui--blog-separator\">&nbsp;<\/span> <span class=\"ui--meta-like\"><a href=\"#\" class=\"ui--likes\" title=\"Like this\" data-post-id=\"2041\" data-options=\"{&quot;zero&quot;:&quot;&lt;i class=\\&quot;fontawesome-heart px14\\&quot;&gt;&lt;\\\/i&gt; %d&quot;,&quot;one&quot;:&quot;&lt;i class=\\&quot;fontawesome-heart px14\\&quot;&gt;&lt;\\\/i&gt; %d&quot;,&quot;more&quot;:&quot;&lt;i class=\\&quot;fontawesome-heart px14\\&quot;&gt;&lt;\\\/i&gt; %d&quot;}\"><span class=\"ui--likes-count\"><i class=\"fontawesome-heart px14\"><\/i> 0<\/span><\/a><\/span><\/div><div class=\"ui--blog-metas-left\"><span class=\"ui--meta-author\">by <a class=\"vcard author\" href=\"https:\/\/textocon.com\/?author=1\"><span class=\"fn\">admin<\/span><\/a><\/span> <span class=\"ui--blog-separator\">\/<\/span> <span class=\"datetime\"><time class=\"entry-date date updated\" datetime=\"2019-01-21T21:58:58+00:00\" itemprop=\"datePublished\" pubdate>janeiro 21, 2019<\/time><\/span> <span class=\"ui--blog-separator\">\/<\/span> <span class=\"ui--meta-categories\"><a href=\"https:\/\/textocon.com\/?cat=24\" >Produtos e Servi\u00e7os<\/a><\/span><\/div><\/div><\/div><div class=\"ui--blog-content\">Dentre os efeitos multiplicadores da globaliza\u00e7\u00e3o a cultura e a economia se destacam como\r\nestruturantes de um fluxo de comunica\u00e7\u00e3o corporativa de extrema complexidade e dinamismo no\r\ncotidiano das organiza\u00e7\u00f5es modernas. A forma e conte\u00fado de suas mensagens contribuem para\r\nromper fronteiras internas e externas, refor\u00e7ando o papel do repert\u00f3rio lingu\u00edstico tanto na\r\nintera\u00e7\u00e3o ... <span class=\"more-link\"><a class=\"btn btn-small btn-grey\" href=\"https:\/\/textocon.com\/?p=2041\" title=\"\">Leia mais<\/a><\/span>\n<\/div><\/div><div style=\"display:none;\"><span class=\"date updated published\">janeiro 21, 2019<\/span><span class=\"vcard author\"><a href=\"https:\/\/textocon.com\/?author=1\" class=\"fn\">admin<\/a><\/span><\/div><\/div><div class=\"post-2032 post type-post status-publish format-standard hentry category-consultoria-organizacional ui--blog-item clearfix layout--standard\"><div class=\"ui--blog-side ui--blog-date ui--accent-gradient-hover-parent ui--box\"><h3><span class=\"ui--blog-date-day ui--accent-gradient-hover\">07<\/span><\/h3><h6 class=\"ui--blog-date-month ui--gradient ui--gradient-grey\"><span>jan<\/span><span>2019<\/span><\/h6><\/div><div class=\"ui--blog-content-wrapper\"><div class=\"ui--blog-header\"><h5 class=\"ui--blog-title entry-title clearfix\"><a class=\"ui--blog-link\" href=\"https:\/\/textocon.com\/?p=2032\">Mitigando conflitos relacionais na transforma\u00e7\u00e3o digital<\/a><\/h5><div class=\"ui--blog-metas clearfix\"><div class=\"ui--blog-metas-right pull-right\"><span class=\"ui--meta-comment\"><a href=\"https:\/\/textocon.com\/?p=2032#respond\"><i class=\"fontawesome-comment px14\"><\/i> 0<\/a><\/span> <span class=\"ui--blog-separator\">&nbsp;<\/span> <span class=\"ui--meta-like\"><a href=\"#\" class=\"ui--likes\" title=\"Like this\" data-post-id=\"2032\" data-options=\"{&quot;zero&quot;:&quot;&lt;i class=\\&quot;fontawesome-heart px14\\&quot;&gt;&lt;\\\/i&gt; %d&quot;,&quot;one&quot;:&quot;&lt;i class=\\&quot;fontawesome-heart px14\\&quot;&gt;&lt;\\\/i&gt; %d&quot;,&quot;more&quot;:&quot;&lt;i class=\\&quot;fontawesome-heart px14\\&quot;&gt;&lt;\\\/i&gt; %d&quot;}\"><span class=\"ui--likes-count\"><i class=\"fontawesome-heart px14\"><\/i> 0<\/span><\/a><\/span><\/div><div class=\"ui--blog-metas-left\"><span class=\"ui--meta-author\">by <a class=\"vcard author\" href=\"https:\/\/textocon.com\/?author=1\"><span class=\"fn\">admin<\/span><\/a><\/span> <span class=\"ui--blog-separator\">\/<\/span> <span class=\"datetime\"><time class=\"entry-date date updated\" datetime=\"2019-01-07T14:42:05+00:00\" itemprop=\"datePublished\" pubdate>janeiro 7, 2019<\/time><\/span> <span class=\"ui--blog-separator\">\/<\/span> <span class=\"ui--meta-categories\"><a href=\"https:\/\/textocon.com\/?cat=30\" >Consultoria organizacional<\/a><\/span><\/div><\/div><\/div><div class=\"ui--blog-content\">Preocupados, talvez, diante da necessidade de se alinharem \u00e0s tend\u00eancias inovadoras do\r\nmundo corporativo, muitos empres\u00e1rios e executivos devem se perguntar sobre como\r\nconstruir uma plataforma inteligente que d\u00ea suporte institucional \u00e0 \u201ccultura digital\u201d. Trata-se\r\nde um assunto ainda recente dentre as pautas que v\u00eam ganhando espa\u00e7o no meio\r\nempresarial, em n\u00edvel global. A ... <span class=\"more-link\"><a class=\"btn btn-small btn-grey\" href=\"https:\/\/textocon.com\/?p=2032\" title=\"\">Leia mais<\/a><\/span>\n<\/div><\/div><div style=\"display:none;\"><span class=\"date updated published\">janeiro 7, 2019<\/span><span class=\"vcard author\"><a href=\"https:\/\/textocon.com\/?author=1\" class=\"fn\">admin<\/a><\/span><\/div><\/div><div class=\"post-2029 post type-post status-publish format-standard hentry category-educacao-e-cultura-organizacional ui--blog-item clearfix layout--standard\"><div class=\"ui--blog-side ui--blog-date ui--accent-gradient-hover-parent ui--box\"><h3><span class=\"ui--blog-date-day ui--accent-gradient-hover\">07<\/span><\/h3><h6 class=\"ui--blog-date-month ui--gradient ui--gradient-grey\"><span>jan<\/span><span>2019<\/span><\/h6><\/div><div class=\"ui--blog-content-wrapper\"><div class=\"ui--blog-header\"><h5 class=\"ui--blog-title entry-title clearfix\"><a class=\"ui--blog-link\" href=\"https:\/\/textocon.com\/?p=2029\">Papel das experi\u00eancias afetivo-culturais nas rela\u00e7\u00f5es corporativas<\/a><\/h5><div class=\"ui--blog-metas clearfix\"><div class=\"ui--blog-metas-right pull-right\"><span class=\"ui--meta-comment\"><a href=\"https:\/\/textocon.com\/?p=2029#respond\"><i class=\"fontawesome-comment px14\"><\/i> 0<\/a><\/span> <span class=\"ui--blog-separator\">&nbsp;<\/span> <span class=\"ui--meta-like\"><a href=\"#\" class=\"ui--likes\" title=\"Like this\" data-post-id=\"2029\" data-options=\"{&quot;zero&quot;:&quot;&lt;i class=\\&quot;fontawesome-heart px14\\&quot;&gt;&lt;\\\/i&gt; %d&quot;,&quot;one&quot;:&quot;&lt;i class=\\&quot;fontawesome-heart px14\\&quot;&gt;&lt;\\\/i&gt; %d&quot;,&quot;more&quot;:&quot;&lt;i class=\\&quot;fontawesome-heart px14\\&quot;&gt;&lt;\\\/i&gt; %d&quot;}\"><span class=\"ui--likes-count\"><i class=\"fontawesome-heart px14\"><\/i> 0<\/span><\/a><\/span><\/div><div class=\"ui--blog-metas-left\"><span class=\"ui--meta-author\">by <a class=\"vcard author\" href=\"https:\/\/textocon.com\/?author=1\"><span class=\"fn\">admin<\/span><\/a><\/span> <span class=\"ui--blog-separator\">\/<\/span> <span class=\"datetime\"><time class=\"entry-date date updated\" datetime=\"2019-01-07T14:22:48+00:00\" itemprop=\"datePublished\" pubdate>janeiro 7, 2019<\/time><\/span> <span class=\"ui--blog-separator\">\/<\/span> <span class=\"ui--meta-categories\"><a href=\"https:\/\/textocon.com\/?cat=26\" >Educa\u00e7\u00e3o e cultura organizacional<\/a><\/span><\/div><\/div><\/div><div class=\"ui--blog-content\">Num cen\u00e1rio macroecon\u00f4mico de intensas mudan\u00e7as, em que a gest\u00e3o dos neg\u00f3cios busca\r\nassociar-se \u00e0 identifica\u00e7\u00e3o de sentimentos, a Cultura Organizacional assume um papel de destaque\r\nna difus\u00e3o de valores\u00a0 alinhados aos fundamentos institucionais. Tradi\u00e7\u00f5es, confraterniza\u00e7\u00f5es e\r\nhist\u00f3rias ligadas ao cotidiano das empresas tornam-se inspiradoras de a\u00e7\u00f5es que repercutem\r\npositivamente no desempenho dos recursos ... <span class=\"more-link\"><a class=\"btn btn-small btn-grey\" href=\"https:\/\/textocon.com\/?p=2029\" title=\"\">Leia mais<\/a><\/span>\n<\/div><\/div><div style=\"display:none;\"><span class=\"date updated published\">janeiro 7, 2019<\/span><span class=\"vcard author\"><a href=\"https:\/\/textocon.com\/?author=1\" class=\"fn\">admin<\/a><\/span><\/div><\/div><div class=\"post-2024 post type-post status-publish format-standard hentry category-reportagens ui--blog-item clearfix layout--standard\"><div class=\"ui--blog-side ui--blog-date ui--accent-gradient-hover-parent ui--box\"><h3><span class=\"ui--blog-date-day ui--accent-gradient-hover\">16<\/span><\/h3><h6 class=\"ui--blog-date-month ui--gradient ui--gradient-grey\"><span>dez<\/span><span>2018<\/span><\/h6><\/div><div class=\"ui--blog-content-wrapper\"><div class=\"ui--blog-header\"><h5 class=\"ui--blog-title entry-title clearfix\"><a class=\"ui--blog-link\" href=\"https:\/\/textocon.com\/?p=2024\">Redu\u00e7\u00e3o da pegada de carbono ganha for\u00e7a na siderurgia<\/a><\/h5><div class=\"ui--blog-metas clearfix\"><div class=\"ui--blog-metas-right pull-right\"><span class=\"ui--meta-comment\"><a href=\"https:\/\/textocon.com\/?p=2024#respond\"><i class=\"fontawesome-comment px14\"><\/i> 0<\/a><\/span> <span class=\"ui--blog-separator\">&nbsp;<\/span> <span class=\"ui--meta-like\"><a href=\"#\" class=\"ui--likes\" title=\"Like this\" data-post-id=\"2024\" data-options=\"{&quot;zero&quot;:&quot;&lt;i class=\\&quot;fontawesome-heart px14\\&quot;&gt;&lt;\\\/i&gt; %d&quot;,&quot;one&quot;:&quot;&lt;i class=\\&quot;fontawesome-heart px14\\&quot;&gt;&lt;\\\/i&gt; %d&quot;,&quot;more&quot;:&quot;&lt;i class=\\&quot;fontawesome-heart px14\\&quot;&gt;&lt;\\\/i&gt; %d&quot;}\"><span class=\"ui--likes-count\"><i class=\"fontawesome-heart px14\"><\/i> 0<\/span><\/a><\/span><\/div><div class=\"ui--blog-metas-left\"><span class=\"ui--meta-author\">by <a class=\"vcard author\" href=\"https:\/\/textocon.com\/?author=1\"><span class=\"fn\">admin<\/span><\/a><\/span> <span class=\"ui--blog-separator\">\/<\/span> <span class=\"datetime\"><time class=\"entry-date date updated\" datetime=\"2018-12-16T13:18:31+00:00\" itemprop=\"datePublished\" pubdate>dezembro 16, 2018<\/time><\/span> <span class=\"ui--blog-separator\">\/<\/span> <span class=\"ui--meta-categories\"><a href=\"https:\/\/textocon.com\/?cat=25\" >Reportagens<\/a><\/span><\/div><\/div><\/div><div class=\"ui--blog-content\">Fornecedores de tecnologia e produtores de a\u00e7o da Europa v\u00eam sendo desafiados a buscar a\r\nredu\u00e7\u00e3o das emiss\u00f5es de gases de efeito estufa na atmosfera, piv\u00f4 do aquecimento global. As\r\ninova\u00e7\u00f5es em estudo ou j\u00e1 em est\u00e1gio de planta-piloto na Alemanha, \u00c1ustria e B\u00e9lgica, por\r\nexemplo, fundamentam-se em dois vetores: convers\u00e3o de gases ... <span class=\"more-link\"><a class=\"btn btn-small btn-grey\" href=\"https:\/\/textocon.com\/?p=2024\" title=\"\">Leia mais<\/a><\/span>\n<\/div><\/div><div style=\"display:none;\"><span class=\"date updated published\">dezembro 16, 2018<\/span><span class=\"vcard author\"><a href=\"https:\/\/textocon.com\/?author=1\" class=\"fn\">admin<\/a><\/span><\/div><\/div><div class=\"post-2012 post type-post status-publish format-standard hentry category-reportagens ui--blog-item clearfix layout--standard\"><div class=\"ui--blog-side ui--blog-date ui--accent-gradient-hover-parent ui--box\"><h3><span class=\"ui--blog-date-day ui--accent-gradient-hover\">03<\/span><\/h3><h6 class=\"ui--blog-date-month ui--gradient ui--gradient-grey\"><span>dez<\/span><span>2018<\/span><\/h6><\/div><div class=\"ui--blog-content-wrapper\"><div class=\"ui--blog-header\"><h5 class=\"ui--blog-title entry-title clearfix\"><a class=\"ui--blog-link\" href=\"https:\/\/textocon.com\/?p=2012\">Dando asas \u00e0 imagina\u00e7\u00e3o<\/a><\/h5><div class=\"ui--blog-metas clearfix\"><div class=\"ui--blog-metas-right pull-right\"><span class=\"ui--meta-comment\"><a href=\"https:\/\/textocon.com\/?p=2012#respond\"><i class=\"fontawesome-comment px14\"><\/i> 0<\/a><\/span> <span class=\"ui--blog-separator\">&nbsp;<\/span> <span class=\"ui--meta-like\"><a href=\"#\" class=\"ui--likes\" title=\"Like this\" data-post-id=\"2012\" data-options=\"{&quot;zero&quot;:&quot;&lt;i class=\\&quot;fontawesome-heart px14\\&quot;&gt;&lt;\\\/i&gt; %d&quot;,&quot;one&quot;:&quot;&lt;i class=\\&quot;fontawesome-heart px14\\&quot;&gt;&lt;\\\/i&gt; %d&quot;,&quot;more&quot;:&quot;&lt;i class=\\&quot;fontawesome-heart px14\\&quot;&gt;&lt;\\\/i&gt; %d&quot;}\"><span class=\"ui--likes-count\"><i class=\"fontawesome-heart px14\"><\/i> 0<\/span><\/a><\/span><\/div><div class=\"ui--blog-metas-left\"><span class=\"ui--meta-author\">by <a class=\"vcard author\" href=\"https:\/\/textocon.com\/?author=1\"><span class=\"fn\">admin<\/span><\/a><\/span> <span class=\"ui--blog-separator\">\/<\/span> <span class=\"datetime\"><time class=\"entry-date date updated\" datetime=\"2018-12-03T14:24:47+00:00\" itemprop=\"datePublished\" pubdate>dezembro 3, 2018<\/time><\/span> <span class=\"ui--blog-separator\">\/<\/span> <span class=\"ui--meta-categories\"><a href=\"https:\/\/textocon.com\/?cat=25\" >Reportagens<\/a><\/span><\/div><\/div><\/div><div class=\"ui--blog-content\">Enquanto as saudosas Olivettis ou Remingtons ainda s\u00e3o cultuadas em c\u00edrculos liter\u00e1rios\r\napegados ao teclado mec\u00e2nico, sofisticadas impressoras atuam em ritmo de 4\u00aa Revolu\u00e7\u00e3o\r\nIndustrial. Gra\u00e7as a essa quebra de paradigma, um modelo tridimensional criado por sucessivas\r\ncamadas de material torna realidade praticamente quaisquer inova\u00e7\u00f5es que a imagina\u00e7\u00e3o humana\r\nfor capaz de idealizar.\r\nA chamada ... <span class=\"more-link\"><a class=\"btn btn-small btn-grey\" href=\"https:\/\/textocon.com\/?p=2012\" title=\"\">Leia mais<\/a><\/span>\n<\/div><\/div><div style=\"display:none;\"><span class=\"date updated published\">dezembro 3, 2018<\/span><span class=\"vcard author\"><a href=\"https:\/\/textocon.com\/?author=1\" class=\"fn\">admin<\/a><\/span><\/div><\/div><div class=\"post-2009 post type-post status-publish format-standard hentry category-reportagens ui--blog-item clearfix layout--standard\"><div class=\"ui--blog-side ui--blog-date ui--accent-gradient-hover-parent ui--box\"><h3><span class=\"ui--blog-date-day ui--accent-gradient-hover\">03<\/span><\/h3><h6 class=\"ui--blog-date-month ui--gradient ui--gradient-grey\"><span>dez<\/span><span>2018<\/span><\/h6><\/div><div class=\"ui--blog-content-wrapper\"><div class=\"ui--blog-header\"><h5 class=\"ui--blog-title entry-title clearfix\"><a class=\"ui--blog-link\" href=\"https:\/\/textocon.com\/?p=2009\">Mitigando os riscos do aquecimento global<\/a><\/h5><div class=\"ui--blog-metas clearfix\"><div class=\"ui--blog-metas-right pull-right\"><span class=\"ui--meta-comment\"><a href=\"https:\/\/textocon.com\/?p=2009#respond\"><i class=\"fontawesome-comment px14\"><\/i> 0<\/a><\/span> <span class=\"ui--blog-separator\">&nbsp;<\/span> <span class=\"ui--meta-like\"><a href=\"#\" class=\"ui--likes\" title=\"Like this\" data-post-id=\"2009\" data-options=\"{&quot;zero&quot;:&quot;&lt;i class=\\&quot;fontawesome-heart px14\\&quot;&gt;&lt;\\\/i&gt; %d&quot;,&quot;one&quot;:&quot;&lt;i class=\\&quot;fontawesome-heart px14\\&quot;&gt;&lt;\\\/i&gt; %d&quot;,&quot;more&quot;:&quot;&lt;i class=\\&quot;fontawesome-heart px14\\&quot;&gt;&lt;\\\/i&gt; %d&quot;}\"><span class=\"ui--likes-count\"><i class=\"fontawesome-heart px14\"><\/i> 0<\/span><\/a><\/span><\/div><div class=\"ui--blog-metas-left\"><span class=\"ui--meta-author\">by <a class=\"vcard author\" href=\"https:\/\/textocon.com\/?author=1\"><span class=\"fn\">admin<\/span><\/a><\/span> <span class=\"ui--blog-separator\">\/<\/span> <span class=\"datetime\"><time class=\"entry-date date updated\" datetime=\"2018-12-03T13:03:09+00:00\" itemprop=\"datePublished\" pubdate>dezembro 3, 2018<\/time><\/span> <span class=\"ui--blog-separator\">\/<\/span> <span class=\"ui--meta-categories\"><a href=\"https:\/\/textocon.com\/?cat=25\" >Reportagens<\/a><\/span><\/div><\/div><\/div><div class=\"ui--blog-content\">Turbinada pela necessidade de reduzir as emiss\u00f5es de carbono na atmosfera, a pesquisa cient\u00edfica\r\naplicada vem produzindo efeitos significativos no Brasil, em prol da sustentabilidade ambiental.\r\nDentre as inova\u00e7\u00f5es destaca-se a possibilidade de transformar o CO 2 , piv\u00f4 do aquecimento global,\r\nem produtos qu\u00edmicos, com diversas aplica\u00e7\u00f5es na cadeia de valor da ... <span class=\"more-link\"><a class=\"btn btn-small btn-grey\" href=\"https:\/\/textocon.com\/?p=2009\" title=\"\">Leia mais<\/a><\/span>\n<\/div><\/div><div style=\"display:none;\"><span class=\"date updated published\">dezembro 3, 2018<\/span><span class=\"vcard author\"><a href=\"https:\/\/textocon.com\/?author=1\" class=\"fn\">admin<\/a><\/span><\/div><\/div><div class=\"post-2005 post type-post status-publish format-standard hentry category-consultoria-organizacional ui--blog-item clearfix layout--standard\"><div class=\"ui--blog-side ui--blog-date ui--accent-gradient-hover-parent ui--box\"><h3><span class=\"ui--blog-date-day ui--accent-gradient-hover\">03<\/span><\/h3><h6 class=\"ui--blog-date-month ui--gradient ui--gradient-grey\"><span>dez<\/span><span>2018<\/span><\/h6><\/div><div class=\"ui--blog-content-wrapper\"><div class=\"ui--blog-header\"><h5 class=\"ui--blog-title entry-title clearfix\"><a class=\"ui--blog-link\" href=\"https:\/\/textocon.com\/?p=2005\">Como o vi\u00e9s cultural facilita a transforma\u00e7\u00e3o digital<\/a><\/h5><div class=\"ui--blog-metas clearfix\"><div class=\"ui--blog-metas-right pull-right\"><span class=\"ui--meta-comment\"><a href=\"https:\/\/textocon.com\/?p=2005#respond\"><i class=\"fontawesome-comment px14\"><\/i> 0<\/a><\/span> <span class=\"ui--blog-separator\">&nbsp;<\/span> <span class=\"ui--meta-like\"><a href=\"#\" class=\"ui--likes\" title=\"Like this\" data-post-id=\"2005\" data-options=\"{&quot;zero&quot;:&quot;&lt;i class=\\&quot;fontawesome-heart px14\\&quot;&gt;&lt;\\\/i&gt; %d&quot;,&quot;one&quot;:&quot;&lt;i class=\\&quot;fontawesome-heart px14\\&quot;&gt;&lt;\\\/i&gt; %d&quot;,&quot;more&quot;:&quot;&lt;i class=\\&quot;fontawesome-heart px14\\&quot;&gt;&lt;\\\/i&gt; %d&quot;}\"><span class=\"ui--likes-count\"><i class=\"fontawesome-heart px14\"><\/i> 0<\/span><\/a><\/span><\/div><div class=\"ui--blog-metas-left\"><span class=\"ui--meta-author\">by <a class=\"vcard author\" href=\"https:\/\/textocon.com\/?author=1\"><span class=\"fn\">admin<\/span><\/a><\/span> <span class=\"ui--blog-separator\">\/<\/span> <span class=\"datetime\"><time class=\"entry-date date updated\" datetime=\"2018-12-03T12:46:54+00:00\" itemprop=\"datePublished\" pubdate>dezembro 3, 2018<\/time><\/span> <span class=\"ui--blog-separator\">\/<\/span> <span class=\"ui--meta-categories\"><a href=\"https:\/\/textocon.com\/?cat=30\" >Consultoria organizacional<\/a><\/span><\/div><\/div><\/div><div class=\"ui--blog-content\">Ao mesmo tempo em que a Ind\u00fastria 4.0 ganha espa\u00e7o em segmentos de ponta do setor produtivo\r\nbrasileiro, crescem as expectativas sobre como as organiza\u00e7\u00f5es devem se reposicionar diante do\r\nnovo cen\u00e1rio. A Textocon prop\u00f5e uma metodologia de a\u00e7\u00e3o com foco em cultura organizacional,\r\nvisando facilitar a implementa\u00e7\u00e3o dos conceitos dessa nova tecnologia. ... <span class=\"more-link\"><a class=\"btn btn-small btn-grey\" href=\"https:\/\/textocon.com\/?p=2005\" title=\"\">Leia mais<\/a><\/span>\n<\/div><\/div><div style=\"display:none;\"><span class=\"date updated published\">dezembro 3, 2018<\/span><span class=\"vcard author\"><a href=\"https:\/\/textocon.com\/?author=1\" class=\"fn\">admin<\/a><\/span><\/div><\/div><div class=\"post-2000 post type-post status-publish format-standard hentry category-educacao-e-cultura-organizacional ui--blog-item clearfix layout--standard\"><div class=\"ui--blog-side ui--blog-date ui--accent-gradient-hover-parent ui--box\"><h3><span class=\"ui--blog-date-day ui--accent-gradient-hover\">22<\/span><\/h3><h6 class=\"ui--blog-date-month ui--gradient ui--gradient-grey\"><span>out<\/span><span>2018<\/span><\/h6><\/div><div class=\"ui--blog-content-wrapper\"><div class=\"ui--blog-header\"><h5 class=\"ui--blog-title entry-title clearfix\"><a class=\"ui--blog-link\" href=\"https:\/\/textocon.com\/?p=2000\">Como cultuar uma rela\u00e7\u00e3o de excel\u00eancia com os PJs<\/a><\/h5><div class=\"ui--blog-metas clearfix\"><div class=\"ui--blog-metas-right pull-right\"><span class=\"ui--meta-comment\"><a href=\"https:\/\/textocon.com\/?p=2000#respond\"><i class=\"fontawesome-comment px14\"><\/i> 0<\/a><\/span> <span class=\"ui--blog-separator\">&nbsp;<\/span> <span class=\"ui--meta-like\"><a href=\"#\" class=\"ui--likes\" title=\"Like this\" data-post-id=\"2000\" data-options=\"{&quot;zero&quot;:&quot;&lt;i class=\\&quot;fontawesome-heart px14\\&quot;&gt;&lt;\\\/i&gt; %d&quot;,&quot;one&quot;:&quot;&lt;i class=\\&quot;fontawesome-heart px14\\&quot;&gt;&lt;\\\/i&gt; %d&quot;,&quot;more&quot;:&quot;&lt;i class=\\&quot;fontawesome-heart px14\\&quot;&gt;&lt;\\\/i&gt; %d&quot;}\"><span class=\"ui--likes-count\"><i class=\"fontawesome-heart px14\"><\/i> 0<\/span><\/a><\/span><\/div><div class=\"ui--blog-metas-left\"><span class=\"ui--meta-author\">by <a class=\"vcard author\" href=\"https:\/\/textocon.com\/?author=1\"><span class=\"fn\">admin<\/span><\/a><\/span> <span class=\"ui--blog-separator\">\/<\/span> <span class=\"datetime\"><time class=\"entry-date date updated\" datetime=\"2018-10-22T12:45:16+00:00\" itemprop=\"datePublished\" pubdate>outubro 22, 2018<\/time><\/span> <span class=\"ui--blog-separator\">\/<\/span> <span class=\"ui--meta-categories\"><a href=\"https:\/\/textocon.com\/?cat=26\" >Educa\u00e7\u00e3o e cultura organizacional<\/a><\/span><\/div><\/div><\/div><div class=\"ui--blog-content\">Dentre as inova\u00e7\u00f5es da legisla\u00e7\u00e3o trabalhista em vigor no Brasil, uma das que merecem\r\naten\u00e7\u00e3o redobrada, no contexto da cultura organizacional, \u00e9 o \u201caut\u00f4nomo exclusivo\u201d.\r\nLegalmente conceituado como algu\u00e9m que exerce uma atividade remunerada e cont\u00ednua para\r\numa \u00fanica empresa, esse profissional n\u00e3o tem v\u00ednculo formal com seu \u201cempregador\u201d. Em\r\noutras palavras caracteriza os ... <span class=\"more-link\"><a class=\"btn btn-small btn-grey\" href=\"https:\/\/textocon.com\/?p=2000\" title=\"\">Leia mais<\/a><\/span>\n<\/div><\/div><div style=\"display:none;\"><span class=\"date updated published\">outubro 22, 2018<\/span><span class=\"vcard author\"><a href=\"https:\/\/textocon.com\/?author=1\" class=\"fn\">admin<\/a><\/span><\/div><\/div><div class=\"post-1991 post type-post status-publish format-standard hentry category-reportagens ui--blog-item clearfix layout--standard\"><div class=\"ui--blog-side ui--blog-date ui--accent-gradient-hover-parent ui--box\"><h3><span class=\"ui--blog-date-day ui--accent-gradient-hover\">24<\/span><\/h3><h6 class=\"ui--blog-date-month ui--gradient ui--gradient-grey\"><span>set<\/span><span>2018<\/span><\/h6><\/div><div class=\"ui--blog-content-wrapper\"><div class=\"ui--blog-header\"><h5 class=\"ui--blog-title entry-title clearfix\"><a class=\"ui--blog-link\" href=\"https:\/\/textocon.com\/?p=1991\">Sem magia nem vit\u00f3ria f\u00e1cil<\/a><\/h5><div class=\"ui--blog-metas clearfix\"><div class=\"ui--blog-metas-right pull-right\"><span class=\"ui--meta-comment\"><a href=\"https:\/\/textocon.com\/?p=1991#respond\"><i class=\"fontawesome-comment px14\"><\/i> 0<\/a><\/span> <span class=\"ui--blog-separator\">&nbsp;<\/span> <span class=\"ui--meta-like\"><a href=\"#\" class=\"ui--likes\" title=\"Like this\" data-post-id=\"1991\" data-options=\"{&quot;zero&quot;:&quot;&lt;i class=\\&quot;fontawesome-heart px14\\&quot;&gt;&lt;\\\/i&gt; %d&quot;,&quot;one&quot;:&quot;&lt;i class=\\&quot;fontawesome-heart px14\\&quot;&gt;&lt;\\\/i&gt; %d&quot;,&quot;more&quot;:&quot;&lt;i class=\\&quot;fontawesome-heart px14\\&quot;&gt;&lt;\\\/i&gt; %d&quot;}\"><span class=\"ui--likes-count\"><i class=\"fontawesome-heart px14\"><\/i> 0<\/span><\/a><\/span><\/div><div class=\"ui--blog-metas-left\"><span class=\"ui--meta-author\">by <a class=\"vcard author\" href=\"https:\/\/textocon.com\/?author=1\"><span class=\"fn\">admin<\/span><\/a><\/span> <span class=\"ui--blog-separator\">\/<\/span> <span class=\"datetime\"><time class=\"entry-date date updated\" datetime=\"2018-09-24T11:46:16+00:00\" itemprop=\"datePublished\" pubdate>setembro 24, 2018<\/time><\/span> <span class=\"ui--blog-separator\">\/<\/span> <span class=\"ui--meta-categories\"><a href=\"https:\/\/textocon.com\/?cat=25\" >Reportagens<\/a><\/span><\/div><\/div><\/div><div class=\"ui--blog-content\">Dentre as press\u00f5es de mercado a que as empresas est\u00e3o sujeitas hoje, destaca-se a escolha de\r\ntecnologias disruptivas e de pessoas intuitivas que fa\u00e7am a diferen\u00e7a na conquista de novos\r\nnichos de neg\u00f3cio. N\u00e3o existe um formato mirabolante capaz de remover gargalos\r\noperacionais a toque de m\u00e1gica nem vit\u00f3ria f\u00e1cil na disputa com ... <span class=\"more-link\"><a class=\"btn btn-small btn-grey\" href=\"https:\/\/textocon.com\/?p=1991\" title=\"\">Leia mais<\/a><\/span>\n<\/div><\/div><div style=\"display:none;\"><span class=\"date updated published\">setembro 24, 2018<\/span><span class=\"vcard author\"><a href=\"https:\/\/textocon.com\/?author=1\" class=\"fn\">admin<\/a><\/span><\/div><\/div><div class=\"post-1976 post type-post status-publish format-standard hentry category-educacao-e-cultura-organizacional ui--blog-item clearfix layout--standard\"><div class=\"ui--blog-side ui--blog-date ui--accent-gradient-hover-parent ui--box\"><h3><span class=\"ui--blog-date-day ui--accent-gradient-hover\">20<\/span><\/h3><h6 class=\"ui--blog-date-month ui--gradient ui--gradient-grey\"><span>set<\/span><span>2018<\/span><\/h6><\/div><div class=\"ui--blog-content-wrapper\"><div class=\"ui--blog-header\"><h5 class=\"ui--blog-title entry-title clearfix\"><a class=\"ui--blog-link\" href=\"https:\/\/textocon.com\/?p=1976\">Transformando qualifica\u00e7\u00e3o em competitividade<\/a><\/h5><div class=\"ui--blog-metas clearfix\"><div class=\"ui--blog-metas-right pull-right\"><span class=\"ui--meta-comment\"><a href=\"https:\/\/textocon.com\/?p=1976#respond\"><i class=\"fontawesome-comment px14\"><\/i> 0<\/a><\/span> <span class=\"ui--blog-separator\">&nbsp;<\/span> <span class=\"ui--meta-like\"><a href=\"#\" class=\"ui--likes\" title=\"Like this\" data-post-id=\"1976\" data-options=\"{&quot;zero&quot;:&quot;&lt;i class=\\&quot;fontawesome-heart px14\\&quot;&gt;&lt;\\\/i&gt; %d&quot;,&quot;one&quot;:&quot;&lt;i class=\\&quot;fontawesome-heart px14\\&quot;&gt;&lt;\\\/i&gt; %d&quot;,&quot;more&quot;:&quot;&lt;i class=\\&quot;fontawesome-heart px14\\&quot;&gt;&lt;\\\/i&gt; %d&quot;}\"><span class=\"ui--likes-count\"><i class=\"fontawesome-heart px14\"><\/i> 0<\/span><\/a><\/span><\/div><div class=\"ui--blog-metas-left\"><span class=\"ui--meta-author\">by <a class=\"vcard author\" href=\"https:\/\/textocon.com\/?author=1\"><span class=\"fn\">admin<\/span><\/a><\/span> <span class=\"ui--blog-separator\">\/<\/span> <span class=\"datetime\"><time class=\"entry-date date updated\" datetime=\"2018-09-20T14:18:47+00:00\" itemprop=\"datePublished\" pubdate>setembro 20, 2018<\/time><\/span> <span class=\"ui--blog-separator\">\/<\/span> <span class=\"ui--meta-categories\"><a href=\"https:\/\/textocon.com\/?cat=26\" >Educa\u00e7\u00e3o e cultura organizacional<\/a><\/span><\/div><\/div><\/div><div class=\"ui--blog-content\">Em um cen\u00e1rio onde a previsibilidade perde espa\u00e7o para as incertezas globais, as empresas\r\nquerem profissionais motivados e preparados para a supera\u00e7\u00e3o. Nesse contexto, o\r\nconhecimento t\u00e9cnico continua sendo essencial, mas h\u00e1 uma demanda maior por pessoas\r\ncom atitudes inspiradoras capazes de disseminar relacionamentos colaborativos.\r\nPara isso ocurr\u00edculo e a experi\u00eancia de candidatos a ... <span class=\"more-link\"><a class=\"btn btn-small btn-grey\" href=\"https:\/\/textocon.com\/?p=1976\" title=\"\">Leia mais<\/a><\/span>\n<\/div><\/div><div style=\"display:none;\"><span class=\"date updated published\">setembro 20, 2018<\/span><span class=\"vcard author\"><a href=\"https:\/\/textocon.com\/?author=1\" class=\"fn\">admin<\/a><\/span><\/div><\/div><div class=\"post-1968 post type-post status-publish format-standard hentry category-reportagens ui--blog-item clearfix layout--standard\"><div class=\"ui--blog-side ui--blog-date ui--accent-gradient-hover-parent ui--box\"><h3><span class=\"ui--blog-date-day ui--accent-gradient-hover\">17<\/span><\/h3><h6 class=\"ui--blog-date-month ui--gradient ui--gradient-grey\"><span>set<\/span><span>2018<\/span><\/h6><\/div><div class=\"ui--blog-content-wrapper\"><div class=\"ui--blog-header\"><h5 class=\"ui--blog-title entry-title clearfix\"><a class=\"ui--blog-link\" href=\"https:\/\/textocon.com\/?p=1968\">Vida moderna e cultura do consumo<\/a><\/h5><div class=\"ui--blog-metas clearfix\"><div class=\"ui--blog-metas-right pull-right\"><span class=\"ui--meta-comment\"><a href=\"https:\/\/textocon.com\/?p=1968#respond\"><i class=\"fontawesome-comment px14\"><\/i> 0<\/a><\/span> <span class=\"ui--blog-separator\">&nbsp;<\/span> <span class=\"ui--meta-like\"><a href=\"#\" class=\"ui--likes\" title=\"Like this\" data-post-id=\"1968\" data-options=\"{&quot;zero&quot;:&quot;&lt;i class=\\&quot;fontawesome-heart px14\\&quot;&gt;&lt;\\\/i&gt; %d&quot;,&quot;one&quot;:&quot;&lt;i class=\\&quot;fontawesome-heart px14\\&quot;&gt;&lt;\\\/i&gt; %d&quot;,&quot;more&quot;:&quot;&lt;i class=\\&quot;fontawesome-heart px14\\&quot;&gt;&lt;\\\/i&gt; %d&quot;}\"><span class=\"ui--likes-count\"><i class=\"fontawesome-heart px14\"><\/i> 0<\/span><\/a><\/span><\/div><div class=\"ui--blog-metas-left\"><span class=\"ui--meta-author\">by <a class=\"vcard author\" href=\"https:\/\/textocon.com\/?author=1\"><span class=\"fn\">admin<\/span><\/a><\/span> <span class=\"ui--blog-separator\">\/<\/span> <span class=\"datetime\"><time class=\"entry-date date updated\" datetime=\"2018-09-17T14:55:55+00:00\" itemprop=\"datePublished\" pubdate>setembro 17, 2018<\/time><\/span> <span class=\"ui--blog-separator\">\/<\/span> <span class=\"ui--meta-categories\"><a href=\"https:\/\/textocon.com\/?cat=25\" >Reportagens<\/a><\/span><\/div><\/div><\/div><div class=\"ui--blog-content\">O crescimento exponencial das cidades aliado \u00e0 necessidade de as pessoas ganharem tempo vem\r\nimpactando fortemente a antropologia do consumo, principalmente na \u00e1rea de alimenta\u00e7\u00e3o.\r\nO corre-corre limita n\u00e3o apenas a possibilidade de preparar refei\u00e7\u00f5es caseiras como imp\u00f5e mudan\u00e7a\r\nde h\u00e1bitos, for\u00e7ando a op\u00e7\u00e3o por card\u00e1pios leves, flex\u00edveis e \u00e1geis.\r\n\r\nDiante desse cen\u00e1rio, a ... <span class=\"more-link\"><a class=\"btn btn-small btn-grey\" href=\"https:\/\/textocon.com\/?p=1968\" title=\"\">Leia mais<\/a><\/span>\n<\/div><\/div><div style=\"display:none;\"><span class=\"date updated published\">setembro 17, 2018<\/span><span class=\"vcard author\"><a href=\"https:\/\/textocon.com\/?author=1\" class=\"fn\">admin<\/a><\/span><\/div><\/div><div class=\"post-1958 post type-post status-publish format-standard hentry category-educacao-e-cultura-organizacional ui--blog-item clearfix layout--standard\"><div class=\"ui--blog-side ui--blog-date ui--accent-gradient-hover-parent ui--box\"><h3><span class=\"ui--blog-date-day ui--accent-gradient-hover\">20<\/span><\/h3><h6 class=\"ui--blog-date-month ui--gradient ui--gradient-grey\"><span>ago<\/span><span>2018<\/span><\/h6><\/div><div class=\"ui--blog-content-wrapper\"><div class=\"ui--blog-header\"><h5 class=\"ui--blog-title entry-title clearfix\"><a class=\"ui--blog-link\" href=\"https:\/\/textocon.com\/?p=1958\">Quem nasce primeiro: a cultura ou a estrat\u00e9gia?<\/a><\/h5><div class=\"ui--blog-metas clearfix\"><div class=\"ui--blog-metas-right pull-right\"><span class=\"ui--meta-comment\"><a href=\"https:\/\/textocon.com\/?p=1958#respond\"><i class=\"fontawesome-comment px14\"><\/i> 0<\/a><\/span> <span class=\"ui--blog-separator\">&nbsp;<\/span> <span class=\"ui--meta-like\"><a href=\"#\" class=\"ui--likes\" title=\"Like this\" data-post-id=\"1958\" data-options=\"{&quot;zero&quot;:&quot;&lt;i class=\\&quot;fontawesome-heart px14\\&quot;&gt;&lt;\\\/i&gt; %d&quot;,&quot;one&quot;:&quot;&lt;i class=\\&quot;fontawesome-heart px14\\&quot;&gt;&lt;\\\/i&gt; %d&quot;,&quot;more&quot;:&quot;&lt;i class=\\&quot;fontawesome-heart px14\\&quot;&gt;&lt;\\\/i&gt; %d&quot;}\"><span class=\"ui--likes-count\"><i class=\"fontawesome-heart px14\"><\/i> 0<\/span><\/a><\/span><\/div><div class=\"ui--blog-metas-left\"><span class=\"ui--meta-author\">by <a class=\"vcard author\" href=\"https:\/\/textocon.com\/?author=1\"><span class=\"fn\">admin<\/span><\/a><\/span> <span class=\"ui--blog-separator\">\/<\/span> <span class=\"datetime\"><time class=\"entry-date date updated\" datetime=\"2018-08-20T16:25:07+00:00\" itemprop=\"datePublished\" pubdate>agosto 20, 2018<\/time><\/span> <span class=\"ui--blog-separator\">\/<\/span> <span class=\"ui--meta-categories\"><a href=\"https:\/\/textocon.com\/?cat=26\" >Educa\u00e7\u00e3o e cultura organizacional<\/a><\/span><\/div><\/div><\/div><div class=\"ui--blog-content\">A resposta para essa pergunta pode n\u00e3o resultar, a priori, um milh\u00e3o de d\u00f3lares que muitos\r\ncandidatos a empres\u00e1rios aspiram, ao vislumbrar uma mudan\u00e7a de status profissional e social.\r\nMas talvez afaste algumas pedras do percurso de empreendedores que buscam uma \u00e2ncora para\r\nseu futuro neg\u00f3cio.\r\n\r\nOs caminhos s\u00e3o tortuosos, arriscados e incertos. Exigem ... <span class=\"more-link\"><a class=\"btn btn-small btn-grey\" href=\"https:\/\/textocon.com\/?p=1958\" title=\"\">Leia mais<\/a><\/span>\n<\/div><\/div><div style=\"display:none;\"><span class=\"date updated published\">agosto 20, 2018<\/span><span class=\"vcard author\"><a href=\"https:\/\/textocon.com\/?author=1\" class=\"fn\">admin<\/a><\/span><\/div><\/div><div class=\"post-1955 post type-post status-publish format-standard hentry category-educacao-e-cultura-organizacional ui--blog-item clearfix layout--standard\"><div class=\"ui--blog-side ui--blog-date ui--accent-gradient-hover-parent ui--box\"><h3><span class=\"ui--blog-date-day ui--accent-gradient-hover\">20<\/span><\/h3><h6 class=\"ui--blog-date-month ui--gradient ui--gradient-grey\"><span>ago<\/span><span>2018<\/span><\/h6><\/div><div class=\"ui--blog-content-wrapper\"><div class=\"ui--blog-header\"><h5 class=\"ui--blog-title entry-title clearfix\"><a class=\"ui--blog-link\" href=\"https:\/\/textocon.com\/?p=1955\">Agregue soft skills ao seu curr\u00edculo<\/a><\/h5><div class=\"ui--blog-metas clearfix\"><div class=\"ui--blog-metas-right pull-right\"><span class=\"ui--meta-comment\"><a href=\"https:\/\/textocon.com\/?p=1955#respond\"><i class=\"fontawesome-comment px14\"><\/i> 0<\/a><\/span> <span class=\"ui--blog-separator\">&nbsp;<\/span> <span class=\"ui--meta-like\"><a href=\"#\" class=\"ui--likes\" title=\"Like this\" data-post-id=\"1955\" data-options=\"{&quot;zero&quot;:&quot;&lt;i class=\\&quot;fontawesome-heart px14\\&quot;&gt;&lt;\\\/i&gt; %d&quot;,&quot;one&quot;:&quot;&lt;i class=\\&quot;fontawesome-heart px14\\&quot;&gt;&lt;\\\/i&gt; %d&quot;,&quot;more&quot;:&quot;&lt;i class=\\&quot;fontawesome-heart px14\\&quot;&gt;&lt;\\\/i&gt; %d&quot;}\"><span class=\"ui--likes-count\"><i class=\"fontawesome-heart px14\"><\/i> 0<\/span><\/a><\/span><\/div><div class=\"ui--blog-metas-left\"><span class=\"ui--meta-author\">by <a class=\"vcard author\" href=\"https:\/\/textocon.com\/?author=1\"><span class=\"fn\">admin<\/span><\/a><\/span> <span class=\"ui--blog-separator\">\/<\/span> <span class=\"datetime\"><time class=\"entry-date date updated\" datetime=\"2018-08-20T16:23:04+00:00\" itemprop=\"datePublished\" pubdate>agosto 20, 2018<\/time><\/span> <span class=\"ui--blog-separator\">\/<\/span> <span class=\"ui--meta-categories\"><a href=\"https:\/\/textocon.com\/?cat=26\" >Educa\u00e7\u00e3o e cultura organizacional<\/a><\/span><\/div><\/div><\/div><div class=\"ui--blog-content\">Ser bom no que faz \u00e9 essencial para construir uma carreira bem-sucedida, mas agora o mercado\r\nde trabalho globalizado busca tamb\u00e9m soft skills. Traduzindo-se esse estrangeirismo que\r\ncaracteriza tamb\u00e9m a face hol\u00edstica da cultura corporativa, significa que a excel\u00eancia no\r\ndesempenho profissional requer sintonia fina com intera\u00e7\u00e3o social.\r\n\r\nContudo, de antem\u00e3o \u00e9 preciso alertar ... <span class=\"more-link\"><a class=\"btn btn-small btn-grey\" href=\"https:\/\/textocon.com\/?p=1955\" title=\"\">Leia mais<\/a><\/span>\n<\/div><\/div><div style=\"display:none;\"><span class=\"date updated published\">agosto 20, 2018<\/span><span class=\"vcard author\"><a href=\"https:\/\/textocon.com\/?author=1\" class=\"fn\">admin<\/a><\/span><\/div><\/div><div class=\"post-1951 post type-post status-publish format-standard hentry category-educacao-e-cultura-organizacional ui--blog-item clearfix layout--standard\"><div class=\"ui--blog-side ui--blog-date ui--accent-gradient-hover-parent ui--box\"><h3><span class=\"ui--blog-date-day ui--accent-gradient-hover\">13<\/span><\/h3><h6 class=\"ui--blog-date-month ui--gradient ui--gradient-grey\"><span>ago<\/span><span>2018<\/span><\/h6><\/div><div class=\"ui--blog-content-wrapper\"><div class=\"ui--blog-header\"><h5 class=\"ui--blog-title entry-title clearfix\"><a class=\"ui--blog-link\" href=\"https:\/\/textocon.com\/?p=1951\">Como construir carreiras alinhadas ao mundo corporativo<\/a><\/h5><div class=\"ui--blog-metas clearfix\"><div class=\"ui--blog-metas-right pull-right\"><span class=\"ui--meta-comment\"><a href=\"https:\/\/textocon.com\/?p=1951#respond\"><i class=\"fontawesome-comment px14\"><\/i> 0<\/a><\/span> <span class=\"ui--blog-separator\">&nbsp;<\/span> <span class=\"ui--meta-like\"><a href=\"#\" class=\"ui--likes\" title=\"Like this\" data-post-id=\"1951\" data-options=\"{&quot;zero&quot;:&quot;&lt;i class=\\&quot;fontawesome-heart px14\\&quot;&gt;&lt;\\\/i&gt; %d&quot;,&quot;one&quot;:&quot;&lt;i class=\\&quot;fontawesome-heart px14\\&quot;&gt;&lt;\\\/i&gt; %d&quot;,&quot;more&quot;:&quot;&lt;i class=\\&quot;fontawesome-heart px14\\&quot;&gt;&lt;\\\/i&gt; %d&quot;}\"><span class=\"ui--likes-count\"><i class=\"fontawesome-heart px14\"><\/i> 0<\/span><\/a><\/span><\/div><div class=\"ui--blog-metas-left\"><span class=\"ui--meta-author\">by <a class=\"vcard author\" href=\"https:\/\/textocon.com\/?author=1\"><span class=\"fn\">admin<\/span><\/a><\/span> <span class=\"ui--blog-separator\">\/<\/span> <span class=\"datetime\"><time class=\"entry-date date updated\" datetime=\"2018-08-13T14:51:50+00:00\" itemprop=\"datePublished\" pubdate>agosto 13, 2018<\/time><\/span> <span class=\"ui--blog-separator\">\/<\/span> <span class=\"ui--meta-categories\"><a href=\"https:\/\/textocon.com\/?cat=26\" >Educa\u00e7\u00e3o e cultura organizacional<\/a><\/span><\/div><\/div><\/div><div class=\"ui--blog-content\">A edi\u00e7\u00e3o 138 da revista RH em S\u00edntese, rec\u00e9m-lan\u00e7ada, dedicada aos executivos de recursos\r\nhumanos que foram destaque em sua atua\u00e7\u00e3o, em 2017, traz nas p\u00e1ginas 113\/114, artigo do\r\ns\u00f3cio-diretor da Textocon, sobre capacita\u00e7\u00e3o. O texto, que j\u00e1 havia sido publicado no site do Grupo\r\nGest\u00e3o e RH, ganha espa\u00e7o tamb\u00e9m na vers\u00e3o ... <span class=\"more-link\"><a class=\"btn btn-small btn-grey\" href=\"https:\/\/textocon.com\/?p=1951\" title=\"\">Leia mais<\/a><\/span>\n<\/div><\/div><div style=\"display:none;\"><span class=\"date updated published\">agosto 13, 2018<\/span><span class=\"vcard author\"><a href=\"https:\/\/textocon.com\/?author=1\" class=\"fn\">admin<\/a><\/span><\/div><\/div><div class=\"post-1947 post type-post status-publish format-standard hentry category-consultoria-organizacional ui--blog-item clearfix layout--standard\"><div class=\"ui--blog-side ui--blog-date ui--accent-gradient-hover-parent ui--box\"><h3><span class=\"ui--blog-date-day ui--accent-gradient-hover\">10<\/span><\/h3><h6 class=\"ui--blog-date-month ui--gradient ui--gradient-grey\"><span>jul<\/span><span>2018<\/span><\/h6><\/div><div class=\"ui--blog-content-wrapper\"><div class=\"ui--blog-header\"><h5 class=\"ui--blog-title entry-title clearfix\"><a class=\"ui--blog-link\" href=\"https:\/\/textocon.com\/?p=1947\">Como o volunt\u00e1rio pode desencadear e integrar sinergias<\/a><\/h5><div class=\"ui--blog-metas clearfix\"><div class=\"ui--blog-metas-right pull-right\"><span class=\"ui--meta-comment\"><a href=\"https:\/\/textocon.com\/?p=1947#respond\"><i class=\"fontawesome-comment px14\"><\/i> 0<\/a><\/span> <span class=\"ui--blog-separator\">&nbsp;<\/span> <span class=\"ui--meta-like\"><a href=\"#\" class=\"ui--likes\" title=\"Like this\" data-post-id=\"1947\" data-options=\"{&quot;zero&quot;:&quot;&lt;i class=\\&quot;fontawesome-heart px14\\&quot;&gt;&lt;\\\/i&gt; %d&quot;,&quot;one&quot;:&quot;&lt;i class=\\&quot;fontawesome-heart px14\\&quot;&gt;&lt;\\\/i&gt; %d&quot;,&quot;more&quot;:&quot;&lt;i class=\\&quot;fontawesome-heart px14\\&quot;&gt;&lt;\\\/i&gt; %d&quot;}\"><span class=\"ui--likes-count\"><i class=\"fontawesome-heart px14\"><\/i> 0<\/span><\/a><\/span><\/div><div class=\"ui--blog-metas-left\"><span class=\"ui--meta-author\">by <a class=\"vcard author\" href=\"https:\/\/textocon.com\/?author=1\"><span class=\"fn\">admin<\/span><\/a><\/span> <span class=\"ui--blog-separator\">\/<\/span> <span class=\"datetime\"><time class=\"entry-date date updated\" datetime=\"2018-07-10T17:38:06+00:00\" itemprop=\"datePublished\" pubdate>julho 10, 2018<\/time><\/span> <span class=\"ui--blog-separator\">\/<\/span> <span class=\"ui--meta-categories\"><a href=\"https:\/\/textocon.com\/?cat=30\" >Consultoria organizacional<\/a><\/span><\/div><\/div><\/div><div class=\"ui--blog-content\">Pressionadas pelo dia a dia, algumas empresas declinam de avaliar com a devida aten\u00e7\u00e3o\r\ndeterminados fatos organizacionais que ocorrem internamente e que t\u00eam forte potencial\r\nmultiplicador de resultados. Estudos realizados pela Textocon demostram, por exemplo, que\r\nfuncion\u00e1rios volunt\u00e1rios que realizam a\u00e7\u00f5es filantr\u00f3picas externas, protagonizadas por seus\r\nempregadores, trazem para dentro da empresa um importante ... <span class=\"more-link\"><a class=\"btn btn-small btn-grey\" href=\"https:\/\/textocon.com\/?p=1947\" title=\"\">Leia mais<\/a><\/span>\n<\/div><\/div><div style=\"display:none;\"><span class=\"date updated published\">julho 10, 2018<\/span><span class=\"vcard author\"><a href=\"https:\/\/textocon.com\/?author=1\" class=\"fn\">admin<\/a><\/span><\/div><\/div><div class=\"post-1940 post type-post status-publish format-standard hentry category-educacao-e-cultura-organizacional ui--blog-item clearfix layout--standard\"><div class=\"ui--blog-side ui--blog-date ui--accent-gradient-hover-parent ui--box\"><h3><span class=\"ui--blog-date-day ui--accent-gradient-hover\">02<\/span><\/h3><h6 class=\"ui--blog-date-month ui--gradient ui--gradient-grey\"><span>jul<\/span><span>2018<\/span><\/h6><\/div><div class=\"ui--blog-content-wrapper\"><div class=\"ui--blog-header\"><h5 class=\"ui--blog-title entry-title clearfix\"><a class=\"ui--blog-link\" href=\"https:\/\/textocon.com\/?p=1940\">Embarcando em \u201caventuras organizacionais\u201d<\/a><\/h5><div class=\"ui--blog-metas clearfix\"><div class=\"ui--blog-metas-right pull-right\"><span class=\"ui--meta-comment\"><a href=\"https:\/\/textocon.com\/?p=1940#respond\"><i class=\"fontawesome-comment px14\"><\/i> 0<\/a><\/span> <span class=\"ui--blog-separator\">&nbsp;<\/span> <span class=\"ui--meta-like\"><a href=\"#\" class=\"ui--likes\" title=\"Like this\" data-post-id=\"1940\" data-options=\"{&quot;zero&quot;:&quot;&lt;i class=\\&quot;fontawesome-heart px14\\&quot;&gt;&lt;\\\/i&gt; %d&quot;,&quot;one&quot;:&quot;&lt;i class=\\&quot;fontawesome-heart px14\\&quot;&gt;&lt;\\\/i&gt; %d&quot;,&quot;more&quot;:&quot;&lt;i class=\\&quot;fontawesome-heart px14\\&quot;&gt;&lt;\\\/i&gt; %d&quot;}\"><span class=\"ui--likes-count\"><i class=\"fontawesome-heart px14\"><\/i> 0<\/span><\/a><\/span><\/div><div class=\"ui--blog-metas-left\"><span class=\"ui--meta-author\">by <a class=\"vcard author\" href=\"https:\/\/textocon.com\/?author=1\"><span class=\"fn\">admin<\/span><\/a><\/span> <span class=\"ui--blog-separator\">\/<\/span> <span class=\"datetime\"><time class=\"entry-date date updated\" datetime=\"2018-07-02T17:35:02+00:00\" itemprop=\"datePublished\" pubdate>julho 2, 2018<\/time><\/span> <span class=\"ui--blog-separator\">\/<\/span> <span class=\"ui--meta-categories\"><a href=\"https:\/\/textocon.com\/?cat=26\" >Educa\u00e7\u00e3o e cultura organizacional<\/a><\/span><\/div><\/div><\/div><div class=\"ui--blog-content\">Ao contr\u00e1rio do que acontecia no passado, quando experts em economia, administra\u00e7\u00e3o e\r\ncontabilidade tocavam os neg\u00f3cios de uma empresa apoiados quase que exclusivamente em\r\nprocessos racionais, na era p\u00f3s-industrial o jogo mudou. Buscando compartilhar ideias e solu\u00e7\u00f5es\r\n\r\nem interface com a complexidade, alguns par\u00e2metros de gest\u00e3o est\u00e3o sendo revisados \u00e0 luz de\r\nferramentas ... <span class=\"more-link\"><a class=\"btn btn-small btn-grey\" href=\"https:\/\/textocon.com\/?p=1940\" title=\"\">Leia mais<\/a><\/span>\n<\/div><\/div><div style=\"display:none;\"><span class=\"date updated published\">julho 2, 2018<\/span><span class=\"vcard author\"><a href=\"https:\/\/textocon.com\/?author=1\" class=\"fn\">admin<\/a><\/span><\/div><\/div><div class=\"post-1936 post type-post status-publish format-standard hentry category-trabalho-e-meritocria ui--blog-item clearfix layout--standard\"><div class=\"ui--blog-side ui--blog-date ui--accent-gradient-hover-parent ui--box\"><h3><span class=\"ui--blog-date-day ui--accent-gradient-hover\">02<\/span><\/h3><h6 class=\"ui--blog-date-month ui--gradient ui--gradient-grey\"><span>jul<\/span><span>2018<\/span><\/h6><\/div><div class=\"ui--blog-content-wrapper\"><div class=\"ui--blog-header\"><h5 class=\"ui--blog-title entry-title clearfix\"><a class=\"ui--blog-link\" href=\"https:\/\/textocon.com\/?p=1936\">Na crise, empresas elevam gastos em treinamento<\/a><\/h5><div class=\"ui--blog-metas clearfix\"><div class=\"ui--blog-metas-right pull-right\"><span class=\"ui--meta-comment\"><a href=\"https:\/\/textocon.com\/?p=1936#respond\"><i class=\"fontawesome-comment px14\"><\/i> 0<\/a><\/span> <span class=\"ui--blog-separator\">&nbsp;<\/span> <span class=\"ui--meta-like\"><a href=\"#\" class=\"ui--likes\" title=\"Like this\" data-post-id=\"1936\" data-options=\"{&quot;zero&quot;:&quot;&lt;i class=\\&quot;fontawesome-heart px14\\&quot;&gt;&lt;\\\/i&gt; %d&quot;,&quot;one&quot;:&quot;&lt;i class=\\&quot;fontawesome-heart px14\\&quot;&gt;&lt;\\\/i&gt; %d&quot;,&quot;more&quot;:&quot;&lt;i class=\\&quot;fontawesome-heart px14\\&quot;&gt;&lt;\\\/i&gt; %d&quot;}\"><span class=\"ui--likes-count\"><i class=\"fontawesome-heart px14\"><\/i> 0<\/span><\/a><\/span><\/div><div class=\"ui--blog-metas-left\"><span class=\"ui--meta-author\">by <a class=\"vcard author\" href=\"https:\/\/textocon.com\/?author=1\"><span class=\"fn\">admin<\/span><\/a><\/span> <span class=\"ui--blog-separator\">\/<\/span> <span class=\"datetime\"><time class=\"entry-date date updated\" datetime=\"2018-07-02T17:29:18+00:00\" itemprop=\"datePublished\" pubdate>julho 2, 2018<\/time><\/span> <span class=\"ui--blog-separator\">\/<\/span> <span class=\"ui--meta-categories\"><a href=\"https:\/\/textocon.com\/?cat=28\" >Trabalho e meritocria<\/a><\/span><\/div><\/div><\/div><div class=\"ui--blog-content\">Mesmo enfrentando os efeitos da conjuntura econ\u00f4mica pouco favor\u00e1vel aos neg\u00f3cios, as\r\nempresas brasileiras v\u00eam mantendo em alta os investimentos em Treinamento &amp; Desenvolvimento\r\n(T&amp;D) de pessoas. Dados rec\u00e9m-divulgados, por meio da 12\u00aa edi\u00e7\u00e3o do Panorama de Treinamento\r\nno Brasil, mostram que o volume total de gastos em 2017 apresentou uma expans\u00e3o de ... <span class=\"more-link\"><a class=\"btn btn-small btn-grey\" href=\"https:\/\/textocon.com\/?p=1936\" title=\"\">Leia mais<\/a><\/span>\n<\/div><\/div><div style=\"display:none;\"><span class=\"date updated published\">julho 2, 2018<\/span><span class=\"vcard author\"><a href=\"https:\/\/textocon.com\/?author=1\" class=\"fn\">admin<\/a><\/span><\/div><\/div><div class=\"post-1932 post type-post status-publish format-standard hentry category-reportagens ui--blog-item clearfix layout--standard\"><div class=\"ui--blog-side ui--blog-date ui--accent-gradient-hover-parent ui--box\"><h3><span class=\"ui--blog-date-day ui--accent-gradient-hover\">02<\/span><\/h3><h6 class=\"ui--blog-date-month ui--gradient ui--gradient-grey\"><span>jul<\/span><span>2018<\/span><\/h6><\/div><div class=\"ui--blog-content-wrapper\"><div class=\"ui--blog-header\"><h5 class=\"ui--blog-title entry-title clearfix\"><a class=\"ui--blog-link\" href=\"https:\/\/textocon.com\/?p=1932\">Era de ouro do p\u00f3 met\u00e1lico<\/a><\/h5><div class=\"ui--blog-metas clearfix\"><div class=\"ui--blog-metas-right pull-right\"><span class=\"ui--meta-comment\"><a href=\"https:\/\/textocon.com\/?p=1932#respond\"><i class=\"fontawesome-comment px14\"><\/i> 0<\/a><\/span> <span class=\"ui--blog-separator\">&nbsp;<\/span> <span class=\"ui--meta-like\"><a href=\"#\" class=\"ui--likes\" title=\"Like this\" data-post-id=\"1932\" data-options=\"{&quot;zero&quot;:&quot;&lt;i class=\\&quot;fontawesome-heart px14\\&quot;&gt;&lt;\\\/i&gt; %d&quot;,&quot;one&quot;:&quot;&lt;i class=\\&quot;fontawesome-heart px14\\&quot;&gt;&lt;\\\/i&gt; %d&quot;,&quot;more&quot;:&quot;&lt;i class=\\&quot;fontawesome-heart px14\\&quot;&gt;&lt;\\\/i&gt; %d&quot;}\"><span class=\"ui--likes-count\"><i class=\"fontawesome-heart px14\"><\/i> 0<\/span><\/a><\/span><\/div><div class=\"ui--blog-metas-left\"><span class=\"ui--meta-author\">by <a class=\"vcard author\" href=\"https:\/\/textocon.com\/?author=1\"><span class=\"fn\">admin<\/span><\/a><\/span> <span class=\"ui--blog-separator\">\/<\/span> <span class=\"datetime\"><time class=\"entry-date date updated\" datetime=\"2018-07-02T17:26:07+00:00\" itemprop=\"datePublished\" pubdate>julho 2, 2018<\/time><\/span> <span class=\"ui--blog-separator\">\/<\/span> <span class=\"ui--meta-categories\"><a href=\"https:\/\/textocon.com\/?cat=25\" >Reportagens<\/a><\/span><\/div><\/div><\/div><div class=\"ui--blog-content\">A forte demanda da ind\u00fastria por componentes mais leves, baratos e resistentes est\u00e1 abrindo\r\nas portas de um novo nicho de mercado para o setor minerometal\u00fargico brasileiro. Trata-se\r\ndo fornecimento de p\u00f3 met\u00e1lico usado na produ\u00e7\u00e3o de pe\u00e7as sinterizadas por meio da\r\nmanufatura aditiva.\r\nConfira na na integra:\u00a0Revista ABM\r\n\r\n\r\n <\/div><\/div><div style=\"display:none;\"><span class=\"date updated published\">julho 2, 2018<\/span><span class=\"vcard author\"><a href=\"https:\/\/textocon.com\/?author=1\" class=\"fn\">admin<\/a><\/span><\/div><\/div><div class=\"post-1926 post type-post status-publish format-standard hentry category-noticias ui--blog-item clearfix layout--standard\"><div class=\"ui--blog-side ui--blog-date ui--accent-gradient-hover-parent ui--box\"><h3><span class=\"ui--blog-date-day ui--accent-gradient-hover\">19<\/span><\/h3><h6 class=\"ui--blog-date-month ui--gradient ui--gradient-grey\"><span>jun<\/span><span>2018<\/span><\/h6><\/div><div class=\"ui--blog-content-wrapper\"><div class=\"ui--blog-header\"><h5 class=\"ui--blog-title entry-title clearfix\"><a class=\"ui--blog-link\" href=\"https:\/\/textocon.com\/?p=1926\">Amplia-se o debate sobre prote\u00e7\u00e3o de dados digitais<\/a><\/h5><div class=\"ui--blog-metas clearfix\"><div class=\"ui--blog-metas-right pull-right\"><span class=\"ui--meta-comment\"><a href=\"https:\/\/textocon.com\/?p=1926#respond\"><i class=\"fontawesome-comment px14\"><\/i> 0<\/a><\/span> <span class=\"ui--blog-separator\">&nbsp;<\/span> <span class=\"ui--meta-like\"><a href=\"#\" class=\"ui--likes\" title=\"Like this\" data-post-id=\"1926\" data-options=\"{&quot;zero&quot;:&quot;&lt;i class=\\&quot;fontawesome-heart px14\\&quot;&gt;&lt;\\\/i&gt; %d&quot;,&quot;one&quot;:&quot;&lt;i class=\\&quot;fontawesome-heart px14\\&quot;&gt;&lt;\\\/i&gt; %d&quot;,&quot;more&quot;:&quot;&lt;i class=\\&quot;fontawesome-heart px14\\&quot;&gt;&lt;\\\/i&gt; %d&quot;}\"><span class=\"ui--likes-count\"><i class=\"fontawesome-heart px14\"><\/i> 0<\/span><\/a><\/span><\/div><div class=\"ui--blog-metas-left\"><span class=\"ui--meta-author\">by <a class=\"vcard author\" href=\"https:\/\/textocon.com\/?author=1\"><span class=\"fn\">admin<\/span><\/a><\/span> <span class=\"ui--blog-separator\">\/<\/span> <span class=\"datetime\"><time class=\"entry-date date updated\" datetime=\"2018-06-19T13:37:11+00:00\" itemprop=\"datePublished\" pubdate>junho 19, 2018<\/time><\/span> <span class=\"ui--blog-separator\">\/<\/span> <span class=\"ui--meta-categories\"><a href=\"https:\/\/textocon.com\/?cat=14\" >Not\u00edcias<\/a><\/span><\/div><\/div><\/div><div class=\"ui--blog-content\">Depois do esc\u00e2ndalo envolvendo o uso indevido de dados de 87 milh\u00f5es de usu\u00e1rios do Facebook,\r\nincluindo os de alguns brasileiros, as discuss\u00f5es sobre prote\u00e7\u00e3o do patrim\u00f4nio informativo se\r\nintensificaram e parecem ter virado prioridade nacional. Proposta de lei em tramita\u00e7\u00e3o no Senado\r\nda Rep\u00fablica defende que a coleta, tratamento e armazenamento de ... <span class=\"more-link\"><a class=\"btn btn-small btn-grey\" href=\"https:\/\/textocon.com\/?p=1926\" title=\"\">Leia mais<\/a><\/span>\n<\/div><\/div><div style=\"display:none;\"><span class=\"date updated published\">junho 19, 2018<\/span><span class=\"vcard author\"><a href=\"https:\/\/textocon.com\/?author=1\" class=\"fn\">admin<\/a><\/span><\/div><\/div><div class=\"post-1924 post type-post status-publish format-standard hentry category-educacao-e-cultura-organizacional ui--blog-item clearfix layout--standard\"><div class=\"ui--blog-side ui--blog-date ui--accent-gradient-hover-parent ui--box\"><h3><span class=\"ui--blog-date-day ui--accent-gradient-hover\">19<\/span><\/h3><h6 class=\"ui--blog-date-month ui--gradient ui--gradient-grey\"><span>jun<\/span><span>2018<\/span><\/h6><\/div><div class=\"ui--blog-content-wrapper\"><div class=\"ui--blog-header\"><h5 class=\"ui--blog-title entry-title clearfix\"><a class=\"ui--blog-link\" href=\"https:\/\/textocon.com\/?p=1924\">V\u00edcios de linguagem causam ru\u00eddos na comunica\u00e7\u00e3o<\/a><\/h5><div class=\"ui--blog-metas clearfix\"><div class=\"ui--blog-metas-right pull-right\"><span class=\"ui--meta-comment\"><a href=\"https:\/\/textocon.com\/?p=1924#respond\"><i class=\"fontawesome-comment px14\"><\/i> 0<\/a><\/span> <span class=\"ui--blog-separator\">&nbsp;<\/span> <span class=\"ui--meta-like\"><a href=\"#\" class=\"ui--likes\" title=\"Like this\" data-post-id=\"1924\" data-options=\"{&quot;zero&quot;:&quot;&lt;i class=\\&quot;fontawesome-heart px14\\&quot;&gt;&lt;\\\/i&gt; %d&quot;,&quot;one&quot;:&quot;&lt;i class=\\&quot;fontawesome-heart px14\\&quot;&gt;&lt;\\\/i&gt; %d&quot;,&quot;more&quot;:&quot;&lt;i class=\\&quot;fontawesome-heart px14\\&quot;&gt;&lt;\\\/i&gt; %d&quot;}\"><span class=\"ui--likes-count\"><i class=\"fontawesome-heart px14\"><\/i> 0<\/span><\/a><\/span><\/div><div class=\"ui--blog-metas-left\"><span class=\"ui--meta-author\">by <a class=\"vcard author\" href=\"https:\/\/textocon.com\/?author=1\"><span class=\"fn\">admin<\/span><\/a><\/span> <span class=\"ui--blog-separator\">\/<\/span> <span class=\"datetime\"><time class=\"entry-date date updated\" datetime=\"2018-06-19T13:32:31+00:00\" itemprop=\"datePublished\" pubdate>junho 19, 2018<\/time><\/span> <span class=\"ui--blog-separator\">\/<\/span> <span class=\"ui--meta-categories\"><a href=\"https:\/\/textocon.com\/?cat=26\" >Educa\u00e7\u00e3o e cultura organizacional<\/a><\/span><\/div><\/div><\/div><div class=\"ui--blog-content\">\u201cFiquei preso no tr\u00e2nsito\u201d; \u201ctive um imprevisto de \u00faltima hora\u201d; \u201cfui chamado para uma reuni\u00e3o\r\nurgente\u201d; \u201cestava em uma call, n\u00e3o pude atender\u201d. Certamente cada um de n\u00f3s j\u00e1 ouviu in\u00fameras\r\nvezes explica\u00e7\u00f5es desse tipo ao questionar algum gestor ou auxiliar administrativo por ter deixado\r\nde atender uma liga\u00e7\u00e3o telef\u00f4nica que dependia de ... <span class=\"more-link\"><a class=\"btn btn-small btn-grey\" href=\"https:\/\/textocon.com\/?p=1924\" title=\"\">Leia mais<\/a><\/span>\n<\/div><\/div><div style=\"display:none;\"><span class=\"date updated published\">junho 19, 2018<\/span><span class=\"vcard author\"><a href=\"https:\/\/textocon.com\/?author=1\" class=\"fn\">admin<\/a><\/span><\/div><\/div><div class=\"post-1918 post type-post status-publish format-standard hentry category-trabalho-e-meritocria ui--blog-item clearfix layout--standard\"><div class=\"ui--blog-side ui--blog-date ui--accent-gradient-hover-parent ui--box\"><h3><span class=\"ui--blog-date-day ui--accent-gradient-hover\">04<\/span><\/h3><h6 class=\"ui--blog-date-month ui--gradient ui--gradient-grey\"><span>jun<\/span><span>2018<\/span><\/h6><\/div><div class=\"ui--blog-content-wrapper\"><div class=\"ui--blog-header\"><h5 class=\"ui--blog-title entry-title clearfix\"><a class=\"ui--blog-link\" href=\"https:\/\/textocon.com\/?p=1918\">A mudan\u00e7a que vem de dentro cresce, floresce e multiplica-se<\/a><\/h5><div class=\"ui--blog-metas clearfix\"><div class=\"ui--blog-metas-right pull-right\"><span class=\"ui--meta-comment\"><a href=\"https:\/\/textocon.com\/?p=1918#respond\"><i class=\"fontawesome-comment px14\"><\/i> 0<\/a><\/span> <span class=\"ui--blog-separator\">&nbsp;<\/span> <span class=\"ui--meta-like\"><a href=\"#\" class=\"ui--likes\" title=\"Like this\" data-post-id=\"1918\" data-options=\"{&quot;zero&quot;:&quot;&lt;i class=\\&quot;fontawesome-heart px14\\&quot;&gt;&lt;\\\/i&gt; %d&quot;,&quot;one&quot;:&quot;&lt;i class=\\&quot;fontawesome-heart px14\\&quot;&gt;&lt;\\\/i&gt; %d&quot;,&quot;more&quot;:&quot;&lt;i class=\\&quot;fontawesome-heart px14\\&quot;&gt;&lt;\\\/i&gt; %d&quot;}\"><span class=\"ui--likes-count\"><i class=\"fontawesome-heart px14\"><\/i> 0<\/span><\/a><\/span><\/div><div class=\"ui--blog-metas-left\"><span class=\"ui--meta-author\">by <a class=\"vcard author\" href=\"https:\/\/textocon.com\/?author=1\"><span class=\"fn\">admin<\/span><\/a><\/span> <span class=\"ui--blog-separator\">\/<\/span> <span class=\"datetime\"><time class=\"entry-date date updated\" datetime=\"2018-06-04T17:13:03+00:00\" itemprop=\"datePublished\" pubdate>junho 4, 2018<\/time><\/span> <span class=\"ui--blog-separator\">\/<\/span> <span class=\"ui--meta-categories\"><a href=\"https:\/\/textocon.com\/?cat=28\" >Trabalho e meritocria<\/a><\/span><\/div><\/div><\/div><div class=\"ui--blog-content\">Qualquer empresa que tenha a pretens\u00e3o de ampliar seus horizontes e conquistar posi\u00e7\u00e3o de\r\nlideran\u00e7a entre os grandes players do mercado global, ter\u00e1 que colocar no p\u00f3dio, sempre, seu\r\ncapital humano. Por melhor que seja sua estrutura operacional, dispondo de avan\u00e7adas\r\ntecnologias de informa\u00e7\u00e3o, controle e processos computacionais, nada substituir\u00e1 um time de\r\ncraques ... <span class=\"more-link\"><a class=\"btn btn-small btn-grey\" href=\"https:\/\/textocon.com\/?p=1918\" title=\"\">Leia mais<\/a><\/span>\n<\/div><\/div><div style=\"display:none;\"><span class=\"date updated published\">junho 4, 2018<\/span><span class=\"vcard author\"><a href=\"https:\/\/textocon.com\/?author=1\" class=\"fn\">admin<\/a><\/span><\/div><\/div><div class=\"post-1914 post type-post status-publish format-standard hentry category-relacionamento-consumo ui--blog-item clearfix layout--standard\"><div class=\"ui--blog-side ui--blog-date ui--accent-gradient-hover-parent ui--box\"><h3><span class=\"ui--blog-date-day ui--accent-gradient-hover\">04<\/span><\/h3><h6 class=\"ui--blog-date-month ui--gradient ui--gradient-grey\"><span>jun<\/span><span>2018<\/span><\/h6><\/div><div class=\"ui--blog-content-wrapper\"><div class=\"ui--blog-header\"><h5 class=\"ui--blog-title entry-title clearfix\"><a class=\"ui--blog-link\" href=\"https:\/\/textocon.com\/?p=1914\">Equa\u00e7\u00e3o sociocultural permeia h\u00e1bitos de consumo versus sa\u00fade<\/a><\/h5><div class=\"ui--blog-metas clearfix\"><div class=\"ui--blog-metas-right pull-right\"><span class=\"ui--meta-comment\"><a href=\"https:\/\/textocon.com\/?p=1914#respond\"><i class=\"fontawesome-comment px14\"><\/i> 0<\/a><\/span> <span class=\"ui--blog-separator\">&nbsp;<\/span> <span class=\"ui--meta-like\"><a href=\"#\" class=\"ui--likes\" title=\"Like this\" data-post-id=\"1914\" data-options=\"{&quot;zero&quot;:&quot;&lt;i class=\\&quot;fontawesome-heart px14\\&quot;&gt;&lt;\\\/i&gt; %d&quot;,&quot;one&quot;:&quot;&lt;i class=\\&quot;fontawesome-heart px14\\&quot;&gt;&lt;\\\/i&gt; %d&quot;,&quot;more&quot;:&quot;&lt;i class=\\&quot;fontawesome-heart px14\\&quot;&gt;&lt;\\\/i&gt; %d&quot;}\"><span class=\"ui--likes-count\"><i class=\"fontawesome-heart px14\"><\/i> 0<\/span><\/a><\/span><\/div><div class=\"ui--blog-metas-left\"><span class=\"ui--meta-author\">by <a class=\"vcard author\" href=\"https:\/\/textocon.com\/?author=1\"><span class=\"fn\">admin<\/span><\/a><\/span> <span class=\"ui--blog-separator\">\/<\/span> <span class=\"datetime\"><time class=\"entry-date date updated\" datetime=\"2018-06-04T17:01:52+00:00\" itemprop=\"datePublished\" pubdate>junho 4, 2018<\/time><\/span> <span class=\"ui--blog-separator\">\/<\/span> <span class=\"ui--meta-categories\"><a href=\"https:\/\/textocon.com\/?cat=29\" >Relacionamento &amp; consumo<\/a><\/span><\/div><\/div><\/div><div class=\"ui--blog-content\">A combina\u00e7\u00e3o h\u00e1bitos preventivos &amp; vida saud\u00e1vel parece ter se consolidado globalmente como\r\numa equa\u00e7\u00e3o sociocultural estruturante de uma estrita faixa de consumidores. Tratam-se de\r\npessoas bem posicionadas na pir\u00e2mide social, cujas demandas por produtos permeiam as\r\nrela\u00e7\u00f5es com seus supridores de necessidades, de perfil b\u00e1sico ou mais sofisticado.\r\nComportamentos e atitudes alinhados com ... <span class=\"more-link\"><a class=\"btn btn-small btn-grey\" href=\"https:\/\/textocon.com\/?p=1914\" title=\"\">Leia mais<\/a><\/span>\n<\/div><\/div><div style=\"display:none;\"><span class=\"date updated published\">junho 4, 2018<\/span><span class=\"vcard author\"><a href=\"https:\/\/textocon.com\/?author=1\" class=\"fn\">admin<\/a><\/span><\/div><\/div><div class=\"post-1910 post type-post status-publish format-standard hentry category-educacao-e-cultura-organizacional ui--blog-item clearfix layout--standard\"><div class=\"ui--blog-side ui--blog-date ui--accent-gradient-hover-parent ui--box\"><h3><span class=\"ui--blog-date-day ui--accent-gradient-hover\">28<\/span><\/h3><h6 class=\"ui--blog-date-month ui--gradient ui--gradient-grey\"><span>maio<\/span><span>2018<\/span><\/h6><\/div><div class=\"ui--blog-content-wrapper\"><div class=\"ui--blog-header\"><h5 class=\"ui--blog-title entry-title clearfix\"><a class=\"ui--blog-link\" href=\"https:\/\/textocon.com\/?p=1910\">Empreendedorismo, cultura e capacita\u00e7\u00e3o<\/a><\/h5><div class=\"ui--blog-metas clearfix\"><div class=\"ui--blog-metas-right pull-right\"><span class=\"ui--meta-comment\"><a href=\"https:\/\/textocon.com\/?p=1910#respond\"><i class=\"fontawesome-comment px14\"><\/i> 0<\/a><\/span> <span class=\"ui--blog-separator\">&nbsp;<\/span> <span class=\"ui--meta-like\"><a href=\"#\" class=\"ui--likes\" title=\"Like this\" data-post-id=\"1910\" data-options=\"{&quot;zero&quot;:&quot;&lt;i class=\\&quot;fontawesome-heart px14\\&quot;&gt;&lt;\\\/i&gt; %d&quot;,&quot;one&quot;:&quot;&lt;i class=\\&quot;fontawesome-heart px14\\&quot;&gt;&lt;\\\/i&gt; %d&quot;,&quot;more&quot;:&quot;&lt;i class=\\&quot;fontawesome-heart px14\\&quot;&gt;&lt;\\\/i&gt; %d&quot;}\"><span class=\"ui--likes-count\"><i class=\"fontawesome-heart px14\"><\/i> 0<\/span><\/a><\/span><\/div><div class=\"ui--blog-metas-left\"><span class=\"ui--meta-author\">by <a class=\"vcard author\" href=\"https:\/\/textocon.com\/?author=1\"><span class=\"fn\">admin<\/span><\/a><\/span> <span class=\"ui--blog-separator\">\/<\/span> <span class=\"datetime\"><time class=\"entry-date date updated\" datetime=\"2018-05-28T13:43:23+00:00\" itemprop=\"datePublished\" pubdate>maio 28, 2018<\/time><\/span> <span class=\"ui--blog-separator\">\/<\/span> <span class=\"ui--meta-categories\"><a href=\"https:\/\/textocon.com\/?cat=26\" >Educa\u00e7\u00e3o e cultura organizacional<\/a><\/span><\/div><\/div><\/div><div class=\"ui--blog-content\">Quando observado com um olhar diferenciado, o empreendedorismo transcende o conceito\r\nde economia. Com isso, o conte\u00fado comumente encontrado e praticado atrav\u00e9s do\r\nrepert\u00f3rio lingu\u00edstico das organiza\u00e7\u00f5es, nas rela\u00e7\u00f5es com seus stakeholders, assume uma\r\nperspectiva mais abrangente. Por outro lado, dependendo do campo de atividade onde ele\r\nse faz presente, seu significado aproxima-se de ... <span class=\"more-link\"><a class=\"btn btn-small btn-grey\" href=\"https:\/\/textocon.com\/?p=1910\" title=\"\">Leia mais<\/a><\/span>\n<\/div><\/div><div style=\"display:none;\"><span class=\"date updated published\">maio 28, 2018<\/span><span class=\"vcard author\"><a href=\"https:\/\/textocon.com\/?author=1\" class=\"fn\">admin<\/a><\/span><\/div><\/div><div class=\"post-1900 post type-post status-publish format-standard hentry category-consultoria-organizacional ui--blog-item clearfix layout--standard\"><div class=\"ui--blog-side ui--blog-date ui--accent-gradient-hover-parent ui--box\"><h3><span class=\"ui--blog-date-day ui--accent-gradient-hover\">21<\/span><\/h3><h6 class=\"ui--blog-date-month ui--gradient ui--gradient-grey\"><span>maio<\/span><span>2018<\/span><\/h6><\/div><div class=\"ui--blog-content-wrapper\"><div class=\"ui--blog-header\"><h5 class=\"ui--blog-title entry-title clearfix\"><a class=\"ui--blog-link\" href=\"https:\/\/textocon.com\/?p=1900\">Usando a cultura organizacional para sair da crise<\/a><\/h5><div class=\"ui--blog-metas clearfix\"><div class=\"ui--blog-metas-right pull-right\"><span class=\"ui--meta-comment\"><a href=\"https:\/\/textocon.com\/?p=1900#respond\"><i class=\"fontawesome-comment px14\"><\/i> 0<\/a><\/span> <span class=\"ui--blog-separator\">&nbsp;<\/span> <span class=\"ui--meta-like\"><a href=\"#\" class=\"ui--likes\" title=\"Like this\" data-post-id=\"1900\" data-options=\"{&quot;zero&quot;:&quot;&lt;i class=\\&quot;fontawesome-heart px14\\&quot;&gt;&lt;\\\/i&gt; %d&quot;,&quot;one&quot;:&quot;&lt;i class=\\&quot;fontawesome-heart px14\\&quot;&gt;&lt;\\\/i&gt; %d&quot;,&quot;more&quot;:&quot;&lt;i class=\\&quot;fontawesome-heart px14\\&quot;&gt;&lt;\\\/i&gt; %d&quot;}\"><span class=\"ui--likes-count\"><i class=\"fontawesome-heart px14\"><\/i> 0<\/span><\/a><\/span><\/div><div class=\"ui--blog-metas-left\"><span class=\"ui--meta-author\">by <a class=\"vcard author\" href=\"https:\/\/textocon.com\/?author=1\"><span class=\"fn\">admin<\/span><\/a><\/span> <span class=\"ui--blog-separator\">\/<\/span> <span class=\"datetime\"><time class=\"entry-date date updated\" datetime=\"2018-05-21T13:45:53+00:00\" itemprop=\"datePublished\" pubdate>maio 21, 2018<\/time><\/span> <span class=\"ui--blog-separator\">\/<\/span> <span class=\"ui--meta-categories\"><a href=\"https:\/\/textocon.com\/?cat=30\" >Consultoria organizacional<\/a><\/span><\/div><\/div><\/div><div class=\"ui--blog-content\">Na conjuntura atual, dispor de ferramentas de gest\u00e3o cultural que reforcem a reputa\u00e7\u00e3o\r\ndas empresas junto aos stakeholders faz muita diferen\u00e7a na supera\u00e7\u00e3o dos efeitos da\r\ncrise e conquista de novos horizontes. A mais eficiente talvez seja a pr\u00f3pria cultura\r\norganizacional, enquanto refer\u00eancia da estrat\u00e9gia de neg\u00f3cios de cada organiza\u00e7\u00e3o. Essa\r\nplataforma \u00e9 capaz ... <span class=\"more-link\"><a class=\"btn btn-small btn-grey\" href=\"https:\/\/textocon.com\/?p=1900\" title=\"\">Leia mais<\/a><\/span>\n<\/div><\/div><div style=\"display:none;\"><span class=\"date updated published\">maio 21, 2018<\/span><span class=\"vcard author\"><a href=\"https:\/\/textocon.com\/?author=1\" class=\"fn\">admin<\/a><\/span><\/div><\/div><div class=\"post-1898 post type-post status-publish format-standard hentry category-consultoria-organizacional ui--blog-item clearfix layout--standard\"><div class=\"ui--blog-side ui--blog-date ui--accent-gradient-hover-parent ui--box\"><h3><span class=\"ui--blog-date-day ui--accent-gradient-hover\">21<\/span><\/h3><h6 class=\"ui--blog-date-month ui--gradient ui--gradient-grey\"><span>maio<\/span><span>2018<\/span><\/h6><\/div><div class=\"ui--blog-content-wrapper\"><div class=\"ui--blog-header\"><h5 class=\"ui--blog-title entry-title clearfix\"><a class=\"ui--blog-link\" href=\"https:\/\/textocon.com\/?p=1898\">Bases culturais para o sucesso profissional<\/a><\/h5><div class=\"ui--blog-metas clearfix\"><div class=\"ui--blog-metas-right pull-right\"><span class=\"ui--meta-comment\"><a href=\"https:\/\/textocon.com\/?p=1898#respond\"><i class=\"fontawesome-comment px14\"><\/i> 0<\/a><\/span> <span class=\"ui--blog-separator\">&nbsp;<\/span> <span class=\"ui--meta-like\"><a href=\"#\" class=\"ui--likes\" title=\"Like this\" data-post-id=\"1898\" data-options=\"{&quot;zero&quot;:&quot;&lt;i class=\\&quot;fontawesome-heart px14\\&quot;&gt;&lt;\\\/i&gt; %d&quot;,&quot;one&quot;:&quot;&lt;i class=\\&quot;fontawesome-heart px14\\&quot;&gt;&lt;\\\/i&gt; %d&quot;,&quot;more&quot;:&quot;&lt;i class=\\&quot;fontawesome-heart px14\\&quot;&gt;&lt;\\\/i&gt; %d&quot;}\"><span class=\"ui--likes-count\"><i class=\"fontawesome-heart px14\"><\/i> 0<\/span><\/a><\/span><\/div><div class=\"ui--blog-metas-left\"><span class=\"ui--meta-author\">by <a class=\"vcard author\" href=\"https:\/\/textocon.com\/?author=1\"><span class=\"fn\">admin<\/span><\/a><\/span> <span class=\"ui--blog-separator\">\/<\/span> <span class=\"datetime\"><time class=\"entry-date date updated\" datetime=\"2018-05-21T13:44:26+00:00\" itemprop=\"datePublished\" pubdate>maio 21, 2018<\/time><\/span> <span class=\"ui--blog-separator\">\/<\/span> <span class=\"ui--meta-categories\"><a href=\"https:\/\/textocon.com\/?cat=30\" >Consultoria organizacional<\/a><\/span><\/div><\/div><\/div><div class=\"ui--blog-content\">Na atualidade, pessoas formadas ou estudantes que quiserem ser bem-sucedidos, como\r\nfuncion\u00e1rio de alguma organiza\u00e7\u00e3o ou atuando por conta pr\u00f3pria, devem ter em mente algumas\r\nquest\u00f5es b\u00e1sicas aqui reportadas. Mesmo correndo o risco de sermos repetitivos, reafirmamos que\r\ncada pessoa \u00e9 gestora de marketing de seu pr\u00f3prio talento.\r\nDesta forma, entende-se que o curr\u00edculo ... <span class=\"more-link\"><a class=\"btn btn-small btn-grey\" href=\"https:\/\/textocon.com\/?p=1898\" title=\"\">Leia mais<\/a><\/span>\n<\/div><\/div><div style=\"display:none;\"><span class=\"date updated published\">maio 21, 2018<\/span><span class=\"vcard author\"><a href=\"https:\/\/textocon.com\/?author=1\" class=\"fn\">admin<\/a><\/span><\/div><\/div><div class=\"post-1893 post type-post status-publish format-standard hentry category-artigos ui--blog-item clearfix layout--standard\"><div class=\"ui--blog-side ui--blog-date ui--accent-gradient-hover-parent ui--box\"><h3><span class=\"ui--blog-date-day ui--accent-gradient-hover\">14<\/span><\/h3><h6 class=\"ui--blog-date-month ui--gradient ui--gradient-grey\"><span>maio<\/span><span>2018<\/span><\/h6><\/div><div class=\"ui--blog-content-wrapper\"><div class=\"ui--blog-header\"><h5 class=\"ui--blog-title entry-title clearfix\"><a class=\"ui--blog-link\" href=\"https:\/\/textocon.com\/?p=1893\">Educa\u00e7\u00e3o, Trabalho e Carreira<\/a><\/h5><div class=\"ui--blog-metas clearfix\"><div class=\"ui--blog-metas-right pull-right\"><span class=\"ui--meta-comment\"><a href=\"https:\/\/textocon.com\/?p=1893#respond\"><i class=\"fontawesome-comment px14\"><\/i> 0<\/a><\/span> <span class=\"ui--blog-separator\">&nbsp;<\/span> <span class=\"ui--meta-like\"><a href=\"#\" class=\"ui--likes\" title=\"Like this\" data-post-id=\"1893\" data-options=\"{&quot;zero&quot;:&quot;&lt;i class=\\&quot;fontawesome-heart px14\\&quot;&gt;&lt;\\\/i&gt; %d&quot;,&quot;one&quot;:&quot;&lt;i class=\\&quot;fontawesome-heart px14\\&quot;&gt;&lt;\\\/i&gt; %d&quot;,&quot;more&quot;:&quot;&lt;i class=\\&quot;fontawesome-heart px14\\&quot;&gt;&lt;\\\/i&gt; %d&quot;}\"><span class=\"ui--likes-count\"><i class=\"fontawesome-heart px14\"><\/i> 0<\/span><\/a><\/span><\/div><div class=\"ui--blog-metas-left\"><span class=\"ui--meta-author\">by <a class=\"vcard author\" href=\"https:\/\/textocon.com\/?author=1\"><span class=\"fn\">admin<\/span><\/a><\/span> <span class=\"ui--blog-separator\">\/<\/span> <span class=\"datetime\"><time class=\"entry-date date updated\" datetime=\"2018-05-14T17:07:58+00:00\" itemprop=\"datePublished\" pubdate>maio 14, 2018<\/time><\/span> <span class=\"ui--blog-separator\">\/<\/span> <span class=\"ui--meta-categories\"><a href=\"https:\/\/textocon.com\/?cat=13\" >Artigos<\/a><\/span><\/div><\/div><\/div><div class=\"ui--blog-content\">Transformando cultura organizacional em diferencial competitivo para o curr\u00edculo\u00a0 \u00a0\r\n\r\n&nbsp;\r\n\r\nA preserva\u00e7\u00e3o do emprego ou a conquista de voos mais ambiciosos no mercado de trabalho depender\u00e1, cada vez mais, de capacita\u00e7\u00e3o e, sobretudo, de um diferencial no curr\u00edculo profissional. O desequil\u00edbrio entre oferta e procura de emprego \u2013 hoje tendendo para ... <span class=\"more-link\"><a class=\"btn btn-small btn-grey\" href=\"https:\/\/textocon.com\/?p=1893\" title=\"\">Leia mais<\/a><\/span>\n<\/div><\/div><div style=\"display:none;\"><span class=\"date updated published\">maio 14, 2018<\/span><span class=\"vcard author\"><a href=\"https:\/\/textocon.com\/?author=1\" class=\"fn\">admin<\/a><\/span><\/div><\/div><div class=\"post-1890 post type-post status-publish format-standard hentry category-relacionamento-consumo ui--blog-item clearfix layout--standard\"><div class=\"ui--blog-side ui--blog-date ui--accent-gradient-hover-parent ui--box\"><h3><span class=\"ui--blog-date-day ui--accent-gradient-hover\">16<\/span><\/h3><h6 class=\"ui--blog-date-month ui--gradient ui--gradient-grey\"><span>abr<\/span><span>2018<\/span><\/h6><\/div><div class=\"ui--blog-content-wrapper\"><div class=\"ui--blog-header\"><h5 class=\"ui--blog-title entry-title clearfix\"><a class=\"ui--blog-link\" href=\"https:\/\/textocon.com\/?p=1890\">Bom atendimento ao cliente tem efeito multiplicador<\/a><\/h5><div class=\"ui--blog-metas clearfix\"><div class=\"ui--blog-metas-right pull-right\"><span class=\"ui--meta-comment\"><a href=\"https:\/\/textocon.com\/?p=1890#respond\"><i class=\"fontawesome-comment px14\"><\/i> 0<\/a><\/span> <span class=\"ui--blog-separator\">&nbsp;<\/span> <span class=\"ui--meta-like\"><a href=\"#\" class=\"ui--likes\" title=\"Like this\" data-post-id=\"1890\" data-options=\"{&quot;zero&quot;:&quot;&lt;i class=\\&quot;fontawesome-heart px14\\&quot;&gt;&lt;\\\/i&gt; %d&quot;,&quot;one&quot;:&quot;&lt;i class=\\&quot;fontawesome-heart px14\\&quot;&gt;&lt;\\\/i&gt; %d&quot;,&quot;more&quot;:&quot;&lt;i class=\\&quot;fontawesome-heart px14\\&quot;&gt;&lt;\\\/i&gt; %d&quot;}\"><span class=\"ui--likes-count\"><i class=\"fontawesome-heart px14\"><\/i> 0<\/span><\/a><\/span><\/div><div class=\"ui--blog-metas-left\"><span class=\"ui--meta-author\">by <a class=\"vcard author\" href=\"https:\/\/textocon.com\/?author=1\"><span class=\"fn\">admin<\/span><\/a><\/span> <span class=\"ui--blog-separator\">\/<\/span> <span class=\"datetime\"><time class=\"entry-date date updated\" datetime=\"2018-04-16T21:29:14+00:00\" itemprop=\"datePublished\" pubdate>abril 16, 2018<\/time><\/span> <span class=\"ui--blog-separator\">\/<\/span> <span class=\"ui--meta-categories\"><a href=\"https:\/\/textocon.com\/?cat=29\" >Relacionamento &amp; consumo<\/a><\/span><\/div><\/div><\/div><div class=\"ui--blog-content\">Pode parecer \u00f3bvio, mas oferecer aos clientes um atendimento de excel\u00eancia \u00e9 essencial para o\r\nbom desempenho de qualquer empreendimento. Atuando dessa forma, o empreendedor torna\r\nfact\u00edvel a realiza\u00e7\u00e3o, na pr\u00e1tica, de tr\u00eas indicadores vitais para o sucesso do neg\u00f3cio: \u00edndice de\r\nsatisfa\u00e7\u00e3o; taxa de retorno e refor\u00e7o da marca da companhia no ... <span class=\"more-link\"><a class=\"btn btn-small btn-grey\" href=\"https:\/\/textocon.com\/?p=1890\" title=\"\">Leia mais<\/a><\/span>\n<\/div><\/div><div style=\"display:none;\"><span class=\"date updated published\">abril 16, 2018<\/span><span class=\"vcard author\"><a href=\"https:\/\/textocon.com\/?author=1\" class=\"fn\">admin<\/a><\/span><\/div><\/div><div class=\"post-1888 post type-post status-publish format-standard hentry ui--blog-item clearfix layout--standard\"><div class=\"ui--blog-side ui--blog-date ui--accent-gradient-hover-parent ui--box\"><h3><span class=\"ui--blog-date-day ui--accent-gradient-hover\">16<\/span><\/h3><h6 class=\"ui--blog-date-month ui--gradient ui--gradient-grey\"><span>abr<\/span><span>2018<\/span><\/h6><\/div><div class=\"ui--blog-content-wrapper\"><div class=\"ui--blog-header\"><h5 class=\"ui--blog-title entry-title clearfix\"><a class=\"ui--blog-link\" href=\"https:\/\/textocon.com\/?p=1888\">Com fundamento, senso comum d\u00e1 show de bola em reuni\u00e3o de neg\u00f3cio<\/a><\/h5><div class=\"ui--blog-metas clearfix\"><div class=\"ui--blog-metas-right pull-right\"><span class=\"ui--meta-comment\"><a href=\"https:\/\/textocon.com\/?p=1888#respond\"><i class=\"fontawesome-comment px14\"><\/i> 0<\/a><\/span> <span class=\"ui--blog-separator\">&nbsp;<\/span> <span class=\"ui--meta-like\"><a href=\"#\" class=\"ui--likes\" title=\"Like this\" data-post-id=\"1888\" data-options=\"{&quot;zero&quot;:&quot;&lt;i class=\\&quot;fontawesome-heart px14\\&quot;&gt;&lt;\\\/i&gt; %d&quot;,&quot;one&quot;:&quot;&lt;i class=\\&quot;fontawesome-heart px14\\&quot;&gt;&lt;\\\/i&gt; %d&quot;,&quot;more&quot;:&quot;&lt;i class=\\&quot;fontawesome-heart px14\\&quot;&gt;&lt;\\\/i&gt; %d&quot;}\"><span class=\"ui--likes-count\"><i class=\"fontawesome-heart px14\"><\/i> 0<\/span><\/a><\/span><\/div><div class=\"ui--blog-metas-left\"><span class=\"ui--meta-author\">by <a class=\"vcard author\" href=\"https:\/\/textocon.com\/?author=1\"><span class=\"fn\">admin<\/span><\/a><\/span> <span class=\"ui--blog-separator\">\/<\/span> <span class=\"datetime\"><time class=\"entry-date date updated\" datetime=\"2018-04-16T21:27:46+00:00\" itemprop=\"datePublished\" pubdate>abril 16, 2018<\/time><\/span> <span class=\"ui--blog-separator\">\/<\/span> <span class=\"ui--meta-categories\">Sem categoria<\/span><\/div><\/div><\/div><div class=\"ui--blog-content\">Aquele velho ditado que diz \u2013 a primeira impress\u00e3o \u00e9 a que fica \u2013 pode fazer a diferen\u00e7a em uma\r\nreuni\u00e3o com algu\u00e9m importante, com potencial para se transformar em um grande cliente. \u00c0s\r\nvezes, alguns marinheiros de primeira viagem afoitos por fechar logo um contrato de neg\u00f3cio, s\u00e3o\r\npegos no contrap\u00e9, em ... <span class=\"more-link\"><a class=\"btn btn-small btn-grey\" href=\"https:\/\/textocon.com\/?p=1888\" title=\"\">Leia mais<\/a><\/span>\n<\/div><\/div><div style=\"display:none;\"><span class=\"date updated published\">abril 16, 2018<\/span><span class=\"vcard author\"><a href=\"https:\/\/textocon.com\/?author=1\" class=\"fn\">admin<\/a><\/span><\/div><\/div><div class=\"post-1883 post type-post status-publish format-standard hentry category-noticias ui--blog-item clearfix layout--standard\"><div class=\"ui--blog-side ui--blog-date ui--accent-gradient-hover-parent ui--box\"><h3><span class=\"ui--blog-date-day ui--accent-gradient-hover\">16<\/span><\/h3><h6 class=\"ui--blog-date-month ui--gradient ui--gradient-grey\"><span>abr<\/span><span>2018<\/span><\/h6><\/div><div class=\"ui--blog-content-wrapper\"><div class=\"ui--blog-header\"><h5 class=\"ui--blog-title entry-title clearfix\"><a class=\"ui--blog-link\" href=\"https:\/\/textocon.com\/?p=1883\">Tecnologias inovadoras removem ru\u00eddos da comunica\u00e7\u00e3o corporativa<\/a><\/h5><div class=\"ui--blog-metas clearfix\"><div class=\"ui--blog-metas-right pull-right\"><span class=\"ui--meta-comment\"><a href=\"https:\/\/textocon.com\/?p=1883#respond\"><i class=\"fontawesome-comment px14\"><\/i> 0<\/a><\/span> <span class=\"ui--blog-separator\">&nbsp;<\/span> <span class=\"ui--meta-like\"><a href=\"#\" class=\"ui--likes\" title=\"Like this\" data-post-id=\"1883\" data-options=\"{&quot;zero&quot;:&quot;&lt;i class=\\&quot;fontawesome-heart px14\\&quot;&gt;&lt;\\\/i&gt; %d&quot;,&quot;one&quot;:&quot;&lt;i class=\\&quot;fontawesome-heart px14\\&quot;&gt;&lt;\\\/i&gt; %d&quot;,&quot;more&quot;:&quot;&lt;i class=\\&quot;fontawesome-heart px14\\&quot;&gt;&lt;\\\/i&gt; %d&quot;}\"><span class=\"ui--likes-count\"><i class=\"fontawesome-heart px14\"><\/i> 0<\/span><\/a><\/span><\/div><div class=\"ui--blog-metas-left\"><span class=\"ui--meta-author\">by <a class=\"vcard author\" href=\"https:\/\/textocon.com\/?author=1\"><span class=\"fn\">admin<\/span><\/a><\/span> <span class=\"ui--blog-separator\">\/<\/span> <span class=\"datetime\"><time class=\"entry-date date updated\" datetime=\"2018-04-16T21:26:54+00:00\" itemprop=\"datePublished\" pubdate>abril 16, 2018<\/time><\/span> <span class=\"ui--blog-separator\">\/<\/span> <span class=\"ui--meta-categories\"><a href=\"https:\/\/textocon.com\/?cat=14\" >Not\u00edcias<\/a><\/span><\/div><\/div><\/div><div class=\"ui--blog-content\">Solu\u00e7\u00f5es mais arrojadas de comunica\u00e7\u00e3o podem remover alguns dos principais obst\u00e1culos que as\r\nempresas enfrentam atualmente, com vistas a elevar a velocidade do fluxo de informa\u00e7\u00e3o entre\r\nseus funcion\u00e1rios. Dentre as novidades com esse foco destacam-se, por exemplo, as tecnologias\r\nque integram diversos sistemas, operam em uma \u00fanica interface e em tempo real, ... <span class=\"more-link\"><a class=\"btn btn-small btn-grey\" href=\"https:\/\/textocon.com\/?p=1883\" title=\"\">Leia mais<\/a><\/span>\n<\/div><\/div><div style=\"display:none;\"><span class=\"date updated published\">abril 16, 2018<\/span><span class=\"vcard author\"><a href=\"https:\/\/textocon.com\/?author=1\" class=\"fn\">admin<\/a><\/span><\/div><\/div><div class=\"post-1879 post type-post status-publish format-standard hentry category-reportagens ui--blog-item clearfix layout--standard\"><div class=\"ui--blog-side ui--blog-date ui--accent-gradient-hover-parent ui--box\"><h3><span class=\"ui--blog-date-day ui--accent-gradient-hover\">03<\/span><\/h3><h6 class=\"ui--blog-date-month ui--gradient ui--gradient-grey\"><span>abr<\/span><span>2018<\/span><\/h6><\/div><div class=\"ui--blog-content-wrapper\"><div class=\"ui--blog-header\"><h5 class=\"ui--blog-title entry-title clearfix\"><a class=\"ui--blog-link\" href=\"https:\/\/textocon.com\/?p=1879\">Siderurgia brasileira de olho no carro el\u00e9trico<\/a><\/h5><div class=\"ui--blog-metas clearfix\"><div class=\"ui--blog-metas-right pull-right\"><span class=\"ui--meta-comment\"><a href=\"https:\/\/textocon.com\/?p=1879#respond\"><i class=\"fontawesome-comment px14\"><\/i> 0<\/a><\/span> <span class=\"ui--blog-separator\">&nbsp;<\/span> <span class=\"ui--meta-like\"><a href=\"#\" class=\"ui--likes\" title=\"Like this\" data-post-id=\"1879\" data-options=\"{&quot;zero&quot;:&quot;&lt;i class=\\&quot;fontawesome-heart px14\\&quot;&gt;&lt;\\\/i&gt; %d&quot;,&quot;one&quot;:&quot;&lt;i class=\\&quot;fontawesome-heart px14\\&quot;&gt;&lt;\\\/i&gt; %d&quot;,&quot;more&quot;:&quot;&lt;i class=\\&quot;fontawesome-heart px14\\&quot;&gt;&lt;\\\/i&gt; %d&quot;}\"><span class=\"ui--likes-count\"><i class=\"fontawesome-heart px14\"><\/i> 0<\/span><\/a><\/span><\/div><div class=\"ui--blog-metas-left\"><span class=\"ui--meta-author\">by <a class=\"vcard author\" href=\"https:\/\/textocon.com\/?author=1\"><span class=\"fn\">admin<\/span><\/a><\/span> <span class=\"ui--blog-separator\">\/<\/span> <span class=\"datetime\"><time class=\"entry-date date updated\" datetime=\"2018-04-03T13:54:49+00:00\" itemprop=\"datePublished\" pubdate>abril 3, 2018<\/time><\/span> <span class=\"ui--blog-separator\">\/<\/span> <span class=\"ui--meta-categories\"><a href=\"https:\/\/textocon.com\/?cat=25\" >Reportagens<\/a><\/span><\/div><\/div><\/div><div class=\"ui--blog-content\">Parcerias com fornecedores e know-how integram a estrat\u00e9gica das sider\u00fargicas do Brasil visando\r\ngarantir uma posi\u00e7\u00e3o de destaque no fornecimento de a\u00e7o para a produ\u00e7\u00e3o de carros el\u00e9tricos. A\r\nalavancagem tecnol\u00f3gica das usinas \u00e9 retratada na mat\u00e9ria de capa da revista ABM Digital\r\njaneiro\/fevereiro\/mar\u00e7o, que pode ser lida no site da Associa\u00e7\u00e3o citado ... <span class=\"more-link\"><a class=\"btn btn-small btn-grey\" href=\"https:\/\/textocon.com\/?p=1879\" title=\"\">Leia mais<\/a><\/span>\n<\/div><\/div><div style=\"display:none;\"><span class=\"date updated published\">abril 3, 2018<\/span><span class=\"vcard author\"><a href=\"https:\/\/textocon.com\/?author=1\" class=\"fn\">admin<\/a><\/span><\/div><\/div><div class=\"post-1876 post type-post status-publish format-standard hentry category-relacionamento-consumo ui--blog-item clearfix layout--standard\"><div class=\"ui--blog-side ui--blog-date ui--accent-gradient-hover-parent ui--box\"><h3><span class=\"ui--blog-date-day ui--accent-gradient-hover\">28<\/span><\/h3><h6 class=\"ui--blog-date-month ui--gradient ui--gradient-grey\"><span>mar<\/span><span>2018<\/span><\/h6><\/div><div class=\"ui--blog-content-wrapper\"><div class=\"ui--blog-header\"><h5 class=\"ui--blog-title entry-title clearfix\"><a class=\"ui--blog-link\" href=\"https:\/\/textocon.com\/?p=1876\">Intelig\u00eancia artificial agrega valor aos neg\u00f3cios do varejo<\/a><\/h5><div class=\"ui--blog-metas clearfix\"><div class=\"ui--blog-metas-right pull-right\"><span class=\"ui--meta-comment\"><a href=\"https:\/\/textocon.com\/?p=1876#respond\"><i class=\"fontawesome-comment px14\"><\/i> 0<\/a><\/span> <span class=\"ui--blog-separator\">&nbsp;<\/span> <span class=\"ui--meta-like\"><a href=\"#\" class=\"ui--likes\" title=\"Like this\" data-post-id=\"1876\" data-options=\"{&quot;zero&quot;:&quot;&lt;i class=\\&quot;fontawesome-heart px14\\&quot;&gt;&lt;\\\/i&gt; %d&quot;,&quot;one&quot;:&quot;&lt;i class=\\&quot;fontawesome-heart px14\\&quot;&gt;&lt;\\\/i&gt; %d&quot;,&quot;more&quot;:&quot;&lt;i class=\\&quot;fontawesome-heart px14\\&quot;&gt;&lt;\\\/i&gt; %d&quot;}\"><span class=\"ui--likes-count\"><i class=\"fontawesome-heart px14\"><\/i> 0<\/span><\/a><\/span><\/div><div class=\"ui--blog-metas-left\"><span class=\"ui--meta-author\">by <a class=\"vcard author\" href=\"https:\/\/textocon.com\/?author=1\"><span class=\"fn\">admin<\/span><\/a><\/span> <span class=\"ui--blog-separator\">\/<\/span> <span class=\"datetime\"><time class=\"entry-date date updated\" datetime=\"2018-03-28T14:41:57+00:00\" itemprop=\"datePublished\" pubdate>mar\u00e7o 28, 2018<\/time><\/span> <span class=\"ui--blog-separator\">\/<\/span> <span class=\"ui--meta-categories\"><a href=\"https:\/\/textocon.com\/?cat=29\" >Relacionamento &amp; consumo<\/a><\/span><\/div><\/div><\/div><div class=\"ui--blog-content\">A personaliza\u00e7\u00e3o da experi\u00eancia do consumidor, a melhoria dos programas de relacionamento e a digitaliza\u00e7\u00e3o da gest\u00e3o est\u00e3o entre as prioridades estrat\u00e9gicas dos varejistas para 2018. A previs\u00e3o \u00e9 da International Data Corporation (IDC) baseada em seus estudos sobre intelig\u00eancia artificial aplicada nos neg\u00f3cios, respaldadas por premissas verificadas em pesquisas ... <span class=\"more-link\"><a class=\"btn btn-small btn-grey\" href=\"https:\/\/textocon.com\/?p=1876\" title=\"\">Leia mais<\/a><\/span>\n<\/div><\/div><div style=\"display:none;\"><span class=\"date updated published\">mar\u00e7o 28, 2018<\/span><span class=\"vcard author\"><a href=\"https:\/\/textocon.com\/?author=1\" class=\"fn\">admin<\/a><\/span><\/div><\/div><div class=\"post-1874 post type-post status-publish format-standard hentry category-relacionamento-consumo ui--blog-item clearfix layout--standard\"><div class=\"ui--blog-side ui--blog-date ui--accent-gradient-hover-parent ui--box\"><h3><span class=\"ui--blog-date-day ui--accent-gradient-hover\">28<\/span><\/h3><h6 class=\"ui--blog-date-month ui--gradient ui--gradient-grey\"><span>mar<\/span><span>2018<\/span><\/h6><\/div><div class=\"ui--blog-content-wrapper\"><div class=\"ui--blog-header\"><h5 class=\"ui--blog-title entry-title clearfix\"><a class=\"ui--blog-link\" href=\"https:\/\/textocon.com\/?p=1874\">Apps e celulares impulsionam novos h\u00e1bitos de consumo<\/a><\/h5><div class=\"ui--blog-metas clearfix\"><div class=\"ui--blog-metas-right pull-right\"><span class=\"ui--meta-comment\"><a href=\"https:\/\/textocon.com\/?p=1874#respond\"><i class=\"fontawesome-comment px14\"><\/i> 0<\/a><\/span> <span class=\"ui--blog-separator\">&nbsp;<\/span> <span class=\"ui--meta-like\"><a href=\"#\" class=\"ui--likes\" title=\"Like this\" data-post-id=\"1874\" data-options=\"{&quot;zero&quot;:&quot;&lt;i class=\\&quot;fontawesome-heart px14\\&quot;&gt;&lt;\\\/i&gt; %d&quot;,&quot;one&quot;:&quot;&lt;i class=\\&quot;fontawesome-heart px14\\&quot;&gt;&lt;\\\/i&gt; %d&quot;,&quot;more&quot;:&quot;&lt;i class=\\&quot;fontawesome-heart px14\\&quot;&gt;&lt;\\\/i&gt; %d&quot;}\"><span class=\"ui--likes-count\"><i class=\"fontawesome-heart px14\"><\/i> 0<\/span><\/a><\/span><\/div><div class=\"ui--blog-metas-left\"><span class=\"ui--meta-author\">by <a class=\"vcard author\" href=\"https:\/\/textocon.com\/?author=1\"><span class=\"fn\">admin<\/span><\/a><\/span> <span class=\"ui--blog-separator\">\/<\/span> <span class=\"datetime\"><time class=\"entry-date date updated\" datetime=\"2018-03-28T14:39:41+00:00\" itemprop=\"datePublished\" pubdate>mar\u00e7o 28, 2018<\/time><\/span> <span class=\"ui--blog-separator\">\/<\/span> <span class=\"ui--meta-categories\"><a href=\"https:\/\/textocon.com\/?cat=29\" >Relacionamento &amp; consumo<\/a><\/span><\/div><\/div><\/div><div class=\"ui--blog-content\">Os h\u00e1bitos de consumo s\u00e3o cada vez mais impulsionados por novas tecnologias, com destaque para as compras online. No Brasil, essa modalidade de neg\u00f3cio concretizada via app e web mobile j\u00e1 representam 48% das transa\u00e7\u00f5es realizadas pelo varejo em dispositivos m\u00f3veis, conforme pesquisa da Criteo, l\u00edder em tecnologia para commerce ... <span class=\"more-link\"><a class=\"btn btn-small btn-grey\" href=\"https:\/\/textocon.com\/?p=1874\" title=\"\">Leia mais<\/a><\/span>\n<\/div><\/div><div style=\"display:none;\"><span class=\"date updated published\">mar\u00e7o 28, 2018<\/span><span class=\"vcard author\"><a href=\"https:\/\/textocon.com\/?author=1\" class=\"fn\">admin<\/a><\/span><\/div><\/div><div class=\"post-1867 post type-post status-publish format-standard hentry category-genero-e-diversidade-sociocultural ui--blog-item clearfix layout--standard\"><div class=\"ui--blog-side ui--blog-date ui--accent-gradient-hover-parent ui--box\"><h3><span class=\"ui--blog-date-day ui--accent-gradient-hover\">26<\/span><\/h3><h6 class=\"ui--blog-date-month ui--gradient ui--gradient-grey\"><span>mar<\/span><span>2018<\/span><\/h6><\/div><div class=\"ui--blog-content-wrapper\"><div class=\"ui--blog-header\"><h5 class=\"ui--blog-title entry-title clearfix\"><a class=\"ui--blog-link\" href=\"https:\/\/textocon.com\/?p=1867\">Produtividade do trabalho ganha for\u00e7a com mulheres no comando<\/a><\/h5><div class=\"ui--blog-metas clearfix\"><div class=\"ui--blog-metas-right pull-right\"><span class=\"ui--meta-comment\"><a href=\"https:\/\/textocon.com\/?p=1867#respond\"><i class=\"fontawesome-comment px14\"><\/i> 0<\/a><\/span> <span class=\"ui--blog-separator\">&nbsp;<\/span> <span class=\"ui--meta-like\"><a href=\"#\" class=\"ui--likes\" title=\"Like this\" data-post-id=\"1867\" data-options=\"{&quot;zero&quot;:&quot;&lt;i class=\\&quot;fontawesome-heart px14\\&quot;&gt;&lt;\\\/i&gt; %d&quot;,&quot;one&quot;:&quot;&lt;i class=\\&quot;fontawesome-heart px14\\&quot;&gt;&lt;\\\/i&gt; %d&quot;,&quot;more&quot;:&quot;&lt;i class=\\&quot;fontawesome-heart px14\\&quot;&gt;&lt;\\\/i&gt; %d&quot;}\"><span class=\"ui--likes-count\"><i class=\"fontawesome-heart px14\"><\/i> 0<\/span><\/a><\/span><\/div><div class=\"ui--blog-metas-left\"><span class=\"ui--meta-author\">by <a class=\"vcard author\" href=\"https:\/\/textocon.com\/?author=1\"><span class=\"fn\">admin<\/span><\/a><\/span> <span class=\"ui--blog-separator\">\/<\/span> <span class=\"datetime\"><time class=\"entry-date date updated\" datetime=\"2018-03-26T13:53:56+00:00\" itemprop=\"datePublished\" pubdate>mar\u00e7o 26, 2018<\/time><\/span> <span class=\"ui--blog-separator\">\/<\/span> <span class=\"ui--meta-categories\"><a href=\"https:\/\/textocon.com\/?cat=27\" >G\u00eanero e diversidade sociocultural<\/a><\/span><\/div><\/div><\/div><div class=\"ui--blog-content\">As equipes de gestores compostas por uma combina\u00e7\u00e3o equilibrada de homens e mulheres v\u00eam contribuindo de forma mais efetiva na gera\u00e7\u00e3o de valor para os neg\u00f3cios de suas respectivas empregadoras. Dentre os indicadores mais vis\u00edveis destacam-se a eleva\u00e7\u00e3o das margens operacionais, satisfa\u00e7\u00e3o do cliente e reten\u00e7\u00e3o de funcion\u00e1rios registrados em ... <span class=\"more-link\"><a class=\"btn btn-small btn-grey\" href=\"https:\/\/textocon.com\/?p=1867\" title=\"\">Leia mais<\/a><\/span>\n<\/div><\/div><div style=\"display:none;\"><span class=\"date updated published\">mar\u00e7o 26, 2018<\/span><span class=\"vcard author\"><a href=\"https:\/\/textocon.com\/?author=1\" class=\"fn\">admin<\/a><\/span><\/div><\/div><div class=\"post-1857 post type-post status-publish format-standard hentry category-genero-e-diversidade-sociocultural ui--blog-item clearfix layout--standard\"><div class=\"ui--blog-side ui--blog-date ui--accent-gradient-hover-parent ui--box\"><h3><span class=\"ui--blog-date-day ui--accent-gradient-hover\">06<\/span><\/h3><h6 class=\"ui--blog-date-month ui--gradient ui--gradient-grey\"><span>mar<\/span><span>2018<\/span><\/h6><\/div><div class=\"ui--blog-content-wrapper\"><div class=\"ui--blog-header\"><h5 class=\"ui--blog-title entry-title clearfix\"><a class=\"ui--blog-link\" href=\"https:\/\/textocon.com\/?p=1857\">No Dia da Mulher, um recado para quem quer ser bem-sucedida<\/a><\/h5><div class=\"ui--blog-metas clearfix\"><div class=\"ui--blog-metas-right pull-right\"><span class=\"ui--meta-comment\"><a href=\"https:\/\/textocon.com\/?p=1857#respond\"><i class=\"fontawesome-comment px14\"><\/i> 0<\/a><\/span> <span class=\"ui--blog-separator\">&nbsp;<\/span> <span class=\"ui--meta-like\"><a href=\"#\" class=\"ui--likes\" title=\"Like this\" data-post-id=\"1857\" data-options=\"{&quot;zero&quot;:&quot;&lt;i class=\\&quot;fontawesome-heart px14\\&quot;&gt;&lt;\\\/i&gt; %d&quot;,&quot;one&quot;:&quot;&lt;i class=\\&quot;fontawesome-heart px14\\&quot;&gt;&lt;\\\/i&gt; %d&quot;,&quot;more&quot;:&quot;&lt;i class=\\&quot;fontawesome-heart px14\\&quot;&gt;&lt;\\\/i&gt; %d&quot;}\"><span class=\"ui--likes-count\"><i class=\"fontawesome-heart px14\"><\/i> 0<\/span><\/a><\/span><\/div><div class=\"ui--blog-metas-left\"><span class=\"ui--meta-author\">by <a class=\"vcard author\" href=\"https:\/\/textocon.com\/?author=1\"><span class=\"fn\">admin<\/span><\/a><\/span> <span class=\"ui--blog-separator\">\/<\/span> <span class=\"datetime\"><time class=\"entry-date date updated\" datetime=\"2018-03-06T13:56:23+00:00\" itemprop=\"datePublished\" pubdate>mar\u00e7o 6, 2018<\/time><\/span> <span class=\"ui--blog-separator\">\/<\/span> <span class=\"ui--meta-categories\"><a href=\"https:\/\/textocon.com\/?cat=27\" >G\u00eanero e diversidade sociocultural<\/a><\/span><\/div><\/div><\/div><div class=\"ui--blog-content\">O Brasil tem uma tradi\u00e7\u00e3o de muitos dias disso, dias daquilo etc. Alguns foram incorporados ao\r\ncalend\u00e1rio comercial e outros n\u00e3o. Ficaram fora principalmente as datas alusivas a algum sentido\r\nque deixa transparecer um vi\u00e9s anti status quo, o que n\u00e3o \u00e9 o caso de 8 de mar\u00e7o, batizado como \u201cDia da\r\nMulher\u201d. ... <span class=\"more-link\"><a class=\"btn btn-small btn-grey\" href=\"https:\/\/textocon.com\/?p=1857\" title=\"\">Leia mais<\/a><\/span>\n<\/div><\/div><div style=\"display:none;\"><span class=\"date updated published\">mar\u00e7o 6, 2018<\/span><span class=\"vcard author\"><a href=\"https:\/\/textocon.com\/?author=1\" class=\"fn\">admin<\/a><\/span><\/div><\/div><div class=\"post-1854 post type-post status-publish format-standard hentry category-relacionamento-consumo ui--blog-item clearfix layout--standard\"><div class=\"ui--blog-side ui--blog-date ui--accent-gradient-hover-parent ui--box\"><h3><span class=\"ui--blog-date-day ui--accent-gradient-hover\">03<\/span><\/h3><h6 class=\"ui--blog-date-month ui--gradient ui--gradient-grey\"><span>mar<\/span><span>2018<\/span><\/h6><\/div><div class=\"ui--blog-content-wrapper\"><div class=\"ui--blog-header\"><h5 class=\"ui--blog-title entry-title clearfix\"><a class=\"ui--blog-link\" href=\"https:\/\/textocon.com\/?p=1854\">Call centers buscam moderniza\u00e7\u00e3o com interface digital<\/a><\/h5><div class=\"ui--blog-metas clearfix\"><div class=\"ui--blog-metas-right pull-right\"><span class=\"ui--meta-comment\"><a href=\"https:\/\/textocon.com\/?p=1854#respond\"><i class=\"fontawesome-comment px14\"><\/i> 0<\/a><\/span> <span class=\"ui--blog-separator\">&nbsp;<\/span> <span class=\"ui--meta-like\"><a href=\"#\" class=\"ui--likes\" title=\"Like this\" data-post-id=\"1854\" data-options=\"{&quot;zero&quot;:&quot;&lt;i class=\\&quot;fontawesome-heart px14\\&quot;&gt;&lt;\\\/i&gt; %d&quot;,&quot;one&quot;:&quot;&lt;i class=\\&quot;fontawesome-heart px14\\&quot;&gt;&lt;\\\/i&gt; %d&quot;,&quot;more&quot;:&quot;&lt;i class=\\&quot;fontawesome-heart px14\\&quot;&gt;&lt;\\\/i&gt; %d&quot;}\"><span class=\"ui--likes-count\"><i class=\"fontawesome-heart px14\"><\/i> 0<\/span><\/a><\/span><\/div><div class=\"ui--blog-metas-left\"><span class=\"ui--meta-author\">by <a class=\"vcard author\" href=\"https:\/\/textocon.com\/?author=1\"><span class=\"fn\">admin<\/span><\/a><\/span> <span class=\"ui--blog-separator\">\/<\/span> <span class=\"datetime\"><time class=\"entry-date date updated\" datetime=\"2018-03-03T22:45:04+00:00\" itemprop=\"datePublished\" pubdate>mar\u00e7o 3, 2018<\/time><\/span> <span class=\"ui--blog-separator\">\/<\/span> <span class=\"ui--meta-categories\"><a href=\"https:\/\/textocon.com\/?cat=29\" >Relacionamento &amp; consumo<\/a><\/span><\/div><\/div><\/div><div class=\"ui--blog-content\">A forte tend\u00eancia manifesta por empresas interessadas em ficar mais pr\u00f3xima de seu p\u00fablico est\u00e1\r\ndeterminando mudan\u00e7as nos padr\u00f5es de opera\u00e7\u00e3o dos Call Centers. Ao mesmo tempo surgem\r\nnovas tecnologias de comunica\u00e7\u00e3o capazes de estreitar o relacionamento entre clientes e\r\nempresa. Detectou-se que em face de os clientes estarem mais conectados \u00e0s redes ... <span class=\"more-link\"><a class=\"btn btn-small btn-grey\" href=\"https:\/\/textocon.com\/?p=1854\" title=\"\">Leia mais<\/a><\/span>\n<\/div><\/div><div style=\"display:none;\"><span class=\"date updated published\">mar\u00e7o 3, 2018<\/span><span class=\"vcard author\"><a href=\"https:\/\/textocon.com\/?author=1\" class=\"fn\">admin<\/a><\/span><\/div><\/div><div class=\"post-1851 post type-post status-publish format-standard hentry category-noticias ui--blog-item clearfix layout--standard\"><div class=\"ui--blog-side ui--blog-date ui--accent-gradient-hover-parent ui--box\"><h3><span class=\"ui--blog-date-day ui--accent-gradient-hover\">03<\/span><\/h3><h6 class=\"ui--blog-date-month ui--gradient ui--gradient-grey\"><span>mar<\/span><span>2018<\/span><\/h6><\/div><div class=\"ui--blog-content-wrapper\"><div class=\"ui--blog-header\"><h5 class=\"ui--blog-title entry-title clearfix\"><a class=\"ui--blog-link\" href=\"https:\/\/textocon.com\/?p=1851\">Economia ga\u00facha pode perder uma refer\u00eancia estrat\u00e9gica<\/a><\/h5><div class=\"ui--blog-metas clearfix\"><div class=\"ui--blog-metas-right pull-right\"><span class=\"ui--meta-comment\"><a href=\"https:\/\/textocon.com\/?p=1851#respond\"><i class=\"fontawesome-comment px14\"><\/i> 0<\/a><\/span> <span class=\"ui--blog-separator\">&nbsp;<\/span> <span class=\"ui--meta-like\"><a href=\"#\" class=\"ui--likes\" title=\"Like this\" data-post-id=\"1851\" data-options=\"{&quot;zero&quot;:&quot;&lt;i class=\\&quot;fontawesome-heart px14\\&quot;&gt;&lt;\\\/i&gt; %d&quot;,&quot;one&quot;:&quot;&lt;i class=\\&quot;fontawesome-heart px14\\&quot;&gt;&lt;\\\/i&gt; %d&quot;,&quot;more&quot;:&quot;&lt;i class=\\&quot;fontawesome-heart px14\\&quot;&gt;&lt;\\\/i&gt; %d&quot;}\"><span class=\"ui--likes-count\"><i class=\"fontawesome-heart px14\"><\/i> 0<\/span><\/a><\/span><\/div><div class=\"ui--blog-metas-left\"><span class=\"ui--meta-author\">by <a class=\"vcard author\" href=\"https:\/\/textocon.com\/?author=1\"><span class=\"fn\">admin<\/span><\/a><\/span> <span class=\"ui--blog-separator\">\/<\/span> <span class=\"datetime\"><time class=\"entry-date date updated\" datetime=\"2018-03-03T22:42:10+00:00\" itemprop=\"datePublished\" pubdate>mar\u00e7o 3, 2018<\/time><\/span> <span class=\"ui--blog-separator\">\/<\/span> <span class=\"ui--meta-categories\"><a href=\"https:\/\/textocon.com\/?cat=14\" >Not\u00edcias<\/a><\/span><\/div><\/div><\/div><div class=\"ui--blog-content\">A prov\u00e1vel extin\u00e7\u00e3o da FEE -Funda\u00e7\u00e3o de Economia e Estat\u00edstica, ligada ao governo ga\u00facho,\r\npoder\u00e1 trazer consequ\u00eancias negativas aos estudos de indicadores que facilitam e d\u00e3o\r\nconsist\u00eancia macroecon\u00f4mica a planos de m\u00e9dio e longo prazos no Estado. Inclusa em um pacote\r\nde ajuste das finan\u00e7as p\u00fablicas, pelo atual governo, a medida vem despertando ... <span class=\"more-link\"><a class=\"btn btn-small btn-grey\" href=\"https:\/\/textocon.com\/?p=1851\" title=\"\">Leia mais<\/a><\/span>\n<\/div><\/div><div style=\"display:none;\"><span class=\"date updated published\">mar\u00e7o 3, 2018<\/span><span class=\"vcard author\"><a href=\"https:\/\/textocon.com\/?author=1\" class=\"fn\">admin<\/a><\/span><\/div><\/div><div class=\"post-1847 post type-post status-publish format-standard hentry category-educacao-e-cultura-organizacional ui--blog-item clearfix layout--standard\"><div class=\"ui--blog-side ui--blog-date ui--accent-gradient-hover-parent ui--box\"><h3><span class=\"ui--blog-date-day ui--accent-gradient-hover\">23<\/span><\/h3><h6 class=\"ui--blog-date-month ui--gradient ui--gradient-grey\"><span>fev<\/span><span>2018<\/span><\/h6><\/div><div class=\"ui--blog-content-wrapper\"><div class=\"ui--blog-header\"><h5 class=\"ui--blog-title entry-title clearfix\"><a class=\"ui--blog-link\" href=\"https:\/\/textocon.com\/?p=1847\">Em foco, inova\u00e7\u00f5es e cultura organizacional do varejo<\/a><\/h5><div class=\"ui--blog-metas clearfix\"><div class=\"ui--blog-metas-right pull-right\"><span class=\"ui--meta-comment\"><a href=\"https:\/\/textocon.com\/?p=1847#respond\"><i class=\"fontawesome-comment px14\"><\/i> 0<\/a><\/span> <span class=\"ui--blog-separator\">&nbsp;<\/span> <span class=\"ui--meta-like\"><a href=\"#\" class=\"ui--likes\" title=\"Like this\" data-post-id=\"1847\" data-options=\"{&quot;zero&quot;:&quot;&lt;i class=\\&quot;fontawesome-heart px14\\&quot;&gt;&lt;\\\/i&gt; %d&quot;,&quot;one&quot;:&quot;&lt;i class=\\&quot;fontawesome-heart px14\\&quot;&gt;&lt;\\\/i&gt; %d&quot;,&quot;more&quot;:&quot;&lt;i class=\\&quot;fontawesome-heart px14\\&quot;&gt;&lt;\\\/i&gt; %d&quot;}\"><span class=\"ui--likes-count\"><i class=\"fontawesome-heart px14\"><\/i> 0<\/span><\/a><\/span><\/div><div class=\"ui--blog-metas-left\"><span class=\"ui--meta-author\">by <a class=\"vcard author\" href=\"https:\/\/textocon.com\/?author=1\"><span class=\"fn\">admin<\/span><\/a><\/span> <span class=\"ui--blog-separator\">\/<\/span> <span class=\"datetime\"><time class=\"entry-date date updated\" datetime=\"2018-02-23T14:12:58+00:00\" itemprop=\"datePublished\" pubdate>fevereiro 23, 2018<\/time><\/span> <span class=\"ui--blog-separator\">\/<\/span> <span class=\"ui--meta-categories\"><a href=\"https:\/\/textocon.com\/?cat=26\" >Educa\u00e7\u00e3o e cultura organizacional<\/a><\/span><\/div><\/div><\/div><div class=\"ui--blog-content\">O fim das lojas de departamentos e das empresas familiares focadas quase que\r\nexclusivamente no personalismo de seus fundadores \u00e9 um dos marcos da grande\r\nmudan\u00e7a sofrida pelo varejo brasileiro, na virada do s\u00e9culo. Tanto os grupos\r\nremanescentes como os empreendedores estreantes, inclusive alguns estrangeiros aqui\r\ndesembarcados, tiveram que ressignificar suas pr\u00e1ticas de gest\u00e3o ... <span class=\"more-link\"><a class=\"btn btn-small btn-grey\" href=\"https:\/\/textocon.com\/?p=1847\" title=\"\">Leia mais<\/a><\/span>\n<\/div><\/div><div style=\"display:none;\"><span class=\"date updated published\">fevereiro 23, 2018<\/span><span class=\"vcard author\"><a href=\"https:\/\/textocon.com\/?author=1\" class=\"fn\">admin<\/a><\/span><\/div><\/div><div class=\"post-1844 post type-post status-publish format-standard hentry category-educacao-e-cultura-organizacional ui--blog-item clearfix layout--standard\"><div class=\"ui--blog-side ui--blog-date ui--accent-gradient-hover-parent ui--box\"><h3><span class=\"ui--blog-date-day ui--accent-gradient-hover\">20<\/span><\/h3><h6 class=\"ui--blog-date-month ui--gradient ui--gradient-grey\"><span>fev<\/span><span>2018<\/span><\/h6><\/div><div class=\"ui--blog-content-wrapper\"><div class=\"ui--blog-header\"><h5 class=\"ui--blog-title entry-title clearfix\"><a class=\"ui--blog-link\" href=\"https:\/\/textocon.com\/?p=1844\">Propriedade intelectual ganha maior prote\u00e7\u00e3o<\/a><\/h5><div class=\"ui--blog-metas clearfix\"><div class=\"ui--blog-metas-right pull-right\"><span class=\"ui--meta-comment\"><a href=\"https:\/\/textocon.com\/?p=1844#respond\"><i class=\"fontawesome-comment px14\"><\/i> 0<\/a><\/span> <span class=\"ui--blog-separator\">&nbsp;<\/span> <span class=\"ui--meta-like\"><a href=\"#\" class=\"ui--likes\" title=\"Like this\" data-post-id=\"1844\" data-options=\"{&quot;zero&quot;:&quot;&lt;i class=\\&quot;fontawesome-heart px14\\&quot;&gt;&lt;\\\/i&gt; %d&quot;,&quot;one&quot;:&quot;&lt;i class=\\&quot;fontawesome-heart px14\\&quot;&gt;&lt;\\\/i&gt; %d&quot;,&quot;more&quot;:&quot;&lt;i class=\\&quot;fontawesome-heart px14\\&quot;&gt;&lt;\\\/i&gt; %d&quot;}\"><span class=\"ui--likes-count\"><i class=\"fontawesome-heart px14\"><\/i> 0<\/span><\/a><\/span><\/div><div class=\"ui--blog-metas-left\"><span class=\"ui--meta-author\">by <a class=\"vcard author\" href=\"https:\/\/textocon.com\/?author=1\"><span class=\"fn\">admin<\/span><\/a><\/span> <span class=\"ui--blog-separator\">\/<\/span> <span class=\"datetime\"><time class=\"entry-date date updated\" datetime=\"2018-02-20T13:51:34+00:00\" itemprop=\"datePublished\" pubdate>fevereiro 20, 2018<\/time><\/span> <span class=\"ui--blog-separator\">\/<\/span> <span class=\"ui--meta-categories\"><a href=\"https:\/\/textocon.com\/?cat=26\" >Educa\u00e7\u00e3o e cultura organizacional<\/a><\/span><\/div><\/div><\/div><div class=\"ui--blog-content\">Boa not\u00edcia para quem sempre reclamou da morosidade no reconhecimento formal de\r\npatentes no Brasil. O Instituto Nacional de Propriedade Industrial (INPI) est\u00e1 colocando\r\nem pr\u00e1tica uma medida capaz de agilizar o registro de propriedades intelectuais, cujos\r\nautores tenham interlocu\u00e7\u00e3o com parceiros estrangeiros. Trata-se de um acordo com o\r\nEscrit\u00f3rio Estatal de Patentes da ... <span class=\"more-link\"><a class=\"btn btn-small btn-grey\" href=\"https:\/\/textocon.com\/?p=1844\" title=\"\">Leia mais<\/a><\/span>\n<\/div><\/div><div style=\"display:none;\"><span class=\"date updated published\">fevereiro 20, 2018<\/span><span class=\"vcard author\"><a href=\"https:\/\/textocon.com\/?author=1\" class=\"fn\">admin<\/a><\/span><\/div><\/div><div class=\"post-1841 post type-post status-publish format-standard hentry category-educacao-e-cultura-organizacional ui--blog-item clearfix layout--standard\"><div class=\"ui--blog-side ui--blog-date ui--accent-gradient-hover-parent ui--box\"><h3><span class=\"ui--blog-date-day ui--accent-gradient-hover\">20<\/span><\/h3><h6 class=\"ui--blog-date-month ui--gradient ui--gradient-grey\"><span>fev<\/span><span>2018<\/span><\/h6><\/div><div class=\"ui--blog-content-wrapper\"><div class=\"ui--blog-header\"><h5 class=\"ui--blog-title entry-title clearfix\"><a class=\"ui--blog-link\" href=\"https:\/\/textocon.com\/?p=1841\">Cultura organizacional entra na escola, informalmente<\/a><\/h5><div class=\"ui--blog-metas clearfix\"><div class=\"ui--blog-metas-right pull-right\"><span class=\"ui--meta-comment\"><a href=\"https:\/\/textocon.com\/?p=1841#respond\"><i class=\"fontawesome-comment px14\"><\/i> 0<\/a><\/span> <span class=\"ui--blog-separator\">&nbsp;<\/span> <span class=\"ui--meta-like\"><a href=\"#\" class=\"ui--likes\" title=\"Like this\" data-post-id=\"1841\" data-options=\"{&quot;zero&quot;:&quot;&lt;i class=\\&quot;fontawesome-heart px14\\&quot;&gt;&lt;\\\/i&gt; %d&quot;,&quot;one&quot;:&quot;&lt;i class=\\&quot;fontawesome-heart px14\\&quot;&gt;&lt;\\\/i&gt; %d&quot;,&quot;more&quot;:&quot;&lt;i class=\\&quot;fontawesome-heart px14\\&quot;&gt;&lt;\\\/i&gt; %d&quot;}\"><span class=\"ui--likes-count\"><i class=\"fontawesome-heart px14\"><\/i> 0<\/span><\/a><\/span><\/div><div class=\"ui--blog-metas-left\"><span class=\"ui--meta-author\">by <a class=\"vcard author\" href=\"https:\/\/textocon.com\/?author=1\"><span class=\"fn\">admin<\/span><\/a><\/span> <span class=\"ui--blog-separator\">\/<\/span> <span class=\"datetime\"><time class=\"entry-date date updated\" datetime=\"2018-02-20T13:49:06+00:00\" itemprop=\"datePublished\" pubdate>fevereiro 20, 2018<\/time><\/span> <span class=\"ui--blog-separator\">\/<\/span> <span class=\"ui--meta-categories\"><a href=\"https:\/\/textocon.com\/?cat=26\" >Educa\u00e7\u00e3o e cultura organizacional<\/a><\/span><\/div><\/div><\/div><div class=\"ui--blog-content\">A cultura organizacional come\u00e7a a ser difundida, informalmente, no meio estudantil\r\nintegrado pelo ensino Fundamental e M\u00e9dio do Estado de S\u00e3o Paulo. A novidade resultou\r\nda entrega a estudantes do interior, de dois exemplares do livro \u201cMagazine Luiza \u2013\r\nNeg\u00f3cio &amp;amp; Cultura\u201d, de autoria do s\u00f3cio-diretor da Textocon, o antrop\u00f3logo Maroni J.\r\nSilva.\r\n\r\nO sorteio ... <span class=\"more-link\"><a class=\"btn btn-small btn-grey\" href=\"https:\/\/textocon.com\/?p=1841\" title=\"\">Leia mais<\/a><\/span>\n<\/div><\/div><div style=\"display:none;\"><span class=\"date updated published\">fevereiro 20, 2018<\/span><span class=\"vcard author\"><a href=\"https:\/\/textocon.com\/?author=1\" class=\"fn\">admin<\/a><\/span><\/div><\/div><div class=\"post-1838 post type-post status-publish format-standard hentry category-noticias ui--blog-item clearfix layout--standard\"><div class=\"ui--blog-side ui--blog-date ui--accent-gradient-hover-parent ui--box\"><h3><span class=\"ui--blog-date-day ui--accent-gradient-hover\">20<\/span><\/h3><h6 class=\"ui--blog-date-month ui--gradient ui--gradient-grey\"><span>fev<\/span><span>2018<\/span><\/h6><\/div><div class=\"ui--blog-content-wrapper\"><div class=\"ui--blog-header\"><h5 class=\"ui--blog-title entry-title clearfix\"><a class=\"ui--blog-link\" href=\"https:\/\/textocon.com\/?p=1838\">Gestores de RH analisam a evolu\u00e7\u00e3o das carreiras<\/a><\/h5><div class=\"ui--blog-metas clearfix\"><div class=\"ui--blog-metas-right pull-right\"><span class=\"ui--meta-comment\"><a href=\"https:\/\/textocon.com\/?p=1838#respond\"><i class=\"fontawesome-comment px14\"><\/i> 0<\/a><\/span> <span class=\"ui--blog-separator\">&nbsp;<\/span> <span class=\"ui--meta-like\"><a href=\"#\" class=\"ui--likes\" title=\"Like this\" data-post-id=\"1838\" data-options=\"{&quot;zero&quot;:&quot;&lt;i class=\\&quot;fontawesome-heart px14\\&quot;&gt;&lt;\\\/i&gt; %d&quot;,&quot;one&quot;:&quot;&lt;i class=\\&quot;fontawesome-heart px14\\&quot;&gt;&lt;\\\/i&gt; %d&quot;,&quot;more&quot;:&quot;&lt;i class=\\&quot;fontawesome-heart px14\\&quot;&gt;&lt;\\\/i&gt; %d&quot;}\"><span class=\"ui--likes-count\"><i class=\"fontawesome-heart px14\"><\/i> 0<\/span><\/a><\/span><\/div><div class=\"ui--blog-metas-left\"><span class=\"ui--meta-author\">by <a class=\"vcard author\" href=\"https:\/\/textocon.com\/?author=1\"><span class=\"fn\">admin<\/span><\/a><\/span> <span class=\"ui--blog-separator\">\/<\/span> <span class=\"datetime\"><time class=\"entry-date date updated\" datetime=\"2018-02-20T13:37:58+00:00\" itemprop=\"datePublished\" pubdate>fevereiro 20, 2018<\/time><\/span> <span class=\"ui--blog-separator\">\/<\/span> <span class=\"ui--meta-categories\"><a href=\"https:\/\/textocon.com\/?cat=14\" >Not\u00edcias<\/a><\/span><\/div><\/div><\/div><div class=\"ui--blog-content\">O Grupo Gest\u00e3o e RH lan\u00e7ar\u00e1, em junho pr\u00f3ximo, um livro que dever\u00e1 contribuir para\r\nenriquecer a literatura sobre a evolu\u00e7\u00e3o dos percursos profissionais no Brasil. A\r\npublica\u00e7\u00e3o que est\u00e1 sendo preparada sob a coordena\u00e7\u00e3o da empresa que atua h\u00e1 quase\r\ntr\u00eas d\u00e9cadas no segmento de recursos humanos, trar\u00e1 depoimentos de 30 executivos ... <span class=\"more-link\"><a class=\"btn btn-small btn-grey\" href=\"https:\/\/textocon.com\/?p=1838\" title=\"\">Leia mais<\/a><\/span>\n<\/div><\/div><div style=\"display:none;\"><span class=\"date updated published\">fevereiro 20, 2018<\/span><span class=\"vcard author\"><a href=\"https:\/\/textocon.com\/?author=1\" class=\"fn\">admin<\/a><\/span><\/div><\/div><div class=\"post-1830 post type-post status-publish format-standard hentry category-educacao-e-cultura-organizacional ui--blog-item clearfix layout--standard\"><div class=\"ui--blog-side ui--blog-date ui--accent-gradient-hover-parent ui--box\"><h3><span class=\"ui--blog-date-day ui--accent-gradient-hover\">06<\/span><\/h3><h6 class=\"ui--blog-date-month ui--gradient ui--gradient-grey\"><span>fev<\/span><span>2018<\/span><\/h6><\/div><div class=\"ui--blog-content-wrapper\"><div class=\"ui--blog-header\"><h5 class=\"ui--blog-title entry-title clearfix\"><a class=\"ui--blog-link\" href=\"https:\/\/textocon.com\/?p=1830\">Cultura e Dimens\u00f5es Sociais nas Organiza\u00e7\u00f5es<\/a><\/h5><div class=\"ui--blog-metas clearfix\"><div class=\"ui--blog-metas-right pull-right\"><span class=\"ui--meta-comment\"><a href=\"https:\/\/textocon.com\/?p=1830#respond\"><i class=\"fontawesome-comment px14\"><\/i> 0<\/a><\/span> <span class=\"ui--blog-separator\">&nbsp;<\/span> <span class=\"ui--meta-like\"><a href=\"#\" class=\"ui--likes\" title=\"Like this\" data-post-id=\"1830\" data-options=\"{&quot;zero&quot;:&quot;&lt;i class=\\&quot;fontawesome-heart px14\\&quot;&gt;&lt;\\\/i&gt; %d&quot;,&quot;one&quot;:&quot;&lt;i class=\\&quot;fontawesome-heart px14\\&quot;&gt;&lt;\\\/i&gt; %d&quot;,&quot;more&quot;:&quot;&lt;i class=\\&quot;fontawesome-heart px14\\&quot;&gt;&lt;\\\/i&gt; %d&quot;}\"><span class=\"ui--likes-count\"><i class=\"fontawesome-heart px14\"><\/i> 0<\/span><\/a><\/span><\/div><div class=\"ui--blog-metas-left\"><span class=\"ui--meta-author\">by <a class=\"vcard author\" href=\"https:\/\/textocon.com\/?author=1\"><span class=\"fn\">admin<\/span><\/a><\/span> <span class=\"ui--blog-separator\">\/<\/span> <span class=\"datetime\"><time class=\"entry-date date updated\" datetime=\"2018-02-06T18:37:44+00:00\" itemprop=\"datePublished\" pubdate>fevereiro 6, 2018<\/time><\/span> <span class=\"ui--blog-separator\">\/<\/span> <span class=\"ui--meta-categories\"><a href=\"https:\/\/textocon.com\/?cat=26\" >Educa\u00e7\u00e3o e cultura organizacional<\/a><\/span><\/div><\/div><\/div><div class=\"ui--blog-content\">\r\n\r\n&nbsp;\r\n\r\nApresenta\u00e7\u00e3o\r\nDesde meados dos anos 80 do s\u00e9culo passado, o mundo empresarial \u2013 dentro e fora do Brasil - vem sendo influenciado por uma nova ordem ou desordem resultante dos fortes impactos da globaliza\u00e7\u00e3o em suas dimens\u00f5es social, pol\u00edtica, cultural e econ\u00f4mica. Novos fluxos de imagens, valores e s\u00edmbolos dentre uma ... <span class=\"more-link\"><a class=\"btn btn-small btn-grey\" href=\"https:\/\/textocon.com\/?p=1830\" title=\"\">Leia mais<\/a><\/span>\n<\/div><\/div><div style=\"display:none;\"><span class=\"date updated published\">fevereiro 6, 2018<\/span><span class=\"vcard author\"><a href=\"https:\/\/textocon.com\/?author=1\" class=\"fn\">admin<\/a><\/span><\/div><\/div><div class=\"post-1828 post type-post status-publish format-standard hentry category-noticias ui--blog-item clearfix layout--standard\"><div class=\"ui--blog-side ui--blog-date ui--accent-gradient-hover-parent ui--box\"><h3><span class=\"ui--blog-date-day ui--accent-gradient-hover\">06<\/span><\/h3><h6 class=\"ui--blog-date-month ui--gradient ui--gradient-grey\"><span>fev<\/span><span>2018<\/span><\/h6><\/div><div class=\"ui--blog-content-wrapper\"><div class=\"ui--blog-header\"><h5 class=\"ui--blog-title entry-title clearfix\"><a class=\"ui--blog-link\" href=\"https:\/\/textocon.com\/?p=1828\">Ferramentas virtuais facilitam gest\u00e3o e controle de RH<\/a><\/h5><div class=\"ui--blog-metas clearfix\"><div class=\"ui--blog-metas-right pull-right\"><span class=\"ui--meta-comment\"><a href=\"https:\/\/textocon.com\/?p=1828#respond\"><i class=\"fontawesome-comment px14\"><\/i> 0<\/a><\/span> <span class=\"ui--blog-separator\">&nbsp;<\/span> <span class=\"ui--meta-like\"><a href=\"#\" class=\"ui--likes\" title=\"Like this\" data-post-id=\"1828\" data-options=\"{&quot;zero&quot;:&quot;&lt;i class=\\&quot;fontawesome-heart px14\\&quot;&gt;&lt;\\\/i&gt; %d&quot;,&quot;one&quot;:&quot;&lt;i class=\\&quot;fontawesome-heart px14\\&quot;&gt;&lt;\\\/i&gt; %d&quot;,&quot;more&quot;:&quot;&lt;i class=\\&quot;fontawesome-heart px14\\&quot;&gt;&lt;\\\/i&gt; %d&quot;}\"><span class=\"ui--likes-count\"><i class=\"fontawesome-heart px14\"><\/i> 0<\/span><\/a><\/span><\/div><div class=\"ui--blog-metas-left\"><span class=\"ui--meta-author\">by <a class=\"vcard author\" href=\"https:\/\/textocon.com\/?author=1\"><span class=\"fn\">admin<\/span><\/a><\/span> <span class=\"ui--blog-separator\">\/<\/span> <span class=\"datetime\"><time class=\"entry-date date updated\" datetime=\"2018-02-06T14:45:47+00:00\" itemprop=\"datePublished\" pubdate>fevereiro 6, 2018<\/time><\/span> <span class=\"ui--blog-separator\">\/<\/span> <span class=\"ui--meta-categories\"><a href=\"https:\/\/textocon.com\/?cat=14\" >Not\u00edcias<\/a><\/span><\/div><\/div><\/div><div class=\"ui--blog-content\">A chamada sociedade da informa\u00e7\u00e3o d\u00e1 mostras cada vez mais consistentes de que \u00e9 imprescind\u00edvel para assegurar o dinamismo de uma s\u00e9rie de setores e neg\u00f3cios que movimentam a economia global, dentre os quais recursos humanos. \u00c9 o que demonstra um estudo recente da BSA, uma das maiores provedoras de ... <span class=\"more-link\"><a class=\"btn btn-small btn-grey\" href=\"https:\/\/textocon.com\/?p=1828\" title=\"\">Leia mais<\/a><\/span>\n<\/div><\/div><div style=\"display:none;\"><span class=\"date updated published\">fevereiro 6, 2018<\/span><span class=\"vcard author\"><a href=\"https:\/\/textocon.com\/?author=1\" class=\"fn\">admin<\/a><\/span><\/div><\/div><div class=\"post-1825 post type-post status-publish format-standard hentry category-memorias ui--blog-item clearfix layout--standard\"><div class=\"ui--blog-side ui--blog-date ui--accent-gradient-hover-parent ui--box\"><h3><span class=\"ui--blog-date-day ui--accent-gradient-hover\">06<\/span><\/h3><h6 class=\"ui--blog-date-month ui--gradient ui--gradient-grey\"><span>fev<\/span><span>2018<\/span><\/h6><\/div><div class=\"ui--blog-content-wrapper\"><div class=\"ui--blog-header\"><h5 class=\"ui--blog-title entry-title clearfix\"><a class=\"ui--blog-link\" href=\"https:\/\/textocon.com\/?p=1825\">Arquitetura corporativa deve expressar a cultura da empresa<\/a><\/h5><div class=\"ui--blog-metas clearfix\"><div class=\"ui--blog-metas-right pull-right\"><span class=\"ui--meta-comment\"><a href=\"https:\/\/textocon.com\/?p=1825#respond\"><i class=\"fontawesome-comment px14\"><\/i> 0<\/a><\/span> <span class=\"ui--blog-separator\">&nbsp;<\/span> <span class=\"ui--meta-like\"><a href=\"#\" class=\"ui--likes\" title=\"Like this\" data-post-id=\"1825\" data-options=\"{&quot;zero&quot;:&quot;&lt;i class=\\&quot;fontawesome-heart px14\\&quot;&gt;&lt;\\\/i&gt; %d&quot;,&quot;one&quot;:&quot;&lt;i class=\\&quot;fontawesome-heart px14\\&quot;&gt;&lt;\\\/i&gt; %d&quot;,&quot;more&quot;:&quot;&lt;i class=\\&quot;fontawesome-heart px14\\&quot;&gt;&lt;\\\/i&gt; %d&quot;}\"><span class=\"ui--likes-count\"><i class=\"fontawesome-heart px14\"><\/i> 0<\/span><\/a><\/span><\/div><div class=\"ui--blog-metas-left\"><span class=\"ui--meta-author\">by <a class=\"vcard author\" href=\"https:\/\/textocon.com\/?author=1\"><span class=\"fn\">admin<\/span><\/a><\/span> <span class=\"ui--blog-separator\">\/<\/span> <span class=\"datetime\"><time class=\"entry-date date updated\" datetime=\"2018-02-06T14:41:02+00:00\" itemprop=\"datePublished\" pubdate>fevereiro 6, 2018<\/time><\/span> <span class=\"ui--blog-separator\">\/<\/span> <span class=\"ui--meta-categories\"><a href=\"https:\/\/textocon.com\/?cat=23\" >Mem\u00f3ria Organizacional<\/a><\/span><\/div><\/div><\/div><div class=\"ui--blog-content\">A ousadia em projetos arquitet\u00f4nicos de escrit\u00f3rios pode render bons dividendos visuais, mas corre o risco de se transformar em anomia social, caso seja destoante em rela\u00e7\u00e3o aos valores e cren\u00e7as da organiza\u00e7\u00e3o. O alerta \u00e9 da neuroarquiteta Priscilla Bencke, com base em sua an\u00e1lise sobre as caracter\u00edsticas dos escrit\u00f3rios ... <span class=\"more-link\"><a class=\"btn btn-small btn-grey\" href=\"https:\/\/textocon.com\/?p=1825\" title=\"\">Leia mais<\/a><\/span>\n<\/div><\/div><div style=\"display:none;\"><span class=\"date updated published\">fevereiro 6, 2018<\/span><span class=\"vcard author\"><a href=\"https:\/\/textocon.com\/?author=1\" class=\"fn\">admin<\/a><\/span><\/div><\/div><div class=\"post-1820 post type-post status-publish format-standard hentry category-noticias ui--blog-item clearfix layout--standard\"><div class=\"ui--blog-side ui--blog-date ui--accent-gradient-hover-parent ui--box\"><h3><span class=\"ui--blog-date-day ui--accent-gradient-hover\">06<\/span><\/h3><h6 class=\"ui--blog-date-month ui--gradient ui--gradient-grey\"><span>fev<\/span><span>2018<\/span><\/h6><\/div><div class=\"ui--blog-content-wrapper\"><div class=\"ui--blog-header\"><h5 class=\"ui--blog-title entry-title clearfix\"><a class=\"ui--blog-link\" href=\"https:\/\/textocon.com\/?p=1820\">Equil\u00edbrio nas rela\u00e7\u00f5es melhora clima organizacional<\/a><\/h5><div class=\"ui--blog-metas clearfix\"><div class=\"ui--blog-metas-right pull-right\"><span class=\"ui--meta-comment\"><a href=\"https:\/\/textocon.com\/?p=1820#respond\"><i class=\"fontawesome-comment px14\"><\/i> 0<\/a><\/span> <span class=\"ui--blog-separator\">&nbsp;<\/span> <span class=\"ui--meta-like\"><a href=\"#\" class=\"ui--likes\" title=\"Like this\" data-post-id=\"1820\" data-options=\"{&quot;zero&quot;:&quot;&lt;i class=\\&quot;fontawesome-heart px14\\&quot;&gt;&lt;\\\/i&gt; %d&quot;,&quot;one&quot;:&quot;&lt;i class=\\&quot;fontawesome-heart px14\\&quot;&gt;&lt;\\\/i&gt; %d&quot;,&quot;more&quot;:&quot;&lt;i class=\\&quot;fontawesome-heart px14\\&quot;&gt;&lt;\\\/i&gt; %d&quot;}\"><span class=\"ui--likes-count\"><i class=\"fontawesome-heart px14\"><\/i> 0<\/span><\/a><\/span><\/div><div class=\"ui--blog-metas-left\"><span class=\"ui--meta-author\">by <a class=\"vcard author\" href=\"https:\/\/textocon.com\/?author=1\"><span class=\"fn\">admin<\/span><\/a><\/span> <span class=\"ui--blog-separator\">\/<\/span> <span class=\"datetime\"><time class=\"entry-date date updated\" datetime=\"2018-02-06T14:39:54+00:00\" itemprop=\"datePublished\" pubdate>fevereiro 6, 2018<\/time><\/span> <span class=\"ui--blog-separator\">\/<\/span> <span class=\"ui--meta-categories\"><a href=\"https:\/\/textocon.com\/?cat=14\" >Not\u00edcias<\/a><\/span><\/div><\/div><\/div><div class=\"ui--blog-content\">Toler\u00e2ncia e diversidade v\u00eam se transformando em condi\u00e7\u00f5es sine qua non para garantir o equil\u00edbrio nas rela\u00e7\u00f5es internas e externas das organiza\u00e7\u00f5es, potencializando seus lucros. Al\u00e9m de intrinsecamente relacionadas, quando bem trabalhadas em termos de gest\u00e3o da cultura organizacional, essas duas categorias podem, em tese, facilitar a constru\u00e7\u00e3o social de ... <span class=\"more-link\"><a class=\"btn btn-small btn-grey\" href=\"https:\/\/textocon.com\/?p=1820\" title=\"\">Leia mais<\/a><\/span>\n<\/div><\/div><div style=\"display:none;\"><span class=\"date updated published\">fevereiro 6, 2018<\/span><span class=\"vcard author\"><a href=\"https:\/\/textocon.com\/?author=1\" class=\"fn\">admin<\/a><\/span><\/div><\/div><div class=\"post-1817 post type-post status-publish format-standard hentry category-produtos-e-servicos ui--blog-item clearfix layout--standard\"><div class=\"ui--blog-side ui--blog-date ui--accent-gradient-hover-parent ui--box\"><h3><span class=\"ui--blog-date-day ui--accent-gradient-hover\">06<\/span><\/h3><h6 class=\"ui--blog-date-month ui--gradient ui--gradient-grey\"><span>fev<\/span><span>2018<\/span><\/h6><\/div><div class=\"ui--blog-content-wrapper\"><div class=\"ui--blog-header\"><h5 class=\"ui--blog-title entry-title clearfix\"><a class=\"ui--blog-link\" href=\"https:\/\/textocon.com\/?p=1817\">Perfil generalista define atividades profissionais do futuro<\/a><\/h5><div class=\"ui--blog-metas clearfix\"><div class=\"ui--blog-metas-right pull-right\"><span class=\"ui--meta-comment\"><a href=\"https:\/\/textocon.com\/?p=1817#respond\"><i class=\"fontawesome-comment px14\"><\/i> 0<\/a><\/span> <span class=\"ui--blog-separator\">&nbsp;<\/span> <span class=\"ui--meta-like\"><a href=\"#\" class=\"ui--likes\" title=\"Like this\" data-post-id=\"1817\" data-options=\"{&quot;zero&quot;:&quot;&lt;i class=\\&quot;fontawesome-heart px14\\&quot;&gt;&lt;\\\/i&gt; %d&quot;,&quot;one&quot;:&quot;&lt;i class=\\&quot;fontawesome-heart px14\\&quot;&gt;&lt;\\\/i&gt; %d&quot;,&quot;more&quot;:&quot;&lt;i class=\\&quot;fontawesome-heart px14\\&quot;&gt;&lt;\\\/i&gt; %d&quot;}\"><span class=\"ui--likes-count\"><i class=\"fontawesome-heart px14\"><\/i> 0<\/span><\/a><\/span><\/div><div class=\"ui--blog-metas-left\"><span class=\"ui--meta-author\">by <a class=\"vcard author\" href=\"https:\/\/textocon.com\/?author=1\"><span class=\"fn\">admin<\/span><\/a><\/span> <span class=\"ui--blog-separator\">\/<\/span> <span class=\"datetime\"><time class=\"entry-date date updated\" datetime=\"2018-02-06T13:35:26+00:00\" itemprop=\"datePublished\" pubdate>fevereiro 6, 2018<\/time><\/span> <span class=\"ui--blog-separator\">\/<\/span> <span class=\"ui--meta-categories\"><a href=\"https:\/\/textocon.com\/?cat=24\" >Produtos e Servi\u00e7os<\/a><\/span><\/div><\/div><\/div><div class=\"ui--blog-content\">Quem estiver se preparando para optar por uma profiss\u00e3o precisa fazer pelo menos duas reflex\u00f5es preliminares, antes de uma decis\u00e3o final. Primeiramente, \u00e9 bom fixar-se em uma das \u00e1reas pelas quais t\u00eam mais afinidade, pois o bom desempenho profissional tem implica\u00e7\u00e3o direta com duas vari\u00e1veis vinculada \u00e0 forma\u00e7\u00e3o, ou seja, ... <span class=\"more-link\"><a class=\"btn btn-small btn-grey\" href=\"https:\/\/textocon.com\/?p=1817\" title=\"\">Leia mais<\/a><\/span>\n<\/div><\/div><div style=\"display:none;\"><span class=\"date updated published\">fevereiro 6, 2018<\/span><span class=\"vcard author\"><a href=\"https:\/\/textocon.com\/?author=1\" class=\"fn\">admin<\/a><\/span><\/div><\/div><div class=\"post-1801 post type-post status-publish format-standard hentry category-trabalho-e-meritocria ui--blog-item clearfix layout--standard\"><div class=\"ui--blog-side ui--blog-date ui--accent-gradient-hover-parent ui--box\"><h3><span class=\"ui--blog-date-day ui--accent-gradient-hover\">24<\/span><\/h3><h6 class=\"ui--blog-date-month ui--gradient ui--gradient-grey\"><span>jan<\/span><span>2018<\/span><\/h6><\/div><div class=\"ui--blog-content-wrapper\"><div class=\"ui--blog-header\"><h5 class=\"ui--blog-title entry-title clearfix\"><a class=\"ui--blog-link\" href=\"https:\/\/textocon.com\/?p=1801\">Avan\u00e7o da aldeia global cria os \u201cn\u00e3o empreg\u00e1veis\u201d<\/a><\/h5><div class=\"ui--blog-metas clearfix\"><div class=\"ui--blog-metas-right pull-right\"><span class=\"ui--meta-comment\"><a href=\"https:\/\/textocon.com\/?p=1801#respond\"><i class=\"fontawesome-comment px14\"><\/i> 0<\/a><\/span> <span class=\"ui--blog-separator\">&nbsp;<\/span> <span class=\"ui--meta-like\"><a href=\"#\" class=\"ui--likes\" title=\"Like this\" data-post-id=\"1801\" data-options=\"{&quot;zero&quot;:&quot;&lt;i class=\\&quot;fontawesome-heart px14\\&quot;&gt;&lt;\\\/i&gt; %d&quot;,&quot;one&quot;:&quot;&lt;i class=\\&quot;fontawesome-heart px14\\&quot;&gt;&lt;\\\/i&gt; %d&quot;,&quot;more&quot;:&quot;&lt;i class=\\&quot;fontawesome-heart px14\\&quot;&gt;&lt;\\\/i&gt; %d&quot;}\"><span class=\"ui--likes-count\"><i class=\"fontawesome-heart px14\"><\/i> 0<\/span><\/a><\/span><\/div><div class=\"ui--blog-metas-left\"><span class=\"ui--meta-author\">by <a class=\"vcard author\" href=\"https:\/\/textocon.com\/?author=1\"><span class=\"fn\">admin<\/span><\/a><\/span> <span class=\"ui--blog-separator\">\/<\/span> <span class=\"datetime\"><time class=\"entry-date date updated\" datetime=\"2018-01-24T14:52:05+00:00\" itemprop=\"datePublished\" pubdate>janeiro 24, 2018<\/time><\/span> <span class=\"ui--blog-separator\">\/<\/span> <span class=\"ui--meta-categories\"><a href=\"https:\/\/textocon.com\/?cat=28\" >Trabalho e meritocria<\/a><\/span><\/div><\/div><\/div><div class=\"ui--blog-content\">A prov\u00e1vel despropor\u00e7\u00e3o entre os empregos que ser\u00e3o gerados em decorr\u00eancia do avan\u00e7o da intelig\u00eancia artificial e o n\u00famero de pessoas que conseguir\u00e1 se reciclar para se inserir no novo mundo do trabalho poder\u00e1 \u201ccondenar\u201d muitos a uma esp\u00e9cie de \u00f3cio for\u00e7ado. Calcula-se que cerca de 30% a 40% das ... <span class=\"more-link\"><a class=\"btn btn-small btn-grey\" href=\"https:\/\/textocon.com\/?p=1801\" title=\"\">Leia mais<\/a><\/span>\n<\/div><\/div><div style=\"display:none;\"><span class=\"date updated published\">janeiro 24, 2018<\/span><span class=\"vcard author\"><a href=\"https:\/\/textocon.com\/?author=1\" class=\"fn\">admin<\/a><\/span><\/div><\/div><div class=\"post-1798 post type-post status-publish format-standard hentry category-trabalho-e-meritocria ui--blog-item clearfix layout--standard\"><div class=\"ui--blog-side ui--blog-date ui--accent-gradient-hover-parent ui--box\"><h3><span class=\"ui--blog-date-day ui--accent-gradient-hover\">24<\/span><\/h3><h6 class=\"ui--blog-date-month ui--gradient ui--gradient-grey\"><span>jan<\/span><span>2018<\/span><\/h6><\/div><div class=\"ui--blog-content-wrapper\"><div class=\"ui--blog-header\"><h5 class=\"ui--blog-title entry-title clearfix\"><a class=\"ui--blog-link\" href=\"https:\/\/textocon.com\/?p=1798\">Novas profiss\u00f5es desafiam trabalhador do futuro<\/a><\/h5><div class=\"ui--blog-metas clearfix\"><div class=\"ui--blog-metas-right pull-right\"><span class=\"ui--meta-comment\"><a href=\"https:\/\/textocon.com\/?p=1798#respond\"><i class=\"fontawesome-comment px14\"><\/i> 0<\/a><\/span> <span class=\"ui--blog-separator\">&nbsp;<\/span> <span class=\"ui--meta-like\"><a href=\"#\" class=\"ui--likes\" title=\"Like this\" data-post-id=\"1798\" data-options=\"{&quot;zero&quot;:&quot;&lt;i class=\\&quot;fontawesome-heart px14\\&quot;&gt;&lt;\\\/i&gt; %d&quot;,&quot;one&quot;:&quot;&lt;i class=\\&quot;fontawesome-heart px14\\&quot;&gt;&lt;\\\/i&gt; %d&quot;,&quot;more&quot;:&quot;&lt;i class=\\&quot;fontawesome-heart px14\\&quot;&gt;&lt;\\\/i&gt; %d&quot;}\"><span class=\"ui--likes-count\"><i class=\"fontawesome-heart px14\"><\/i> 0<\/span><\/a><\/span><\/div><div class=\"ui--blog-metas-left\"><span class=\"ui--meta-author\">by <a class=\"vcard author\" href=\"https:\/\/textocon.com\/?author=1\"><span class=\"fn\">admin<\/span><\/a><\/span> <span class=\"ui--blog-separator\">\/<\/span> <span class=\"datetime\"><time class=\"entry-date date updated\" datetime=\"2018-01-24T14:50:05+00:00\" itemprop=\"datePublished\" pubdate>janeiro 24, 2018<\/time><\/span> <span class=\"ui--blog-separator\">\/<\/span> <span class=\"ui--meta-categories\"><a href=\"https:\/\/textocon.com\/?cat=28\" >Trabalho e meritocria<\/a><\/span><\/div><\/div><\/div><div class=\"ui--blog-content\">Assim como no presente, futuramente o trabalho se manter\u00e1 como uma fonte de satisfa\u00e7\u00e3o, de distin\u00e7\u00e3o social e de identidade pessoal, mas ter\u00e1 caracter\u00edsticas diferenciadas em compara\u00e7\u00e3o com o que se observa hoje nas organiza\u00e7\u00f5es, com ou sem fins lucrativos. Tend\u00eancias detectadas pela Cognizant, um player global voltado para tecnologias ... <span class=\"more-link\"><a class=\"btn btn-small btn-grey\" href=\"https:\/\/textocon.com\/?p=1798\" title=\"\">Leia mais<\/a><\/span>\n<\/div><\/div><div style=\"display:none;\"><span class=\"date updated published\">janeiro 24, 2018<\/span><span class=\"vcard author\"><a href=\"https:\/\/textocon.com\/?author=1\" class=\"fn\">admin<\/a><\/span><\/div><\/div><div class=\"post-1794 post type-post status-publish format-standard hentry category-trabalho-e-meritocria ui--blog-item clearfix layout--standard\"><div class=\"ui--blog-side ui--blog-date ui--accent-gradient-hover-parent ui--box\"><h3><span class=\"ui--blog-date-day ui--accent-gradient-hover\">24<\/span><\/h3><h6 class=\"ui--blog-date-month ui--gradient ui--gradient-grey\"><span>jan<\/span><span>2018<\/span><\/h6><\/div><div class=\"ui--blog-content-wrapper\"><div class=\"ui--blog-header\"><h5 class=\"ui--blog-title entry-title clearfix\"><a class=\"ui--blog-link\" href=\"https:\/\/textocon.com\/?p=1794\">Intelig\u00eancia emocional impulsiona carreira<\/a><\/h5><div class=\"ui--blog-metas clearfix\"><div class=\"ui--blog-metas-right pull-right\"><span class=\"ui--meta-comment\"><a href=\"https:\/\/textocon.com\/?p=1794#respond\"><i class=\"fontawesome-comment px14\"><\/i> 0<\/a><\/span> <span class=\"ui--blog-separator\">&nbsp;<\/span> <span class=\"ui--meta-like\"><a href=\"#\" class=\"ui--likes\" title=\"Like this\" data-post-id=\"1794\" data-options=\"{&quot;zero&quot;:&quot;&lt;i class=\\&quot;fontawesome-heart px14\\&quot;&gt;&lt;\\\/i&gt; %d&quot;,&quot;one&quot;:&quot;&lt;i class=\\&quot;fontawesome-heart px14\\&quot;&gt;&lt;\\\/i&gt; %d&quot;,&quot;more&quot;:&quot;&lt;i class=\\&quot;fontawesome-heart px14\\&quot;&gt;&lt;\\\/i&gt; %d&quot;}\"><span class=\"ui--likes-count\"><i class=\"fontawesome-heart px14\"><\/i> 0<\/span><\/a><\/span><\/div><div class=\"ui--blog-metas-left\"><span class=\"ui--meta-author\">by <a class=\"vcard author\" href=\"https:\/\/textocon.com\/?author=1\"><span class=\"fn\">admin<\/span><\/a><\/span> <span class=\"ui--blog-separator\">\/<\/span> <span class=\"datetime\"><time class=\"entry-date date updated\" datetime=\"2018-01-24T14:48:24+00:00\" itemprop=\"datePublished\" pubdate>janeiro 24, 2018<\/time><\/span> <span class=\"ui--blog-separator\">\/<\/span> <span class=\"ui--meta-categories\"><a href=\"https:\/\/textocon.com\/?cat=28\" >Trabalho e meritocria<\/a><\/span><\/div><\/div><\/div><div class=\"ui--blog-content\">H\u00e1 poucos questionamentos sobre o fato de que a constru\u00e7\u00e3o de uma trajet\u00f3ria profissional bem-sucedida \u00e9 composta de altos e baixos. Ou seja, aceita-se essa realidade com certa normalidade. Por\u00e9m, muitas pessoas t\u00eam dificuldades para perceber e, principalmente, aceitar a ideia de que, ao remover as pedras do caminho, adquire-se ... <span class=\"more-link\"><a class=\"btn btn-small btn-grey\" href=\"https:\/\/textocon.com\/?p=1794\" title=\"\">Leia mais<\/a><\/span>\n<\/div><\/div><div style=\"display:none;\"><span class=\"date updated published\">janeiro 24, 2018<\/span><span class=\"vcard author\"><a href=\"https:\/\/textocon.com\/?author=1\" class=\"fn\">admin<\/a><\/span><\/div><\/div><div class=\"post-1792 post type-post status-publish format-standard hentry category-reportagens ui--blog-item clearfix layout--standard\"><div class=\"ui--blog-side ui--blog-date ui--accent-gradient-hover-parent ui--box\"><h3><span class=\"ui--blog-date-day ui--accent-gradient-hover\">24<\/span><\/h3><h6 class=\"ui--blog-date-month ui--gradient ui--gradient-grey\"><span>jan<\/span><span>2018<\/span><\/h6><\/div><div class=\"ui--blog-content-wrapper\"><div class=\"ui--blog-header\"><h5 class=\"ui--blog-title entry-title clearfix\"><a class=\"ui--blog-link\" href=\"https:\/\/textocon.com\/?p=1792\">Feedback supera expectativas<\/a><\/h5><div class=\"ui--blog-metas clearfix\"><div class=\"ui--blog-metas-right pull-right\"><span class=\"ui--meta-comment\"><a href=\"https:\/\/textocon.com\/?p=1792#respond\"><i class=\"fontawesome-comment px14\"><\/i> 0<\/a><\/span> <span class=\"ui--blog-separator\">&nbsp;<\/span> <span class=\"ui--meta-like\"><a href=\"#\" class=\"ui--likes\" title=\"Like this\" data-post-id=\"1792\" data-options=\"{&quot;zero&quot;:&quot;&lt;i class=\\&quot;fontawesome-heart px14\\&quot;&gt;&lt;\\\/i&gt; %d&quot;,&quot;one&quot;:&quot;&lt;i class=\\&quot;fontawesome-heart px14\\&quot;&gt;&lt;\\\/i&gt; %d&quot;,&quot;more&quot;:&quot;&lt;i class=\\&quot;fontawesome-heart px14\\&quot;&gt;&lt;\\\/i&gt; %d&quot;}\"><span class=\"ui--likes-count\"><i class=\"fontawesome-heart px14\"><\/i> 0<\/span><\/a><\/span><\/div><div class=\"ui--blog-metas-left\"><span class=\"ui--meta-author\">by <a class=\"vcard author\" href=\"https:\/\/textocon.com\/?author=1\"><span class=\"fn\">admin<\/span><\/a><\/span> <span class=\"ui--blog-separator\">\/<\/span> <span class=\"datetime\"><time class=\"entry-date date updated\" datetime=\"2018-01-24T14:42:04+00:00\" itemprop=\"datePublished\" pubdate>janeiro 24, 2018<\/time><\/span> <span class=\"ui--blog-separator\">\/<\/span> <span class=\"ui--meta-categories\"><a href=\"https:\/\/textocon.com\/?cat=25\" >Reportagens<\/a><\/span><\/div><\/div><\/div><div class=\"ui--blog-content\">Conhecimento difundido em uma semana de networking injeta \u201csangue novo\u201d na busca de carreiras bem-sucedidas \r\n\r\nDiferentemente do passado, construir uma trajet\u00f3ria de sucesso, hoje, n\u00e3o depende s\u00f3 de boa forma\u00e7\u00e3o; \u00e9 preciso ter um diferencial, uma \u201cveia\u201d empreendedora que inspire uma disrup\u00e7\u00e3o, seja um produto inovador ou uma ideia, desde ... <span class=\"more-link\"><a class=\"btn btn-small btn-grey\" href=\"https:\/\/textocon.com\/?p=1792\" title=\"\">Leia mais<\/a><\/span>\n<\/div><\/div><div style=\"display:none;\"><span class=\"date updated published\">janeiro 24, 2018<\/span><span class=\"vcard author\"><a href=\"https:\/\/textocon.com\/?author=1\" class=\"fn\">admin<\/a><\/span><\/div><\/div><div class=\"post-1790 post type-post status-publish format-standard hentry category-reportagens ui--blog-item clearfix layout--standard\"><div class=\"ui--blog-side ui--blog-date ui--accent-gradient-hover-parent ui--box\"><h3><span class=\"ui--blog-date-day ui--accent-gradient-hover\">24<\/span><\/h3><h6 class=\"ui--blog-date-month ui--gradient ui--gradient-grey\"><span>jan<\/span><span>2018<\/span><\/h6><\/div><div class=\"ui--blog-content-wrapper\"><div class=\"ui--blog-header\"><h5 class=\"ui--blog-title entry-title clearfix\"><a class=\"ui--blog-link\" href=\"https:\/\/textocon.com\/?p=1790\">Novos materiais s\u00e3o destaque na ind\u00fastria minerometal\u00fargica<\/a><\/h5><div class=\"ui--blog-metas clearfix\"><div class=\"ui--blog-metas-right pull-right\"><span class=\"ui--meta-comment\"><a href=\"https:\/\/textocon.com\/?p=1790#respond\"><i class=\"fontawesome-comment px14\"><\/i> 0<\/a><\/span> <span class=\"ui--blog-separator\">&nbsp;<\/span> <span class=\"ui--meta-like\"><a href=\"#\" class=\"ui--likes\" title=\"Like this\" data-post-id=\"1790\" data-options=\"{&quot;zero&quot;:&quot;&lt;i class=\\&quot;fontawesome-heart px14\\&quot;&gt;&lt;\\\/i&gt; %d&quot;,&quot;one&quot;:&quot;&lt;i class=\\&quot;fontawesome-heart px14\\&quot;&gt;&lt;\\\/i&gt; %d&quot;,&quot;more&quot;:&quot;&lt;i class=\\&quot;fontawesome-heart px14\\&quot;&gt;&lt;\\\/i&gt; %d&quot;}\"><span class=\"ui--likes-count\"><i class=\"fontawesome-heart px14\"><\/i> 0<\/span><\/a><\/span><\/div><div class=\"ui--blog-metas-left\"><span class=\"ui--meta-author\">by <a class=\"vcard author\" href=\"https:\/\/textocon.com\/?author=1\"><span class=\"fn\">admin<\/span><\/a><\/span> <span class=\"ui--blog-separator\">\/<\/span> <span class=\"datetime\"><time class=\"entry-date date updated\" datetime=\"2018-01-24T14:40:46+00:00\" itemprop=\"datePublished\" pubdate>janeiro 24, 2018<\/time><\/span> <span class=\"ui--blog-separator\">\/<\/span> <span class=\"ui--meta-categories\"><a href=\"https:\/\/textocon.com\/?cat=25\" >Reportagens<\/a><\/span><\/div><\/div><\/div><div class=\"ui--blog-content\">A Revista Digital ABM, que tem na coordena\u00e7\u00e3o editorial o jornalista Maroni J. Silva, s\u00f3cio-diretor da Textocon, traz em sua \u00faltima edi\u00e7\u00e3o de 2017, uma reportagem de capa sobre novas aplica\u00e7\u00f5es de materiais met\u00e1licos n\u00e3o ferrosos, comp\u00f3sitos e polim\u00e9ricos. A tend\u00eancia \u00e9 puxada pela necessidade de a ind\u00fastria diversificar insumos ... <span class=\"more-link\"><a class=\"btn btn-small btn-grey\" href=\"https:\/\/textocon.com\/?p=1790\" title=\"\">Leia mais<\/a><\/span>\n<\/div><\/div><div style=\"display:none;\"><span class=\"date updated published\">janeiro 24, 2018<\/span><span class=\"vcard author\"><a href=\"https:\/\/textocon.com\/?author=1\" class=\"fn\">admin<\/a><\/span><\/div><\/div><div class=\"post-1788 post type-post status-publish format-standard hentry category-produtos-e-servicos ui--blog-item clearfix layout--standard\"><div class=\"ui--blog-side ui--blog-date ui--accent-gradient-hover-parent ui--box\"><h3><span class=\"ui--blog-date-day ui--accent-gradient-hover\">24<\/span><\/h3><h6 class=\"ui--blog-date-month ui--gradient ui--gradient-grey\"><span>jan<\/span><span>2018<\/span><\/h6><\/div><div class=\"ui--blog-content-wrapper\"><div class=\"ui--blog-header\"><h5 class=\"ui--blog-title entry-title clearfix\"><a class=\"ui--blog-link\" href=\"https:\/\/textocon.com\/?p=1788\">Textocon participa de brainstormings para forma\u00e7\u00e3o de cursos de p\u00f3s-gradua\u00e7\u00e3o<\/a><\/h5><div class=\"ui--blog-metas clearfix\"><div class=\"ui--blog-metas-right pull-right\"><span class=\"ui--meta-comment\"><a href=\"https:\/\/textocon.com\/?p=1788#respond\"><i class=\"fontawesome-comment px14\"><\/i> 0<\/a><\/span> <span class=\"ui--blog-separator\">&nbsp;<\/span> <span class=\"ui--meta-like\"><a href=\"#\" class=\"ui--likes\" title=\"Like this\" data-post-id=\"1788\" data-options=\"{&quot;zero&quot;:&quot;&lt;i class=\\&quot;fontawesome-heart px14\\&quot;&gt;&lt;\\\/i&gt; %d&quot;,&quot;one&quot;:&quot;&lt;i class=\\&quot;fontawesome-heart px14\\&quot;&gt;&lt;\\\/i&gt; %d&quot;,&quot;more&quot;:&quot;&lt;i class=\\&quot;fontawesome-heart px14\\&quot;&gt;&lt;\\\/i&gt; %d&quot;}\"><span class=\"ui--likes-count\"><i class=\"fontawesome-heart px14\"><\/i> 0<\/span><\/a><\/span><\/div><div class=\"ui--blog-metas-left\"><span class=\"ui--meta-author\">by <a class=\"vcard author\" href=\"https:\/\/textocon.com\/?author=1\"><span class=\"fn\">admin<\/span><\/a><\/span> <span class=\"ui--blog-separator\">\/<\/span> <span class=\"datetime\"><time class=\"entry-date date updated\" datetime=\"2018-01-24T14:37:23+00:00\" itemprop=\"datePublished\" pubdate>janeiro 24, 2018<\/time><\/span> <span class=\"ui--blog-separator\">\/<\/span> <span class=\"ui--meta-categories\"><a href=\"https:\/\/textocon.com\/?cat=24\" >Produtos e Servi\u00e7os<\/a><\/span><\/div><\/div><\/div><div class=\"ui--blog-content\">Mais do que sair da zona de conforto, imp\u00f5e-se aos pretendentes de novas oportunidades e aos que sonham com a conquista de distin\u00e7\u00e3o e visibilidade no mundo do trabalho adotarem uma perspectiva vision\u00e1ria de desenvolvimento de seu marketing pessoal. Em outras palavras, devem apostar na ideia de serem protagonistas ao ... <span class=\"more-link\"><a class=\"btn btn-small btn-grey\" href=\"https:\/\/textocon.com\/?p=1788\" title=\"\">Leia mais<\/a><\/span>\n<\/div><\/div><div style=\"display:none;\"><span class=\"date updated published\">janeiro 24, 2018<\/span><span class=\"vcard author\"><a href=\"https:\/\/textocon.com\/?author=1\" class=\"fn\">admin<\/a><\/span><\/div><\/div><div class=\"post-1779 post type-post status-publish format-standard hentry category-produtos-e-servicos ui--blog-item clearfix layout--standard\"><div class=\"ui--blog-side ui--blog-date ui--accent-gradient-hover-parent ui--box\"><h3><span class=\"ui--blog-date-day ui--accent-gradient-hover\">24<\/span><\/h3><h6 class=\"ui--blog-date-month ui--gradient ui--gradient-grey\"><span>jan<\/span><span>2018<\/span><\/h6><\/div><div class=\"ui--blog-content-wrapper\"><div class=\"ui--blog-header\"><h5 class=\"ui--blog-title entry-title clearfix\"><a class=\"ui--blog-link\" href=\"https:\/\/textocon.com\/?p=1779\">Intelig\u00eancia de mercado na busca de benchmarking<\/a><\/h5><div class=\"ui--blog-metas clearfix\"><div class=\"ui--blog-metas-right pull-right\"><span class=\"ui--meta-comment\"><a href=\"https:\/\/textocon.com\/?p=1779#respond\"><i class=\"fontawesome-comment px14\"><\/i> 0<\/a><\/span> <span class=\"ui--blog-separator\">&nbsp;<\/span> <span class=\"ui--meta-like\"><a href=\"#\" class=\"ui--likes\" title=\"Like this\" data-post-id=\"1779\" data-options=\"{&quot;zero&quot;:&quot;&lt;i class=\\&quot;fontawesome-heart px14\\&quot;&gt;&lt;\\\/i&gt; %d&quot;,&quot;one&quot;:&quot;&lt;i class=\\&quot;fontawesome-heart px14\\&quot;&gt;&lt;\\\/i&gt; %d&quot;,&quot;more&quot;:&quot;&lt;i class=\\&quot;fontawesome-heart px14\\&quot;&gt;&lt;\\\/i&gt; %d&quot;}\"><span class=\"ui--likes-count\"><i class=\"fontawesome-heart px14\"><\/i> 0<\/span><\/a><\/span><\/div><div class=\"ui--blog-metas-left\"><span class=\"ui--meta-author\">by <a class=\"vcard author\" href=\"https:\/\/textocon.com\/?author=1\"><span class=\"fn\">admin<\/span><\/a><\/span> <span class=\"ui--blog-separator\">\/<\/span> <span class=\"datetime\"><time class=\"entry-date date updated\" datetime=\"2018-01-24T14:36:04+00:00\" itemprop=\"datePublished\" pubdate>janeiro 24, 2018<\/time><\/span> <span class=\"ui--blog-separator\">\/<\/span> <span class=\"ui--meta-categories\"><a href=\"https:\/\/textocon.com\/?cat=24\" >Produtos e Servi\u00e7os<\/a><\/span><\/div><\/div><\/div><div class=\"ui--blog-content\">Fazer escolhas certas dentre os Big Datas disponibilizados pela globaliza\u00e7\u00e3o \u00e9 quest\u00e3o de vida ou morte na gest\u00e3o dos neg\u00f3cios. A empresa que n\u00e3o surfar com efici\u00eancia em um \u201coceano\u201d de dados, ao lado de peixe grande acostumado a posar na crista da onda, corre o risco de ser engolida ... <span class=\"more-link\"><a class=\"btn btn-small btn-grey\" href=\"https:\/\/textocon.com\/?p=1779\" title=\"\">Leia mais<\/a><\/span>\n<\/div><\/div><div style=\"display:none;\"><span class=\"date updated published\">janeiro 24, 2018<\/span><span class=\"vcard author\"><a href=\"https:\/\/textocon.com\/?author=1\" class=\"fn\">admin<\/a><\/span><\/div><\/div><div class=\"post-1775 post type-post status-publish format-standard hentry category-noticias ui--blog-item clearfix layout--standard\"><div class=\"ui--blog-side ui--blog-date ui--accent-gradient-hover-parent ui--box\"><h3><span class=\"ui--blog-date-day ui--accent-gradient-hover\">24<\/span><\/h3><h6 class=\"ui--blog-date-month ui--gradient ui--gradient-grey\"><span>jan<\/span><span>2018<\/span><\/h6><\/div><div class=\"ui--blog-content-wrapper\"><div class=\"ui--blog-header\"><h5 class=\"ui--blog-title entry-title clearfix\"><a class=\"ui--blog-link\" href=\"https:\/\/textocon.com\/?p=1775\">Estudantes t\u00eam desconto na compra de livro<\/a><\/h5><div class=\"ui--blog-metas clearfix\"><div class=\"ui--blog-metas-right pull-right\"><span class=\"ui--meta-comment\"><a href=\"https:\/\/textocon.com\/?p=1775#respond\"><i class=\"fontawesome-comment px14\"><\/i> 0<\/a><\/span> <span class=\"ui--blog-separator\">&nbsp;<\/span> <span class=\"ui--meta-like\"><a href=\"#\" class=\"ui--likes\" title=\"Like this\" data-post-id=\"1775\" data-options=\"{&quot;zero&quot;:&quot;&lt;i class=\\&quot;fontawesome-heart px14\\&quot;&gt;&lt;\\\/i&gt; %d&quot;,&quot;one&quot;:&quot;&lt;i class=\\&quot;fontawesome-heart px14\\&quot;&gt;&lt;\\\/i&gt; %d&quot;,&quot;more&quot;:&quot;&lt;i class=\\&quot;fontawesome-heart px14\\&quot;&gt;&lt;\\\/i&gt; %d&quot;}\"><span class=\"ui--likes-count\"><i class=\"fontawesome-heart px14\"><\/i> 0<\/span><\/a><\/span><\/div><div class=\"ui--blog-metas-left\"><span class=\"ui--meta-author\">by <a class=\"vcard author\" href=\"https:\/\/textocon.com\/?author=1\"><span class=\"fn\">admin<\/span><\/a><\/span> <span class=\"ui--blog-separator\">\/<\/span> <span class=\"datetime\"><time class=\"entry-date date updated\" datetime=\"2018-01-24T14:29:50+00:00\" itemprop=\"datePublished\" pubdate>janeiro 24, 2018<\/time><\/span> <span class=\"ui--blog-separator\">\/<\/span> <span class=\"ui--meta-categories\"><a href=\"https:\/\/textocon.com\/?cat=14\" >Not\u00edcias<\/a><\/span><\/div><\/div><\/div><div class=\"ui--blog-content\">Estudantes interessados em adquirir o livro \u201cMagazine Luiza \u2013 Neg\u00f3cio &amp; Cultura\u201d, escrito pelo antrop\u00f3logo Maroni J. Silva, poder\u00e3o usufruir de um desconto na compra de um ou mais exemplares. A promo\u00e7\u00e3o visa incrementar a divulga\u00e7\u00e3o e agilizar as vendas de uma cota da obra que mantemos em estoque, a ... <span class=\"more-link\"><a class=\"btn btn-small btn-grey\" href=\"https:\/\/textocon.com\/?p=1775\" title=\"\">Leia mais<\/a><\/span>\n<\/div><\/div><div style=\"display:none;\"><span class=\"date updated published\">janeiro 24, 2018<\/span><span class=\"vcard author\"><a href=\"https:\/\/textocon.com\/?author=1\" class=\"fn\">admin<\/a><\/span><\/div><\/div><div class=\"post-1772 post type-post status-publish format-standard hentry category-genero-e-diversidade-sociocultural ui--blog-item clearfix layout--standard\"><div class=\"ui--blog-side ui--blog-date ui--accent-gradient-hover-parent ui--box\"><h3><span class=\"ui--blog-date-day ui--accent-gradient-hover\">24<\/span><\/h3><h6 class=\"ui--blog-date-month ui--gradient ui--gradient-grey\"><span>jan<\/span><span>2018<\/span><\/h6><\/div><div class=\"ui--blog-content-wrapper\"><div class=\"ui--blog-header\"><h5 class=\"ui--blog-title entry-title clearfix\"><a class=\"ui--blog-link\" href=\"https:\/\/textocon.com\/?p=1772\">Solid\u00e3o preocupa Reino Unido, em plena era digital<\/a><\/h5><div class=\"ui--blog-metas clearfix\"><div class=\"ui--blog-metas-right pull-right\"><span class=\"ui--meta-comment\"><a href=\"https:\/\/textocon.com\/?p=1772#respond\"><i class=\"fontawesome-comment px14\"><\/i> 0<\/a><\/span> <span class=\"ui--blog-separator\">&nbsp;<\/span> <span class=\"ui--meta-like\"><a href=\"#\" class=\"ui--likes\" title=\"Like this\" data-post-id=\"1772\" data-options=\"{&quot;zero&quot;:&quot;&lt;i class=\\&quot;fontawesome-heart px14\\&quot;&gt;&lt;\\\/i&gt; %d&quot;,&quot;one&quot;:&quot;&lt;i class=\\&quot;fontawesome-heart px14\\&quot;&gt;&lt;\\\/i&gt; %d&quot;,&quot;more&quot;:&quot;&lt;i class=\\&quot;fontawesome-heart px14\\&quot;&gt;&lt;\\\/i&gt; %d&quot;}\"><span class=\"ui--likes-count\"><i class=\"fontawesome-heart px14\"><\/i> 0<\/span><\/a><\/span><\/div><div class=\"ui--blog-metas-left\"><span class=\"ui--meta-author\">by <a class=\"vcard author\" href=\"https:\/\/textocon.com\/?author=1\"><span class=\"fn\">admin<\/span><\/a><\/span> <span class=\"ui--blog-separator\">\/<\/span> <span class=\"datetime\"><time class=\"entry-date date updated\" datetime=\"2018-01-24T14:09:18+00:00\" itemprop=\"datePublished\" pubdate>janeiro 24, 2018<\/time><\/span> <span class=\"ui--blog-separator\">\/<\/span> <span class=\"ui--meta-categories\"><a href=\"https:\/\/textocon.com\/?cat=27\" >G\u00eanero e diversidade sociocultural<\/a><\/span><\/div><\/div><\/div><div class=\"ui--blog-content\">A solid\u00e3o, uma esp\u00e9cie de mal do s\u00e9culo em plena era da comunica\u00e7\u00e3o digital, despertou especial aten\u00e7\u00e3o da primeira-ministra brit\u00e2nica. A Inglaterra, que tem cerca de 9 milh\u00f5es de solit\u00e1rios, contar\u00e1 com uma secret\u00e1ria da solid\u00e3o nomeada recentemente pela mandat\u00e1ria Theresa May, visando cuidar do que ela classificou como \u201cdesafio ... <span class=\"more-link\"><a class=\"btn btn-small btn-grey\" href=\"https:\/\/textocon.com\/?p=1772\" title=\"\">Leia mais<\/a><\/span>\n<\/div><\/div><div style=\"display:none;\"><span class=\"date updated published\">janeiro 24, 2018<\/span><span class=\"vcard author\"><a href=\"https:\/\/textocon.com\/?author=1\" class=\"fn\">admin<\/a><\/span><\/div><\/div><div class=\"post-1769 post type-post status-publish format-standard hentry category-genero-e-diversidade-sociocultural ui--blog-item clearfix layout--standard\"><div class=\"ui--blog-side ui--blog-date ui--accent-gradient-hover-parent ui--box\"><h3><span class=\"ui--blog-date-day ui--accent-gradient-hover\">24<\/span><\/h3><h6 class=\"ui--blog-date-month ui--gradient ui--gradient-grey\"><span>jan<\/span><span>2018<\/span><\/h6><\/div><div class=\"ui--blog-content-wrapper\"><div class=\"ui--blog-header\"><h5 class=\"ui--blog-title entry-title clearfix\"><a class=\"ui--blog-link\" href=\"https:\/\/textocon.com\/?p=1769\">Cai desigualdade entre homens e mulheres no Brasil<\/a><\/h5><div class=\"ui--blog-metas clearfix\"><div class=\"ui--blog-metas-right pull-right\"><span class=\"ui--meta-comment\"><a href=\"https:\/\/textocon.com\/?p=1769#respond\"><i class=\"fontawesome-comment px14\"><\/i> 0<\/a><\/span> <span class=\"ui--blog-separator\">&nbsp;<\/span> <span class=\"ui--meta-like\"><a href=\"#\" class=\"ui--likes\" title=\"Like this\" data-post-id=\"1769\" data-options=\"{&quot;zero&quot;:&quot;&lt;i class=\\&quot;fontawesome-heart px14\\&quot;&gt;&lt;\\\/i&gt; %d&quot;,&quot;one&quot;:&quot;&lt;i class=\\&quot;fontawesome-heart px14\\&quot;&gt;&lt;\\\/i&gt; %d&quot;,&quot;more&quot;:&quot;&lt;i class=\\&quot;fontawesome-heart px14\\&quot;&gt;&lt;\\\/i&gt; %d&quot;}\"><span class=\"ui--likes-count\"><i class=\"fontawesome-heart px14\"><\/i> 0<\/span><\/a><\/span><\/div><div class=\"ui--blog-metas-left\"><span class=\"ui--meta-author\">by <a class=\"vcard author\" href=\"https:\/\/textocon.com\/?author=1\"><span class=\"fn\">admin<\/span><\/a><\/span> <span class=\"ui--blog-separator\">\/<\/span> <span class=\"datetime\"><time class=\"entry-date date updated\" datetime=\"2018-01-24T14:07:29+00:00\" itemprop=\"datePublished\" pubdate>janeiro 24, 2018<\/time><\/span> <span class=\"ui--blog-separator\">\/<\/span> <span class=\"ui--meta-categories\"><a href=\"https:\/\/textocon.com\/?cat=27\" >G\u00eanero e diversidade sociocultural<\/a><\/span><\/div><\/div><\/div><div class=\"ui--blog-content\">Gra\u00e7as a uns degraus a mais conquistados pelas mulheres tanto na educa\u00e7\u00e3o quanto na participa\u00e7\u00e3o pol\u00edtica, o Brasil ganhou 20 posi\u00e7\u00f5es em um ranking global de desigualdade de g\u00eaneros. Dentre 135 na\u00e7\u00f5es pesquisadas pelo F\u00f3rum Econ\u00f4mico Mundial (WEF, sigla em ingl\u00eas), o Pa\u00eds passou da 82\u00aa para a 62\u00aa posi\u00e7\u00e3o. ... <span class=\"more-link\"><a class=\"btn btn-small btn-grey\" href=\"https:\/\/textocon.com\/?p=1769\" title=\"\">Leia mais<\/a><\/span>\n<\/div><\/div><div style=\"display:none;\"><span class=\"date updated published\">janeiro 24, 2018<\/span><span class=\"vcard author\"><a href=\"https:\/\/textocon.com\/?author=1\" class=\"fn\">admin<\/a><\/span><\/div><\/div><div class=\"post-1765 post type-post status-publish format-standard hentry category-educacao-e-cultura-organizacional ui--blog-item clearfix layout--standard\"><div class=\"ui--blog-side ui--blog-date ui--accent-gradient-hover-parent ui--box\"><h3><span class=\"ui--blog-date-day ui--accent-gradient-hover\">24<\/span><\/h3><h6 class=\"ui--blog-date-month ui--gradient ui--gradient-grey\"><span>jan<\/span><span>2018<\/span><\/h6><\/div><div class=\"ui--blog-content-wrapper\"><div class=\"ui--blog-header\"><h5 class=\"ui--blog-title entry-title clearfix\"><a class=\"ui--blog-link\" href=\"https:\/\/textocon.com\/?p=1765\">Pedagogia transdisciplinar estimula ensino na Finl\u00e2ndia<\/a><\/h5><div class=\"ui--blog-metas clearfix\"><div class=\"ui--blog-metas-right pull-right\"><span class=\"ui--meta-comment\"><a href=\"https:\/\/textocon.com\/?p=1765#respond\"><i class=\"fontawesome-comment px14\"><\/i> 0<\/a><\/span> <span class=\"ui--blog-separator\">&nbsp;<\/span> <span class=\"ui--meta-like\"><a href=\"#\" class=\"ui--likes\" title=\"Like this\" data-post-id=\"1765\" data-options=\"{&quot;zero&quot;:&quot;&lt;i class=\\&quot;fontawesome-heart px14\\&quot;&gt;&lt;\\\/i&gt; %d&quot;,&quot;one&quot;:&quot;&lt;i class=\\&quot;fontawesome-heart px14\\&quot;&gt;&lt;\\\/i&gt; %d&quot;,&quot;more&quot;:&quot;&lt;i class=\\&quot;fontawesome-heart px14\\&quot;&gt;&lt;\\\/i&gt; %d&quot;}\"><span class=\"ui--likes-count\"><i class=\"fontawesome-heart px14\"><\/i> 0<\/span><\/a><\/span><\/div><div class=\"ui--blog-metas-left\"><span class=\"ui--meta-author\">by <a class=\"vcard author\" href=\"https:\/\/textocon.com\/?author=1\"><span class=\"fn\">admin<\/span><\/a><\/span> <span class=\"ui--blog-separator\">\/<\/span> <span class=\"datetime\"><time class=\"entry-date date updated\" datetime=\"2018-01-24T13:36:01+00:00\" itemprop=\"datePublished\" pubdate>janeiro 24, 2018<\/time><\/span> <span class=\"ui--blog-separator\">\/<\/span> <span class=\"ui--meta-categories\"><a href=\"https:\/\/textocon.com\/?cat=26\" >Educa\u00e7\u00e3o e cultura organizacional<\/a><\/span><\/div><\/div><\/div><div class=\"ui--blog-content\">Mesmo dispondo de um dos mais destacados sistema educacional do mundo, a Finl\u00e2ndia mant\u00e9m a inova\u00e7\u00e3o nas escolas, com foco na melhoria do ensino. De acordo com a BBB Brasil, desde 2016 est\u00e1 em curso em todos os centros de ensino o chamado phenomenon learning (aprendizado experimental). Por esse novo ... <span class=\"more-link\"><a class=\"btn btn-small btn-grey\" href=\"https:\/\/textocon.com\/?p=1765\" title=\"\">Leia mais<\/a><\/span>\n<\/div><\/div><div style=\"display:none;\"><span class=\"date updated published\">janeiro 24, 2018<\/span><span class=\"vcard author\"><a href=\"https:\/\/textocon.com\/?author=1\" class=\"fn\">admin<\/a><\/span><\/div><\/div><div class=\"post-1762 post type-post status-publish format-standard hentry category-educacao-e-cultura-organizacional ui--blog-item clearfix layout--standard\"><div class=\"ui--blog-side ui--blog-date ui--accent-gradient-hover-parent ui--box\"><h3><span class=\"ui--blog-date-day ui--accent-gradient-hover\">24<\/span><\/h3><h6 class=\"ui--blog-date-month ui--gradient ui--gradient-grey\"><span>jan<\/span><span>2018<\/span><\/h6><\/div><div class=\"ui--blog-content-wrapper\"><div class=\"ui--blog-header\"><h5 class=\"ui--blog-title entry-title clearfix\"><a class=\"ui--blog-link\" href=\"https:\/\/textocon.com\/?p=1762\">Luiza Helena v\u00ea educa\u00e7\u00e3o com bons olhos<\/a><\/h5><div class=\"ui--blog-metas clearfix\"><div class=\"ui--blog-metas-right pull-right\"><span class=\"ui--meta-comment\"><a href=\"https:\/\/textocon.com\/?p=1762#respond\"><i class=\"fontawesome-comment px14\"><\/i> 0<\/a><\/span> <span class=\"ui--blog-separator\">&nbsp;<\/span> <span class=\"ui--meta-like\"><a href=\"#\" class=\"ui--likes\" title=\"Like this\" data-post-id=\"1762\" data-options=\"{&quot;zero&quot;:&quot;&lt;i class=\\&quot;fontawesome-heart px14\\&quot;&gt;&lt;\\\/i&gt; %d&quot;,&quot;one&quot;:&quot;&lt;i class=\\&quot;fontawesome-heart px14\\&quot;&gt;&lt;\\\/i&gt; %d&quot;,&quot;more&quot;:&quot;&lt;i class=\\&quot;fontawesome-heart px14\\&quot;&gt;&lt;\\\/i&gt; %d&quot;}\"><span class=\"ui--likes-count\"><i class=\"fontawesome-heart px14\"><\/i> 1<\/span><\/a><\/span><\/div><div class=\"ui--blog-metas-left\"><span class=\"ui--meta-author\">by <a class=\"vcard author\" href=\"https:\/\/textocon.com\/?author=1\"><span class=\"fn\">admin<\/span><\/a><\/span> <span class=\"ui--blog-separator\">\/<\/span> <span class=\"datetime\"><time class=\"entry-date date updated\" datetime=\"2018-01-24T13:21:51+00:00\" itemprop=\"datePublished\" pubdate>janeiro 24, 2018<\/time><\/span> <span class=\"ui--blog-separator\">\/<\/span> <span class=\"ui--meta-categories\"><a href=\"https:\/\/textocon.com\/?cat=26\" >Educa\u00e7\u00e3o e cultura organizacional<\/a><\/span><\/div><\/div><\/div><div class=\"ui--blog-content\">A iniciativa da Secretaria da Educa\u00e7\u00e3o do Estado de S\u00e3o Paulo de sortear entre os funcion\u00e1rios dois exemplares do livro do antrop\u00f3logo Maroni Jo\u00e3o da Silva sobre a cultura do Magazine Luiza despertou satisfa\u00e7\u00e3o na presidente do Conselho de Administra\u00e7\u00e3o da empresa. Ao ser notificada atrav\u00e9s de e-mail enviado pelo ... <span class=\"more-link\"><a class=\"btn btn-small btn-grey\" href=\"https:\/\/textocon.com\/?p=1762\" title=\"\">Leia mais<\/a><\/span>\n<\/div><\/div><div style=\"display:none;\"><span class=\"date updated published\">janeiro 24, 2018<\/span><span class=\"vcard author\"><a href=\"https:\/\/textocon.com\/?author=1\" class=\"fn\">admin<\/a><\/span><\/div><\/div><div class=\"post-1756 post type-post status-publish format-standard hentry category-educacao-e-cultura-organizacional ui--blog-item clearfix layout--standard\"><div class=\"ui--blog-side ui--blog-date ui--accent-gradient-hover-parent ui--box\"><h3><span class=\"ui--blog-date-day ui--accent-gradient-hover\">24<\/span><\/h3><h6 class=\"ui--blog-date-month ui--gradient ui--gradient-grey\"><span>jan<\/span><span>2018<\/span><\/h6><\/div><div class=\"ui--blog-content-wrapper\"><div class=\"ui--blog-header\"><h5 class=\"ui--blog-title entry-title clearfix\"><a class=\"ui--blog-link\" href=\"https:\/\/textocon.com\/?p=1756\">Secretaria da Educa\u00e7\u00e3o sorteia livros sobre neg\u00f3cio e cultura<\/a><\/h5><div class=\"ui--blog-metas clearfix\"><div class=\"ui--blog-metas-right pull-right\"><span class=\"ui--meta-comment\"><a href=\"https:\/\/textocon.com\/?p=1756#respond\"><i class=\"fontawesome-comment px14\"><\/i> 0<\/a><\/span> <span class=\"ui--blog-separator\">&nbsp;<\/span> <span class=\"ui--meta-like\"><a href=\"#\" class=\"ui--likes\" title=\"Like this\" data-post-id=\"1756\" data-options=\"{&quot;zero&quot;:&quot;&lt;i class=\\&quot;fontawesome-heart px14\\&quot;&gt;&lt;\\\/i&gt; %d&quot;,&quot;one&quot;:&quot;&lt;i class=\\&quot;fontawesome-heart px14\\&quot;&gt;&lt;\\\/i&gt; %d&quot;,&quot;more&quot;:&quot;&lt;i class=\\&quot;fontawesome-heart px14\\&quot;&gt;&lt;\\\/i&gt; %d&quot;}\"><span class=\"ui--likes-count\"><i class=\"fontawesome-heart px14\"><\/i> 0<\/span><\/a><\/span><\/div><div class=\"ui--blog-metas-left\"><span class=\"ui--meta-author\">by <a class=\"vcard author\" href=\"https:\/\/textocon.com\/?author=1\"><span class=\"fn\">admin<\/span><\/a><\/span> <span class=\"ui--blog-separator\">\/<\/span> <span class=\"datetime\"><time class=\"entry-date date updated\" datetime=\"2018-01-24T13:09:17+00:00\" itemprop=\"datePublished\" pubdate>janeiro 24, 2018<\/time><\/span> <span class=\"ui--blog-separator\">\/<\/span> <span class=\"ui--meta-categories\"><a href=\"https:\/\/textocon.com\/?cat=26\" >Educa\u00e7\u00e3o e cultura organizacional<\/a><\/span><\/div><\/div><\/div><div class=\"ui--blog-content\">Est\u00e1 no ar, no Espa\u00e7o do Servidor (intranet) da Secretaria da Educa\u00e7\u00e3o do Estado de S\u00e3o Paulo, as regras e orienta\u00e7\u00f5es para os funcion\u00e1rios p\u00fablicos estaduais que queiram participar do sorteio de dois exemplares do livro \u201cMagazine Luiza \u2013 Neg\u00f3cio &amp; Cultura\u201d. As inscri\u00e7\u00f5es devem ser feitas, at\u00e9 o dia ... <span class=\"more-link\"><a class=\"btn btn-small btn-grey\" href=\"https:\/\/textocon.com\/?p=1756\" title=\"\">Leia mais<\/a><\/span>\n<\/div><\/div><div style=\"display:none;\"><span class=\"date updated published\">janeiro 24, 2018<\/span><span class=\"vcard author\"><a href=\"https:\/\/textocon.com\/?author=1\" class=\"fn\">admin<\/a><\/span><\/div><\/div><div class=\"post-1750 post type-post status-publish format-standard hentry ui--blog-item clearfix layout--standard\"><div class=\"ui--blog-side ui--blog-date ui--accent-gradient-hover-parent ui--box\"><h3><span class=\"ui--blog-date-day ui--accent-gradient-hover\">14<\/span><\/h3><h6 class=\"ui--blog-date-month ui--gradient ui--gradient-grey\"><span>jan<\/span><span>2018<\/span><\/h6><\/div><div class=\"ui--blog-content-wrapper\"><div class=\"ui--blog-header\"><h5 class=\"ui--blog-title entry-title clearfix\"><a class=\"ui--blog-link\" href=\"https:\/\/textocon.com\/?p=1750\">Transformando teoria organizacional em pr\u00e1ticas de neg\u00f3cios<\/a><\/h5><div class=\"ui--blog-metas clearfix\"><div class=\"ui--blog-metas-right pull-right\"><span class=\"ui--meta-comment\"><a href=\"https:\/\/textocon.com\/?p=1750#respond\"><i class=\"fontawesome-comment px14\"><\/i> 0<\/a><\/span> <span class=\"ui--blog-separator\">&nbsp;<\/span> <span class=\"ui--meta-like\"><a href=\"#\" class=\"ui--likes\" title=\"Like this\" data-post-id=\"1750\" data-options=\"{&quot;zero&quot;:&quot;&lt;i class=\\&quot;fontawesome-heart px14\\&quot;&gt;&lt;\\\/i&gt; %d&quot;,&quot;one&quot;:&quot;&lt;i class=\\&quot;fontawesome-heart px14\\&quot;&gt;&lt;\\\/i&gt; %d&quot;,&quot;more&quot;:&quot;&lt;i class=\\&quot;fontawesome-heart px14\\&quot;&gt;&lt;\\\/i&gt; %d&quot;}\"><span class=\"ui--likes-count\"><i class=\"fontawesome-heart px14\"><\/i> 0<\/span><\/a><\/span><\/div><div class=\"ui--blog-metas-left\"><span class=\"ui--meta-author\">by <a class=\"vcard author\" href=\"https:\/\/textocon.com\/?author=1\"><span class=\"fn\">admin<\/span><\/a><\/span> <span class=\"ui--blog-separator\">\/<\/span> <span class=\"datetime\"><time class=\"entry-date date updated\" datetime=\"2018-01-14T20:52:06+00:00\" itemprop=\"datePublished\" pubdate>janeiro 14, 2018<\/time><\/span> <span class=\"ui--blog-separator\">\/<\/span> <span class=\"ui--meta-categories\">Sem categoria<\/span><\/div><\/div><\/div><\/div><div style=\"display:none;\"><span class=\"date updated published\">janeiro 14, 2018<\/span><span class=\"vcard author\"><a href=\"https:\/\/textocon.com\/?author=1\" class=\"fn\">admin<\/a><\/span><\/div><\/div><div class=\"post-1731 post type-post status-publish format-standard hentry category-reportagens ui--blog-item clearfix layout--standard\"><div class=\"ui--blog-side ui--blog-date ui--accent-gradient-hover-parent ui--box\"><h3><span class=\"ui--blog-date-day ui--accent-gradient-hover\">14<\/span><\/h3><h6 class=\"ui--blog-date-month ui--gradient ui--gradient-grey\"><span>mar<\/span><span>2016<\/span><\/h6><\/div><div class=\"ui--blog-content-wrapper\"><div class=\"ui--blog-header\"><h5 class=\"ui--blog-title entry-title clearfix\"><a class=\"ui--blog-link\" href=\"https:\/\/textocon.com\/?p=1731\">Siderurgia: fazendo mais com menos<\/a><\/h5><div class=\"ui--blog-metas clearfix\"><div class=\"ui--blog-metas-right pull-right\"><span class=\"ui--meta-comment\"><a href=\"https:\/\/textocon.com\/?p=1731#respond\"><i class=\"fontawesome-comment px14\"><\/i> 0<\/a><\/span> <span class=\"ui--blog-separator\">&nbsp;<\/span> <span class=\"ui--meta-like\"><a href=\"#\" class=\"ui--likes\" title=\"Like this\" data-post-id=\"1731\" data-options=\"{&quot;zero&quot;:&quot;&lt;i class=\\&quot;fontawesome-heart px14\\&quot;&gt;&lt;\\\/i&gt; %d&quot;,&quot;one&quot;:&quot;&lt;i class=\\&quot;fontawesome-heart px14\\&quot;&gt;&lt;\\\/i&gt; %d&quot;,&quot;more&quot;:&quot;&lt;i class=\\&quot;fontawesome-heart px14\\&quot;&gt;&lt;\\\/i&gt; %d&quot;}\"><span class=\"ui--likes-count\"><i class=\"fontawesome-heart px14\"><\/i> 0<\/span><\/a><\/span><\/div><div class=\"ui--blog-metas-left\"><span class=\"ui--meta-author\">by <a class=\"vcard author\" href=\"https:\/\/textocon.com\/?author=1\"><span class=\"fn\">admin<\/span><\/a><\/span> <span class=\"ui--blog-separator\">\/<\/span> <span class=\"datetime\"><time class=\"entry-date date updated\" datetime=\"2016-03-14T21:10:10+00:00\" itemprop=\"datePublished\" pubdate>mar\u00e7o 14, 2016<\/time><\/span> <span class=\"ui--blog-separator\">\/<\/span> <span class=\"ui--meta-categories\"><a href=\"https:\/\/textocon.com\/?cat=25\" >Reportagens<\/a><\/span><\/div><\/div><\/div><div class=\"ui--blog-content\">SOLU\u00c7\u00d5ES INOVADORAS VIABILIZAM O USO DE MAT\u00c9RIAS-PRIMAS MENOS NOBRES SEM COMPROMETER A ESTABILIDADE DOS\u00a0 ALTOS-FORNOS\r\nSolu\u00e7\u00f5es voltadas para a melhoria dos indicadores de sustentabilidade e de e\ufb01ci\u00eancia energ\u00e9tica v\u00eam fazendo a diferen\u00e7a no desempenho econ\u00f4mico de algumas sider\u00fargicas brasileiras. H\u00e1 casos em que as inova\u00e7\u00f5es viabilizam o uso de mat\u00e9rias-primas menos ... <span class=\"more-link\"><a class=\"btn btn-small btn-grey\" href=\"https:\/\/textocon.com\/?p=1731\" title=\"\">Leia mais<\/a><\/span>\n<\/div><\/div><div style=\"display:none;\"><span class=\"date updated published\">mar\u00e7o 14, 2016<\/span><span class=\"vcard author\"><a href=\"https:\/\/textocon.com\/?author=1\" class=\"fn\">admin<\/a><\/span><\/div><\/div><div class=\"post-1728 post type-post status-publish format-standard hentry category-produtos-e-servicos ui--blog-item clearfix layout--standard\"><div class=\"ui--blog-side ui--blog-date ui--accent-gradient-hover-parent ui--box\"><h3><span class=\"ui--blog-date-day ui--accent-gradient-hover\">07<\/span><\/h3><h6 class=\"ui--blog-date-month ui--gradient ui--gradient-grey\"><span>mar<\/span><span>2016<\/span><\/h6><\/div><div class=\"ui--blog-content-wrapper\"><div class=\"ui--blog-header\"><h5 class=\"ui--blog-title entry-title clearfix\"><a class=\"ui--blog-link\" href=\"https:\/\/textocon.com\/?p=1728\">Tradi\u00e7\u00e3o e mem\u00f3ria integradas \u00e0 intelig\u00eancia competitiva<\/a><\/h5><div class=\"ui--blog-metas clearfix\"><div class=\"ui--blog-metas-right pull-right\"><span class=\"ui--meta-comment\"><a href=\"https:\/\/textocon.com\/?p=1728#respond\"><i class=\"fontawesome-comment px14\"><\/i> 0<\/a><\/span> <span class=\"ui--blog-separator\">&nbsp;<\/span> <span class=\"ui--meta-like\"><a href=\"#\" class=\"ui--likes\" title=\"Like this\" data-post-id=\"1728\" data-options=\"{&quot;zero&quot;:&quot;&lt;i class=\\&quot;fontawesome-heart px14\\&quot;&gt;&lt;\\\/i&gt; %d&quot;,&quot;one&quot;:&quot;&lt;i class=\\&quot;fontawesome-heart px14\\&quot;&gt;&lt;\\\/i&gt; %d&quot;,&quot;more&quot;:&quot;&lt;i class=\\&quot;fontawesome-heart px14\\&quot;&gt;&lt;\\\/i&gt; %d&quot;}\"><span class=\"ui--likes-count\"><i class=\"fontawesome-heart px14\"><\/i> 0<\/span><\/a><\/span><\/div><div class=\"ui--blog-metas-left\"><span class=\"ui--meta-author\">by <a class=\"vcard author\" href=\"https:\/\/textocon.com\/?author=1\"><span class=\"fn\">admin<\/span><\/a><\/span> <span class=\"ui--blog-separator\">\/<\/span> <span class=\"datetime\"><time class=\"entry-date date updated\" datetime=\"2016-03-07T20:31:40+00:00\" itemprop=\"datePublished\" pubdate>mar\u00e7o 7, 2016<\/time><\/span> <span class=\"ui--blog-separator\">\/<\/span> <span class=\"ui--meta-categories\"><a href=\"https:\/\/textocon.com\/?cat=24\" >Produtos e Servi\u00e7os<\/a><\/span><\/div><\/div><\/div><div class=\"ui--blog-content\">Nem sempre o que \u00e9 novo representa, isoladamente, o caminho para tirar as pessoas da zona de conforto, preparando o terreno para futuros desafios. Empresas familiares que profissionalizaram seus quadros de pessoal, mas mantiveram a inspira\u00e7\u00e3o dos fundadores, encontraram atalhos para a moderniza\u00e7\u00e3o, transformando-se em grandes players, liderando, muitas vezes, ... <span class=\"more-link\"><a class=\"btn btn-small btn-grey\" href=\"https:\/\/textocon.com\/?p=1728\" title=\"\">Leia mais<\/a><\/span>\n<\/div><\/div><div style=\"display:none;\"><span class=\"date updated published\">mar\u00e7o 7, 2016<\/span><span class=\"vcard author\"><a href=\"https:\/\/textocon.com\/?author=1\" class=\"fn\">admin<\/a><\/span><\/div><\/div><div class=\"post-1722 post type-post status-publish format-standard hentry category-produtos-e-servicos ui--blog-item clearfix layout--standard\"><div class=\"ui--blog-side ui--blog-date ui--accent-gradient-hover-parent ui--box\"><h3><span class=\"ui--blog-date-day ui--accent-gradient-hover\">07<\/span><\/h3><h6 class=\"ui--blog-date-month ui--gradient ui--gradient-grey\"><span>mar<\/span><span>2016<\/span><\/h6><\/div><div class=\"ui--blog-content-wrapper\"><div class=\"ui--blog-header\"><h5 class=\"ui--blog-title entry-title clearfix\"><a class=\"ui--blog-link\" href=\"https:\/\/textocon.com\/?p=1722\">Potencializando a intera\u00e7\u00e3o entre as equipes<\/a><\/h5><div class=\"ui--blog-metas clearfix\"><div class=\"ui--blog-metas-right pull-right\"><span class=\"ui--meta-comment\"><a href=\"https:\/\/textocon.com\/?p=1722#respond\"><i class=\"fontawesome-comment px14\"><\/i> 0<\/a><\/span> <span class=\"ui--blog-separator\">&nbsp;<\/span> <span class=\"ui--meta-like\"><a href=\"#\" class=\"ui--likes\" title=\"Like this\" data-post-id=\"1722\" data-options=\"{&quot;zero&quot;:&quot;&lt;i class=\\&quot;fontawesome-heart px14\\&quot;&gt;&lt;\\\/i&gt; %d&quot;,&quot;one&quot;:&quot;&lt;i class=\\&quot;fontawesome-heart px14\\&quot;&gt;&lt;\\\/i&gt; %d&quot;,&quot;more&quot;:&quot;&lt;i class=\\&quot;fontawesome-heart px14\\&quot;&gt;&lt;\\\/i&gt; %d&quot;}\"><span class=\"ui--likes-count\"><i class=\"fontawesome-heart px14\"><\/i> 0<\/span><\/a><\/span><\/div><div class=\"ui--blog-metas-left\"><span class=\"ui--meta-author\">by <a class=\"vcard author\" href=\"https:\/\/textocon.com\/?author=1\"><span class=\"fn\">admin<\/span><\/a><\/span> <span class=\"ui--blog-separator\">\/<\/span> <span class=\"datetime\"><time class=\"entry-date date updated\" datetime=\"2016-03-07T20:25:20+00:00\" itemprop=\"datePublished\" pubdate>mar\u00e7o 7, 2016<\/time><\/span> <span class=\"ui--blog-separator\">\/<\/span> <span class=\"ui--meta-categories\"><a href=\"https:\/\/textocon.com\/?cat=24\" >Produtos e Servi\u00e7os<\/a><\/span><\/div><\/div><\/div><div class=\"ui--blog-content\">A demanda por compet\u00eancias com foco em relacionamento est\u00e1 exigindo que profissionais experientes ou rec\u00e9m-contratados complementem sua forma\u00e7\u00e3o em \u00e1reas comportamentais. Ciente dessas novas tend\u00eancias, a Textocon preparou uma agenda de palestras e cursos de educa\u00e7\u00e3o continuada direcionada a esse p\u00fablico-alvo que podem ser ministrados in company.\r\n\r\nA metodologia contempla o ... <span class=\"more-link\"><a class=\"btn btn-small btn-grey\" href=\"https:\/\/textocon.com\/?p=1722\" title=\"\">Leia mais<\/a><\/span>\n<\/div><\/div><div style=\"display:none;\"><span class=\"date updated published\">mar\u00e7o 7, 2016<\/span><span class=\"vcard author\"><a href=\"https:\/\/textocon.com\/?author=1\" class=\"fn\">admin<\/a><\/span><\/div><\/div><div class=\"post-1697 post type-post status-publish format-standard hentry category-notas ui--blog-item clearfix layout--standard\"><div class=\"ui--blog-side ui--blog-date ui--accent-gradient-hover-parent ui--box\"><h3><span class=\"ui--blog-date-day ui--accent-gradient-hover\">24<\/span><\/h3><h6 class=\"ui--blog-date-month ui--gradient ui--gradient-grey\"><span>fev<\/span><span>2016<\/span><\/h6><\/div><div class=\"ui--blog-content-wrapper\"><div class=\"ui--blog-header\"><h5 class=\"ui--blog-title entry-title clearfix\"><a class=\"ui--blog-link\" href=\"https:\/\/textocon.com\/?p=1697\">Maroni recebe felicita\u00e7\u00f5es pelas edi\u00e7\u00f5es da Revista ABM<\/a><\/h5><div class=\"ui--blog-metas clearfix\"><div class=\"ui--blog-metas-right pull-right\"><span class=\"ui--meta-comment\"><a href=\"https:\/\/textocon.com\/?p=1697#respond\"><i class=\"fontawesome-comment px14\"><\/i> 0<\/a><\/span> <span class=\"ui--blog-separator\">&nbsp;<\/span> <span class=\"ui--meta-like\"><a href=\"#\" class=\"ui--likes\" title=\"Like this\" data-post-id=\"1697\" data-options=\"{&quot;zero&quot;:&quot;&lt;i class=\\&quot;fontawesome-heart px14\\&quot;&gt;&lt;\\\/i&gt; %d&quot;,&quot;one&quot;:&quot;&lt;i class=\\&quot;fontawesome-heart px14\\&quot;&gt;&lt;\\\/i&gt; %d&quot;,&quot;more&quot;:&quot;&lt;i class=\\&quot;fontawesome-heart px14\\&quot;&gt;&lt;\\\/i&gt; %d&quot;}\"><span class=\"ui--likes-count\"><i class=\"fontawesome-heart px14\"><\/i> 0<\/span><\/a><\/span><\/div><div class=\"ui--blog-metas-left\"><span class=\"ui--meta-author\">by <a class=\"vcard author\" href=\"https:\/\/textocon.com\/?author=1\"><span class=\"fn\">admin<\/span><\/a><\/span> <span class=\"ui--blog-separator\">\/<\/span> <span class=\"datetime\"><time class=\"entry-date date updated\" datetime=\"2016-02-24T14:44:29+00:00\" itemprop=\"datePublished\" pubdate>fevereiro 24, 2016<\/time><\/span> <span class=\"ui--blog-separator\">\/<\/span> <span class=\"ui--meta-categories\"><a href=\"https:\/\/textocon.com\/?cat=22\" >Notas<\/a><\/span><\/div><\/div><\/div><div class=\"ui--blog-content\">\r\n&nbsp;\r\n\u201cLamento a perda para revista e \u00e0 nossa comunidade. Mas, por outro lado, estou certa de que esta nova etapa lhe trar\u00e1 estimulantes desafios\u201d. Foi com essas palavras que a professora Virg\u00ednia Siminelli, do Departamento de Engenharia Metal\u00fargica e de Materiais da UFMG, interpretou a sa\u00edda do jornalista Maroni J. ... <span class=\"more-link\"><a class=\"btn btn-small btn-grey\" href=\"https:\/\/textocon.com\/?p=1697\" title=\"\">Leia mais<\/a><\/span>\n<\/div><\/div><div style=\"display:none;\"><span class=\"date updated published\">fevereiro 24, 2016<\/span><span class=\"vcard author\"><a href=\"https:\/\/textocon.com\/?author=1\" class=\"fn\">admin<\/a><\/span><\/div><\/div><div class=\"post-1695 post type-post status-publish format-standard hentry category-notas ui--blog-item clearfix layout--standard\"><div class=\"ui--blog-side ui--blog-date ui--accent-gradient-hover-parent ui--box\"><h3><span class=\"ui--blog-date-day ui--accent-gradient-hover\">23<\/span><\/h3><h6 class=\"ui--blog-date-month ui--gradient ui--gradient-grey\"><span>fev<\/span><span>2016<\/span><\/h6><\/div><div class=\"ui--blog-content-wrapper\"><div class=\"ui--blog-header\"><h5 class=\"ui--blog-title entry-title clearfix\"><a class=\"ui--blog-link\" href=\"https:\/\/textocon.com\/?p=1695\">Informantes desejam sucesso na miss\u00e3o profissional<\/a><\/h5><div class=\"ui--blog-metas clearfix\"><div class=\"ui--blog-metas-right pull-right\"><span class=\"ui--meta-comment\"><a href=\"https:\/\/textocon.com\/?p=1695#respond\"><i class=\"fontawesome-comment px14\"><\/i> 0<\/a><\/span> <span class=\"ui--blog-separator\">&nbsp;<\/span> <span class=\"ui--meta-like\"><a href=\"#\" class=\"ui--likes\" title=\"Like this\" data-post-id=\"1695\" data-options=\"{&quot;zero&quot;:&quot;&lt;i class=\\&quot;fontawesome-heart px14\\&quot;&gt;&lt;\\\/i&gt; %d&quot;,&quot;one&quot;:&quot;&lt;i class=\\&quot;fontawesome-heart px14\\&quot;&gt;&lt;\\\/i&gt; %d&quot;,&quot;more&quot;:&quot;&lt;i class=\\&quot;fontawesome-heart px14\\&quot;&gt;&lt;\\\/i&gt; %d&quot;}\"><span class=\"ui--likes-count\"><i class=\"fontawesome-heart px14\"><\/i> 0<\/span><\/a><\/span><\/div><div class=\"ui--blog-metas-left\"><span class=\"ui--meta-author\">by <a class=\"vcard author\" href=\"https:\/\/textocon.com\/?author=1\"><span class=\"fn\">admin<\/span><\/a><\/span> <span class=\"ui--blog-separator\">\/<\/span> <span class=\"datetime\"><time class=\"entry-date date updated\" datetime=\"2016-02-23T16:29:22+00:00\" itemprop=\"datePublished\" pubdate>fevereiro 23, 2016<\/time><\/span> <span class=\"ui--blog-separator\">\/<\/span> <span class=\"ui--meta-categories\"><a href=\"https:\/\/textocon.com\/?cat=22\" >Notas<\/a><\/span><\/div><\/div><\/div><div class=\"ui--blog-content\">\r\n\r\n&nbsp;\r\n\r\nRepresentantes de empresas e mediadores de contato junto \u00e0s fontes torcem pelo sucesso de Maroni em sua nova miss\u00e3o profissional. Depois de visitarem a website de sua empresa, a Textocon Comunica\u00e7\u00e3o &amp; Cultura Organizacional, alguns at\u00e9 se colocaram \u00e0 disposi\u00e7\u00e3o a fim de contribuir com o que for poss\u00edvel para ... <span class=\"more-link\"><a class=\"btn btn-small btn-grey\" href=\"https:\/\/textocon.com\/?p=1695\" title=\"\">Leia mais<\/a><\/span>\n<\/div><\/div><div style=\"display:none;\"><span class=\"date updated published\">fevereiro 23, 2016<\/span><span class=\"vcard author\"><a href=\"https:\/\/textocon.com\/?author=1\" class=\"fn\">admin<\/a><\/span><\/div><\/div><div class=\"post-1693 post type-post status-publish format-standard hentry category-notas ui--blog-item clearfix layout--standard\"><div class=\"ui--blog-side ui--blog-date ui--accent-gradient-hover-parent ui--box\"><h3><span class=\"ui--blog-date-day ui--accent-gradient-hover\">23<\/span><\/h3><h6 class=\"ui--blog-date-month ui--gradient ui--gradient-grey\"><span>fev<\/span><span>2016<\/span><\/h6><\/div><div class=\"ui--blog-content-wrapper\"><div class=\"ui--blog-header\"><h5 class=\"ui--blog-title entry-title clearfix\"><a class=\"ui--blog-link\" href=\"https:\/\/textocon.com\/?p=1693\">Assessores de imprensa ressaltam a parceria com o editor<\/a><\/h5><div class=\"ui--blog-metas clearfix\"><div class=\"ui--blog-metas-right pull-right\"><span class=\"ui--meta-comment\"><a href=\"https:\/\/textocon.com\/?p=1693#respond\"><i class=\"fontawesome-comment px14\"><\/i> 0<\/a><\/span> <span class=\"ui--blog-separator\">&nbsp;<\/span> <span class=\"ui--meta-like\"><a href=\"#\" class=\"ui--likes\" title=\"Like this\" data-post-id=\"1693\" data-options=\"{&quot;zero&quot;:&quot;&lt;i class=\\&quot;fontawesome-heart px14\\&quot;&gt;&lt;\\\/i&gt; %d&quot;,&quot;one&quot;:&quot;&lt;i class=\\&quot;fontawesome-heart px14\\&quot;&gt;&lt;\\\/i&gt; %d&quot;,&quot;more&quot;:&quot;&lt;i class=\\&quot;fontawesome-heart px14\\&quot;&gt;&lt;\\\/i&gt; %d&quot;}\"><span class=\"ui--likes-count\"><i class=\"fontawesome-heart px14\"><\/i> 0<\/span><\/a><\/span><\/div><div class=\"ui--blog-metas-left\"><span class=\"ui--meta-author\">by <a class=\"vcard author\" href=\"https:\/\/textocon.com\/?author=1\"><span class=\"fn\">admin<\/span><\/a><\/span> <span class=\"ui--blog-separator\">\/<\/span> <span class=\"datetime\"><time class=\"entry-date date updated\" datetime=\"2016-02-23T16:28:54+00:00\" itemprop=\"datePublished\" pubdate>fevereiro 23, 2016<\/time><\/span> <span class=\"ui--blog-separator\">\/<\/span> <span class=\"ui--meta-categories\"><a href=\"https:\/\/textocon.com\/?cat=22\" >Notas<\/a><\/span><\/div><\/div><\/div><div class=\"ui--blog-content\">\r\n\r\n&nbsp;\r\n\r\nAssessores de comunica\u00e7\u00e3o de empresas e associadas da ABM e colegas da pr\u00f3pria Revista tamb\u00e9m se manifestaram sobre a sa\u00edda do editor. Lucila Ribeiro, gerente de comunica\u00e7\u00e3o e assuntos institucionais da Gerdau agradeceu: \u201cmuito obrigado pela parceria e interesse ao longo desses 10 anos\u201d.\r\n\r\n\u201cFoi um prazer e um aprendizado esse ... <span class=\"more-link\"><a class=\"btn btn-small btn-grey\" href=\"https:\/\/textocon.com\/?p=1693\" title=\"\">Leia mais<\/a><\/span>\n<\/div><\/div><div style=\"display:none;\"><span class=\"date updated published\">fevereiro 23, 2016<\/span><span class=\"vcard author\"><a href=\"https:\/\/textocon.com\/?author=1\" class=\"fn\">admin<\/a><\/span><\/div><\/div><div class=\"post-1717 post type-post status-publish format-standard hentry category-memorias ui--blog-item clearfix layout--standard\"><div class=\"ui--blog-side ui--blog-date ui--accent-gradient-hover-parent ui--box\"><h3><span class=\"ui--blog-date-day ui--accent-gradient-hover\">23<\/span><\/h3><h6 class=\"ui--blog-date-month ui--gradient ui--gradient-grey\"><span>fev<\/span><span>2016<\/span><\/h6><\/div><div class=\"ui--blog-content-wrapper\"><div class=\"ui--blog-header\"><h5 class=\"ui--blog-title entry-title clearfix\"><a class=\"ui--blog-link\" href=\"https:\/\/textocon.com\/?p=1717\">\u201cCanudo na m\u00e3o, bolso aliviado\u201d<\/a><\/h5><div class=\"ui--blog-metas clearfix\"><div class=\"ui--blog-metas-right pull-right\"><span class=\"ui--meta-comment\"><a href=\"https:\/\/textocon.com\/?p=1717#respond\"><i class=\"fontawesome-comment px14\"><\/i> 0<\/a><\/span> <span class=\"ui--blog-separator\">&nbsp;<\/span> <span class=\"ui--meta-like\"><a href=\"#\" class=\"ui--likes\" title=\"Like this\" data-post-id=\"1717\" data-options=\"{&quot;zero&quot;:&quot;&lt;i class=\\&quot;fontawesome-heart px14\\&quot;&gt;&lt;\\\/i&gt; %d&quot;,&quot;one&quot;:&quot;&lt;i class=\\&quot;fontawesome-heart px14\\&quot;&gt;&lt;\\\/i&gt; %d&quot;,&quot;more&quot;:&quot;&lt;i class=\\&quot;fontawesome-heart px14\\&quot;&gt;&lt;\\\/i&gt; %d&quot;}\"><span class=\"ui--likes-count\"><i class=\"fontawesome-heart px14\"><\/i> 0<\/span><\/a><\/span><\/div><div class=\"ui--blog-metas-left\"><span class=\"ui--meta-author\">by <a class=\"vcard author\" href=\"https:\/\/textocon.com\/?author=1\"><span class=\"fn\">admin<\/span><\/a><\/span> <span class=\"ui--blog-separator\">\/<\/span> <span class=\"datetime\"><time class=\"entry-date date updated\" datetime=\"2016-02-23T15:56:58+00:00\" itemprop=\"datePublished\" pubdate>fevereiro 23, 2016<\/time><\/span> <span class=\"ui--blog-separator\">\/<\/span> <span class=\"ui--meta-categories\"><a href=\"https:\/\/textocon.com\/?cat=23\" >Mem\u00f3ria Organizacional<\/a><\/span><\/div><\/div><\/div><div class=\"ui--blog-content\">Pesquisa realizada em parte dos documentos que constituem a mem\u00f3ria da Textocon, revela que os primeiros passos para sua cria\u00e7\u00e3o foram dados em Porto Alegre, em 1985, quando, ao concluir a gradua\u00e7\u00e3o em Ci\u00eancias Sociais, na PUC-RS, o jornalista Maroni J. Silva decidiu mudar-se para S\u00e3o Paulo. Como lembran\u00e7a, recebeu ... <span class=\"more-link\"><a class=\"btn btn-small btn-grey\" href=\"https:\/\/textocon.com\/?p=1717\" title=\"\">Leia mais<\/a><\/span>\n<\/div><\/div><div style=\"display:none;\"><span class=\"date updated published\">fevereiro 23, 2016<\/span><span class=\"vcard author\"><a href=\"https:\/\/textocon.com\/?author=1\" class=\"fn\">admin<\/a><\/span><\/div><\/div><div class=\"post-1712 post type-post status-publish format-standard hentry category-memorias ui--blog-item clearfix layout--standard\"><div class=\"ui--blog-side ui--blog-date ui--accent-gradient-hover-parent ui--box\"><h3><span class=\"ui--blog-date-day ui--accent-gradient-hover\">23<\/span><\/h3><h6 class=\"ui--blog-date-month ui--gradient ui--gradient-grey\"><span>fev<\/span><span>2016<\/span><\/h6><\/div><div class=\"ui--blog-content-wrapper\"><div class=\"ui--blog-header\"><h5 class=\"ui--blog-title entry-title clearfix\"><a class=\"ui--blog-link\" href=\"https:\/\/textocon.com\/?p=1712\">Nasce uma consultoria para texto<\/a><\/h5><div class=\"ui--blog-metas clearfix\"><div class=\"ui--blog-metas-right pull-right\"><span class=\"ui--meta-comment\"><a href=\"https:\/\/textocon.com\/?p=1712#respond\"><i class=\"fontawesome-comment px14\"><\/i> 0<\/a><\/span> <span class=\"ui--blog-separator\">&nbsp;<\/span> <span class=\"ui--meta-like\"><a href=\"#\" class=\"ui--likes\" title=\"Like this\" data-post-id=\"1712\" data-options=\"{&quot;zero&quot;:&quot;&lt;i class=\\&quot;fontawesome-heart px14\\&quot;&gt;&lt;\\\/i&gt; %d&quot;,&quot;one&quot;:&quot;&lt;i class=\\&quot;fontawesome-heart px14\\&quot;&gt;&lt;\\\/i&gt; %d&quot;,&quot;more&quot;:&quot;&lt;i class=\\&quot;fontawesome-heart px14\\&quot;&gt;&lt;\\\/i&gt; %d&quot;}\"><span class=\"ui--likes-count\"><i class=\"fontawesome-heart px14\"><\/i> 0<\/span><\/a><\/span><\/div><div class=\"ui--blog-metas-left\"><span class=\"ui--meta-author\">by <a class=\"vcard author\" href=\"https:\/\/textocon.com\/?author=1\"><span class=\"fn\">admin<\/span><\/a><\/span> <span class=\"ui--blog-separator\">\/<\/span> <span class=\"datetime\"><time class=\"entry-date date updated\" datetime=\"2016-02-23T15:00:36+00:00\" itemprop=\"datePublished\" pubdate>fevereiro 23, 2016<\/time><\/span> <span class=\"ui--blog-separator\">\/<\/span> <span class=\"ui--meta-categories\"><a href=\"https:\/\/textocon.com\/?cat=23\" >Mem\u00f3ria Organizacional<\/a><\/span><\/div><\/div><\/div><div class=\"ui--blog-content\">O antigo Painel de Neg\u00f3cios, se\u00e7\u00e3o acoplada \u00e0 editoria de Economia do Jornal O Estado de S\u00e3o Paulo, foi o pioneiro na publica\u00e7\u00e3o da not\u00edcia sobre a cria\u00e7\u00e3o da Textocon, ent\u00e3o denominada oficialmente como Texto e Conjuntura. A nota, com dois par\u00e1grafos (ver imagem do recorte do jornal), foi veiculada ... <span class=\"more-link\"><a class=\"btn btn-small btn-grey\" href=\"https:\/\/textocon.com\/?p=1712\" title=\"\">Leia mais<\/a><\/span>\n<\/div><\/div><div style=\"display:none;\"><span class=\"date updated published\">fevereiro 23, 2016<\/span><span class=\"vcard author\"><a href=\"https:\/\/textocon.com\/?author=1\" class=\"fn\">admin<\/a><\/span><\/div><\/div><div class=\"post-1708 post type-post status-publish format-standard hentry category-memorias ui--blog-item clearfix layout--standard\"><div class=\"ui--blog-side ui--blog-date ui--accent-gradient-hover-parent ui--box\"><h3><span class=\"ui--blog-date-day ui--accent-gradient-hover\">23<\/span><\/h3><h6 class=\"ui--blog-date-month ui--gradient ui--gradient-grey\"><span>fev<\/span><span>2016<\/span><\/h6><\/div><div class=\"ui--blog-content-wrapper\"><div class=\"ui--blog-header\"><h5 class=\"ui--blog-title entry-title clearfix\"><a class=\"ui--blog-link\" href=\"https:\/\/textocon.com\/?p=1708\">Primeiro cliente nunca foi esquecido<\/a><\/h5><div class=\"ui--blog-metas clearfix\"><div class=\"ui--blog-metas-right pull-right\"><span class=\"ui--meta-comment\"><a href=\"https:\/\/textocon.com\/?p=1708#respond\"><i class=\"fontawesome-comment px14\"><\/i> 0<\/a><\/span> <span class=\"ui--blog-separator\">&nbsp;<\/span> <span class=\"ui--meta-like\"><a href=\"#\" class=\"ui--likes\" title=\"Like this\" data-post-id=\"1708\" data-options=\"{&quot;zero&quot;:&quot;&lt;i class=\\&quot;fontawesome-heart px14\\&quot;&gt;&lt;\\\/i&gt; %d&quot;,&quot;one&quot;:&quot;&lt;i class=\\&quot;fontawesome-heart px14\\&quot;&gt;&lt;\\\/i&gt; %d&quot;,&quot;more&quot;:&quot;&lt;i class=\\&quot;fontawesome-heart px14\\&quot;&gt;&lt;\\\/i&gt; %d&quot;}\"><span class=\"ui--likes-count\"><i class=\"fontawesome-heart px14\"><\/i> 0<\/span><\/a><\/span><\/div><div class=\"ui--blog-metas-left\"><span class=\"ui--meta-author\">by <a class=\"vcard author\" href=\"https:\/\/textocon.com\/?author=1\"><span class=\"fn\">admin<\/span><\/a><\/span> <span class=\"ui--blog-separator\">\/<\/span> <span class=\"datetime\"><time class=\"entry-date date updated\" datetime=\"2016-02-23T14:55:28+00:00\" itemprop=\"datePublished\" pubdate>fevereiro 23, 2016<\/time><\/span> <span class=\"ui--blog-separator\">\/<\/span> <span class=\"ui--meta-categories\"><a href=\"https:\/\/textocon.com\/?cat=23\" >Mem\u00f3ria Organizacional<\/a><\/span><\/div><\/div><\/div><div class=\"ui--blog-content\">O primeiro cliente da Texto e Conjuntura nunca foi esquecido. E n\u00e3o \u00e9 para esquecer mesmo, pois trata-se de uma grande empresa do setor qu\u00edmico, a Rhodia. A parceria com a \u00e1rea de comunica\u00e7\u00e3o social da companhia, gerenciada, na \u00e9poca, pelo jornalista Ot\u00e1vio Bueno da Fonseca, foi iniciada com a ... <span class=\"more-link\"><a class=\"btn btn-small btn-grey\" href=\"https:\/\/textocon.com\/?p=1708\" title=\"\">Leia mais<\/a><\/span>\n<\/div><\/div><div style=\"display:none;\"><span class=\"date updated published\">fevereiro 23, 2016<\/span><span class=\"vcard author\"><a href=\"https:\/\/textocon.com\/?author=1\" class=\"fn\">admin<\/a><\/span><\/div><\/div><div class=\"post-1684 post type-post status-publish format-standard hentry category-notas category-noticias ui--blog-item clearfix layout--standard\"><div class=\"ui--blog-side ui--blog-date ui--accent-gradient-hover-parent ui--box\"><h3><span class=\"ui--blog-date-day ui--accent-gradient-hover\">27<\/span><\/h3><h6 class=\"ui--blog-date-month ui--gradient ui--gradient-grey\"><span>jan<\/span><span>2016<\/span><\/h6><\/div><div class=\"ui--blog-content-wrapper\"><div class=\"ui--blog-header\"><h5 class=\"ui--blog-title entry-title clearfix\"><a class=\"ui--blog-link\" href=\"https:\/\/textocon.com\/?p=1684\">Informativo da PUC-SP convida leitores para visitarem o site da Textocon<\/a><\/h5><div class=\"ui--blog-metas clearfix\"><div class=\"ui--blog-metas-right pull-right\"><span class=\"ui--meta-comment\"><a href=\"https:\/\/textocon.com\/?p=1684#respond\"><i class=\"fontawesome-comment px14\"><\/i> 0<\/a><\/span> <span class=\"ui--blog-separator\">&nbsp;<\/span> <span class=\"ui--meta-like\"><a href=\"#\" class=\"ui--likes\" title=\"Like this\" data-post-id=\"1684\" data-options=\"{&quot;zero&quot;:&quot;&lt;i class=\\&quot;fontawesome-heart px14\\&quot;&gt;&lt;\\\/i&gt; %d&quot;,&quot;one&quot;:&quot;&lt;i class=\\&quot;fontawesome-heart px14\\&quot;&gt;&lt;\\\/i&gt; %d&quot;,&quot;more&quot;:&quot;&lt;i class=\\&quot;fontawesome-heart px14\\&quot;&gt;&lt;\\\/i&gt; %d&quot;}\"><span class=\"ui--likes-count\"><i class=\"fontawesome-heart px14\"><\/i> 0<\/span><\/a><\/span><\/div><div class=\"ui--blog-metas-left\"><span class=\"ui--meta-author\">by <a class=\"vcard author\" href=\"https:\/\/textocon.com\/?author=1\"><span class=\"fn\">admin<\/span><\/a><\/span> <span class=\"ui--blog-separator\">\/<\/span> <span class=\"datetime\"><time class=\"entry-date date updated\" datetime=\"2016-01-27T17:59:35+00:00\" itemprop=\"datePublished\" pubdate>janeiro 27, 2016<\/time><\/span> <span class=\"ui--blog-separator\">\/<\/span> <span class=\"ui--meta-categories\"><a href=\"https:\/\/textocon.com\/?cat=22\" >Notas<\/a>, <a href=\"https:\/\/textocon.com\/?cat=14\" >Not\u00edcias<\/a><\/span><\/div><\/div><\/div><div class=\"ui--blog-content\">A newsletter da PUC-SP distribu\u00edda, virtualmente, no dia 27 de janeiro, chama aten\u00e7\u00e3o dos integrantes da comunidade acad\u00eamica sobre o recente lan\u00e7amento da nova website da Textocon, com um link para que os leitores acessem a p\u00e1gina da empresa. No per\u00edodo letivo, o informativo circula diariamente trazendo notas e not\u00edcias ... <span class=\"more-link\"><a class=\"btn btn-small btn-grey\" href=\"https:\/\/textocon.com\/?p=1684\" title=\"\">Leia mais<\/a><\/span>\n<\/div><\/div><div style=\"display:none;\"><span class=\"date updated published\">janeiro 27, 2016<\/span><span class=\"vcard author\"><a href=\"https:\/\/textocon.com\/?author=1\" class=\"fn\">admin<\/a><\/span><\/div><\/div><div class=\"post-1679 post type-post status-publish format-standard hentry category-noticias ui--blog-item clearfix layout--standard\"><div class=\"ui--blog-side ui--blog-date ui--accent-gradient-hover-parent ui--box\"><h3><span class=\"ui--blog-date-day ui--accent-gradient-hover\">12<\/span><\/h3><h6 class=\"ui--blog-date-month ui--gradient ui--gradient-grey\"><span>jan<\/span><span>2016<\/span><\/h6><\/div><div class=\"ui--blog-content-wrapper\"><div class=\"ui--blog-header\"><h5 class=\"ui--blog-title entry-title clearfix\"><a class=\"ui--blog-link\" href=\"https:\/\/textocon.com\/?p=1679\">Newsletter da PUC-SP d\u00e1 destaque \u00e0 nova website da Textocon<\/a><\/h5><div class=\"ui--blog-metas clearfix\"><div class=\"ui--blog-metas-right pull-right\"><span class=\"ui--meta-comment\"><a href=\"https:\/\/textocon.com\/?p=1679#respond\"><i class=\"fontawesome-comment px14\"><\/i> 0<\/a><\/span> <span class=\"ui--blog-separator\">&nbsp;<\/span> <span class=\"ui--meta-like\"><a href=\"#\" class=\"ui--likes\" title=\"Like this\" data-post-id=\"1679\" data-options=\"{&quot;zero&quot;:&quot;&lt;i class=\\&quot;fontawesome-heart px14\\&quot;&gt;&lt;\\\/i&gt; %d&quot;,&quot;one&quot;:&quot;&lt;i class=\\&quot;fontawesome-heart px14\\&quot;&gt;&lt;\\\/i&gt; %d&quot;,&quot;more&quot;:&quot;&lt;i class=\\&quot;fontawesome-heart px14\\&quot;&gt;&lt;\\\/i&gt; %d&quot;}\"><span class=\"ui--likes-count\"><i class=\"fontawesome-heart px14\"><\/i> 0<\/span><\/a><\/span><\/div><div class=\"ui--blog-metas-left\"><span class=\"ui--meta-author\">by <a class=\"vcard author\" href=\"https:\/\/textocon.com\/?author=1\"><span class=\"fn\">admin<\/span><\/a><\/span> <span class=\"ui--blog-separator\">\/<\/span> <span class=\"datetime\"><time class=\"entry-date date updated\" datetime=\"2016-01-12T18:35:41+00:00\" itemprop=\"datePublished\" pubdate>janeiro 12, 2016<\/time><\/span> <span class=\"ui--blog-separator\">\/<\/span> <span class=\"ui--meta-categories\"><a href=\"https:\/\/textocon.com\/?cat=14\" >Not\u00edcias<\/a><\/span><\/div><\/div><\/div><div class=\"ui--blog-content\">O lan\u00e7amento da website da Textocon, ocorrido na primeira semana de janeiro de 2016, ganhou destaque tamb\u00e9m no site da PUC-SP. \u00a0A not\u00edcia apoia-se na mensagem institucional distribu\u00edda pela empresa aos principais ve\u00edculos de comunica\u00e7\u00e3o segmentada, com foco em gest\u00e3o de pessoas e cultura organizacional.\r\n\r\nA publica\u00e7\u00e3o lembra que a empresa ... <span class=\"more-link\"><a class=\"btn btn-small btn-grey\" href=\"https:\/\/textocon.com\/?p=1679\" title=\"\">Leia mais<\/a><\/span>\n<\/div><\/div><div style=\"display:none;\"><span class=\"date updated published\">janeiro 12, 2016<\/span><span class=\"vcard author\"><a href=\"https:\/\/textocon.com\/?author=1\" class=\"fn\">admin<\/a><\/span><\/div><\/div><div class=\"post-1676 post type-post status-publish format-standard hentry category-noticias ui--blog-item clearfix layout--standard\"><div class=\"ui--blog-side ui--blog-date ui--accent-gradient-hover-parent ui--box\"><h3><span class=\"ui--blog-date-day ui--accent-gradient-hover\">12<\/span><\/h3><h6 class=\"ui--blog-date-month ui--gradient ui--gradient-grey\"><span>jan<\/span><span>2016<\/span><\/h6><\/div><div class=\"ui--blog-content-wrapper\"><div class=\"ui--blog-header\"><h5 class=\"ui--blog-title entry-title clearfix\"><a class=\"ui--blog-link\" href=\"https:\/\/textocon.com\/?p=1676\">GE eleita melhor companhia para desenvolvimento de l\u00edderes<\/a><\/h5><div class=\"ui--blog-metas clearfix\"><div class=\"ui--blog-metas-right pull-right\"><span class=\"ui--meta-comment\"><a href=\"https:\/\/textocon.com\/?p=1676#respond\"><i class=\"fontawesome-comment px14\"><\/i> 0<\/a><\/span> <span class=\"ui--blog-separator\">&nbsp;<\/span> <span class=\"ui--meta-like\"><a href=\"#\" class=\"ui--likes\" title=\"Like this\" data-post-id=\"1676\" data-options=\"{&quot;zero&quot;:&quot;&lt;i class=\\&quot;fontawesome-heart px14\\&quot;&gt;&lt;\\\/i&gt; %d&quot;,&quot;one&quot;:&quot;&lt;i class=\\&quot;fontawesome-heart px14\\&quot;&gt;&lt;\\\/i&gt; %d&quot;,&quot;more&quot;:&quot;&lt;i class=\\&quot;fontawesome-heart px14\\&quot;&gt;&lt;\\\/i&gt; %d&quot;}\"><span class=\"ui--likes-count\"><i class=\"fontawesome-heart px14\"><\/i> 0<\/span><\/a><\/span><\/div><div class=\"ui--blog-metas-left\"><span class=\"ui--meta-author\">by <a class=\"vcard author\" href=\"https:\/\/textocon.com\/?author=1\"><span class=\"fn\">admin<\/span><\/a><\/span> <span class=\"ui--blog-separator\">\/<\/span> <span class=\"datetime\"><time class=\"entry-date date updated\" datetime=\"2016-01-12T11:39:57+00:00\" itemprop=\"datePublished\" pubdate>janeiro 12, 2016<\/time><\/span> <span class=\"ui--blog-separator\">\/<\/span> <span class=\"ui--meta-categories\"><a href=\"https:\/\/textocon.com\/?cat=14\" >Not\u00edcias<\/a><\/span><\/div><\/div><\/div><div class=\"ui--blog-content\">A GE tornou-se mais uma vez \u2013 a segunda consecutiva \u2013 a melhor companhia global para o desenvolvimento de l\u00edderes. O ranking de 2015 elaborado pela revista americana Chief Executive em parceria com a consultoria GrowthPlay retrata tanto a performance quanto as a\u00e7\u00f5es focadas nas melhores pr\u00e1ticas para a forma\u00e7\u00e3o ... <span class=\"more-link\"><a class=\"btn btn-small btn-grey\" href=\"https:\/\/textocon.com\/?p=1676\" title=\"\">Leia mais<\/a><\/span>\n<\/div><\/div><div style=\"display:none;\"><span class=\"date updated published\">janeiro 12, 2016<\/span><span class=\"vcard author\"><a href=\"https:\/\/textocon.com\/?author=1\" class=\"fn\">admin<\/a><\/span><\/div><\/div><div class=\"post-1670 post type-post status-publish format-standard hentry category-noticias ui--blog-item clearfix layout--standard\"><div class=\"ui--blog-side ui--blog-date ui--accent-gradient-hover-parent ui--box\"><h3><span class=\"ui--blog-date-day ui--accent-gradient-hover\">07<\/span><\/h3><h6 class=\"ui--blog-date-month ui--gradient ui--gradient-grey\"><span>jan<\/span><span>2016<\/span><\/h6><\/div><div class=\"ui--blog-content-wrapper\"><div class=\"ui--blog-header\"><h5 class=\"ui--blog-title entry-title clearfix\"><a class=\"ui--blog-link\" href=\"https:\/\/textocon.com\/?p=1670\">Especialistas recomendam reten\u00e7\u00e3o de talentos.<\/a><\/h5><div class=\"ui--blog-metas clearfix\"><div class=\"ui--blog-metas-right pull-right\"><span class=\"ui--meta-comment\"><a href=\"https:\/\/textocon.com\/?p=1670#respond\"><i class=\"fontawesome-comment px14\"><\/i> 0<\/a><\/span> <span class=\"ui--blog-separator\">&nbsp;<\/span> <span class=\"ui--meta-like\"><a href=\"#\" class=\"ui--likes\" title=\"Like this\" data-post-id=\"1670\" data-options=\"{&quot;zero&quot;:&quot;&lt;i class=\\&quot;fontawesome-heart px14\\&quot;&gt;&lt;\\\/i&gt; %d&quot;,&quot;one&quot;:&quot;&lt;i class=\\&quot;fontawesome-heart px14\\&quot;&gt;&lt;\\\/i&gt; %d&quot;,&quot;more&quot;:&quot;&lt;i class=\\&quot;fontawesome-heart px14\\&quot;&gt;&lt;\\\/i&gt; %d&quot;}\"><span class=\"ui--likes-count\"><i class=\"fontawesome-heart px14\"><\/i> 0<\/span><\/a><\/span><\/div><div class=\"ui--blog-metas-left\"><span class=\"ui--meta-author\">by <a class=\"vcard author\" href=\"https:\/\/textocon.com\/?author=1\"><span class=\"fn\">admin<\/span><\/a><\/span> <span class=\"ui--blog-separator\">\/<\/span> <span class=\"datetime\"><time class=\"entry-date date updated\" datetime=\"2016-01-07T20:04:29+00:00\" itemprop=\"datePublished\" pubdate>janeiro 7, 2016<\/time><\/span> <span class=\"ui--blog-separator\">\/<\/span> <span class=\"ui--meta-categories\"><a href=\"https:\/\/textocon.com\/?cat=14\" >Not\u00edcias<\/a><\/span><\/div><\/div><\/div><div class=\"ui--blog-content\">Manter um equil\u00edbrio entre remunera\u00e7\u00e3o e satisfa\u00e7\u00e3o profissional e, ao mesmo tempo, implementar pol\u00edticas de atra\u00e7\u00e3o que enfatizem a reputa\u00e7\u00e3o da empresa e construa um ambiente interno sintonizado com a diversidade sociocultural est\u00e3o entre as melhores pr\u00e1ticas para reter talentos nas empresas, em tempo de crise.\r\n\r\n&nbsp;\r\n\r\nAs recomenda\u00e7\u00f5es constam em uma ... <span class=\"more-link\"><a class=\"btn btn-small btn-grey\" href=\"https:\/\/textocon.com\/?p=1670\" title=\"\">Leia mais<\/a><\/span>\n<\/div><\/div><div style=\"display:none;\"><span class=\"date updated published\">janeiro 7, 2016<\/span><span class=\"vcard author\"><a href=\"https:\/\/textocon.com\/?author=1\" class=\"fn\">admin<\/a><\/span><\/div><\/div><div class=\"post-1639 post type-post status-publish format-standard hentry category-noticias ui--blog-item clearfix layout--standard\"><div class=\"ui--blog-side ui--blog-date ui--accent-gradient-hover-parent ui--box\"><h3><span class=\"ui--blog-date-day ui--accent-gradient-hover\">05<\/span><\/h3><h6 class=\"ui--blog-date-month ui--gradient ui--gradient-grey\"><span>jan<\/span><span>2016<\/span><\/h6><\/div><div class=\"ui--blog-content-wrapper\"><div class=\"ui--blog-header\"><h5 class=\"ui--blog-title entry-title clearfix\"><a class=\"ui--blog-link\" href=\"https:\/\/textocon.com\/?p=1639\">Maroni deixa Revista ABM e parte para novos desafios<\/a><\/h5><div class=\"ui--blog-metas clearfix\"><div class=\"ui--blog-metas-right pull-right\"><span class=\"ui--meta-comment\"><a href=\"https:\/\/textocon.com\/?p=1639#respond\"><i class=\"fontawesome-comment px14\"><\/i> 0<\/a><\/span> <span class=\"ui--blog-separator\">&nbsp;<\/span> <span class=\"ui--meta-like\"><a href=\"#\" class=\"ui--likes\" title=\"Like this\" data-post-id=\"1639\" data-options=\"{&quot;zero&quot;:&quot;&lt;i class=\\&quot;fontawesome-heart px14\\&quot;&gt;&lt;\\\/i&gt; %d&quot;,&quot;one&quot;:&quot;&lt;i class=\\&quot;fontawesome-heart px14\\&quot;&gt;&lt;\\\/i&gt; %d&quot;,&quot;more&quot;:&quot;&lt;i class=\\&quot;fontawesome-heart px14\\&quot;&gt;&lt;\\\/i&gt; %d&quot;}\"><span class=\"ui--likes-count\"><i class=\"fontawesome-heart px14\"><\/i> 0<\/span><\/a><\/span><\/div><div class=\"ui--blog-metas-left\"><span class=\"ui--meta-author\">by <a class=\"vcard author\" href=\"https:\/\/textocon.com\/?author=1\"><span class=\"fn\">admin<\/span><\/a><\/span> <span class=\"ui--blog-separator\">\/<\/span> <span class=\"datetime\"><time class=\"entry-date date updated\" datetime=\"2016-01-05T18:21:51+00:00\" itemprop=\"datePublished\" pubdate>janeiro 5, 2016<\/time><\/span> <span class=\"ui--blog-separator\">\/<\/span> <span class=\"ui--meta-categories\"><a href=\"https:\/\/textocon.com\/?cat=14\" >Not\u00edcias<\/a><\/span><\/div><\/div><\/div><div class=\"ui--blog-content\">Depois de mais de 10 anos no comando jornal\u00edstica da Revista ABM, o jornalista e antrop\u00f3logo Maroni Jo\u00e3o da Silva parte para novos desafios profissionais e acad\u00eamicos. A mudan\u00e7a ocorre a partir de janeiro de 2016, quando a publica\u00e7\u00e3o passar\u00e1 a ser veiculada na vers\u00e3o exclusivamente eletr\u00f4nica.\r\n\r\nSeu \u00faltimo compromisso como ... <span class=\"more-link\"><a class=\"btn btn-small btn-grey\" href=\"https:\/\/textocon.com\/?p=1639\" title=\"\">Leia mais<\/a><\/span>\n<\/div><\/div><div style=\"display:none;\"><span class=\"date updated published\">janeiro 5, 2016<\/span><span class=\"vcard author\"><a href=\"https:\/\/textocon.com\/?author=1\" class=\"fn\">admin<\/a><\/span><\/div><\/div><div class=\"post-1635 post type-post status-publish format-standard hentry category-noticias ui--blog-item clearfix layout--standard\"><div class=\"ui--blog-side ui--blog-date ui--accent-gradient-hover-parent ui--box\"><h3><span class=\"ui--blog-date-day ui--accent-gradient-hover\">05<\/span><\/h3><h6 class=\"ui--blog-date-month ui--gradient ui--gradient-grey\"><span>jan<\/span><span>2016<\/span><\/h6><\/div><div class=\"ui--blog-content-wrapper\"><div class=\"ui--blog-header\"><h5 class=\"ui--blog-title entry-title clearfix\"><a class=\"ui--blog-link\" href=\"https:\/\/textocon.com\/?p=1635\">FEI realiza MBA com foco em seguran\u00e7a<\/a><\/h5><div class=\"ui--blog-metas clearfix\"><div class=\"ui--blog-metas-right pull-right\"><span class=\"ui--meta-comment\"><a href=\"https:\/\/textocon.com\/?p=1635#respond\"><i class=\"fontawesome-comment px14\"><\/i> 0<\/a><\/span> <span class=\"ui--blog-separator\">&nbsp;<\/span> <span class=\"ui--meta-like\"><a href=\"#\" class=\"ui--likes\" title=\"Like this\" data-post-id=\"1635\" data-options=\"{&quot;zero&quot;:&quot;&lt;i class=\\&quot;fontawesome-heart px14\\&quot;&gt;&lt;\\\/i&gt; %d&quot;,&quot;one&quot;:&quot;&lt;i class=\\&quot;fontawesome-heart px14\\&quot;&gt;&lt;\\\/i&gt; %d&quot;,&quot;more&quot;:&quot;&lt;i class=\\&quot;fontawesome-heart px14\\&quot;&gt;&lt;\\\/i&gt; %d&quot;}\"><span class=\"ui--likes-count\"><i class=\"fontawesome-heart px14\"><\/i> 0<\/span><\/a><\/span><\/div><div class=\"ui--blog-metas-left\"><span class=\"ui--meta-author\">by <a class=\"vcard author\" href=\"https:\/\/textocon.com\/?author=1\"><span class=\"fn\">admin<\/span><\/a><\/span> <span class=\"ui--blog-separator\">\/<\/span> <span class=\"datetime\"><time class=\"entry-date date updated\" datetime=\"2016-01-05T18:13:24+00:00\" itemprop=\"datePublished\" pubdate>janeiro 5, 2016<\/time><\/span> <span class=\"ui--blog-separator\">\/<\/span> <span class=\"ui--meta-categories\"><a href=\"https:\/\/textocon.com\/?cat=14\" >Not\u00edcias<\/a><\/span><\/div><\/div><\/div><div class=\"ui--blog-content\">O MBA de Gest\u00e3o Empresarial em Comercializa\u00e7\u00e3o de Produtos e Servi\u00e7os na \u00e1rea de\r\nDefesa \u00e9 a novidade na lista de 27 cursos de p\u00f3s-gradua\u00e7\u00e3o rec\u00e9m-anunciados pela FEI.\r\nEsse lato sensu visa formar profissionais especializados em administra\u00e7\u00e3o, log\u00edstica, negocia\u00e7\u00e3o e comercializa\u00e7\u00e3o de produtos e servi\u00e7os prestados por empresas brasileiras e internacionais que ... <span class=\"more-link\"><a class=\"btn btn-small btn-grey\" href=\"https:\/\/textocon.com\/?p=1635\" title=\"\">Leia mais<\/a><\/span>\n<\/div><\/div><div style=\"display:none;\"><span class=\"date updated published\">janeiro 5, 2016<\/span><span class=\"vcard author\"><a href=\"https:\/\/textocon.com\/?author=1\" class=\"fn\">admin<\/a><\/span><\/div><\/div><div class=\"post-1626 post type-post status-publish format-standard hentry category-noticias ui--blog-item clearfix layout--standard\"><div class=\"ui--blog-side ui--blog-date ui--accent-gradient-hover-parent ui--box\"><h3><span class=\"ui--blog-date-day ui--accent-gradient-hover\">05<\/span><\/h3><h6 class=\"ui--blog-date-month ui--gradient ui--gradient-grey\"><span>jan<\/span><span>2016<\/span><\/h6><\/div><div class=\"ui--blog-content-wrapper\"><div class=\"ui--blog-header\"><h5 class=\"ui--blog-title entry-title clearfix\"><a class=\"ui--blog-link\" href=\"https:\/\/textocon.com\/?p=1626\">Responsabilidade social de m\u00e3os dadas com a \u00e9tica<\/a><\/h5><div class=\"ui--blog-metas clearfix\"><div class=\"ui--blog-metas-right pull-right\"><span class=\"ui--meta-comment\"><a href=\"https:\/\/textocon.com\/?p=1626#respond\"><i class=\"fontawesome-comment px14\"><\/i> 0<\/a><\/span> <span class=\"ui--blog-separator\">&nbsp;<\/span> <span class=\"ui--meta-like\"><a href=\"#\" class=\"ui--likes\" title=\"Like this\" data-post-id=\"1626\" data-options=\"{&quot;zero&quot;:&quot;&lt;i class=\\&quot;fontawesome-heart px14\\&quot;&gt;&lt;\\\/i&gt; %d&quot;,&quot;one&quot;:&quot;&lt;i class=\\&quot;fontawesome-heart px14\\&quot;&gt;&lt;\\\/i&gt; %d&quot;,&quot;more&quot;:&quot;&lt;i class=\\&quot;fontawesome-heart px14\\&quot;&gt;&lt;\\\/i&gt; %d&quot;}\"><span class=\"ui--likes-count\"><i class=\"fontawesome-heart px14\"><\/i> 0<\/span><\/a><\/span><\/div><div class=\"ui--blog-metas-left\"><span class=\"ui--meta-author\">by <a class=\"vcard author\" href=\"https:\/\/textocon.com\/?author=1\"><span class=\"fn\">admin<\/span><\/a><\/span> <span class=\"ui--blog-separator\">\/<\/span> <span class=\"datetime\"><time class=\"entry-date date updated\" datetime=\"2016-01-05T16:10:05+00:00\" itemprop=\"datePublished\" pubdate>janeiro 5, 2016<\/time><\/span> <span class=\"ui--blog-separator\">\/<\/span> <span class=\"ui--meta-categories\"><a href=\"https:\/\/textocon.com\/?cat=14\" >Not\u00edcias<\/a><\/span><\/div><\/div><\/div><div class=\"ui--blog-content\">O Instituto Ethos fechou 2015com um balan\u00e7o positivo de suas a\u00e7\u00f5es e interven\u00e7\u00f5es junto \u00e0 sociedade civil em prol da responsabilidade social. Por exemplo, o cadastro de ades\u00e3o volunt\u00e1rio a iniciativas anticorrup\u00e7\u00e3o, criado em 2010, registrou um n\u00famero recorde de inscri\u00e7\u00f5es, totalizando 97 empresas.\r\n\r\nO objetivo \u00e9 consolidar a lista das ... <span class=\"more-link\"><a class=\"btn btn-small btn-grey\" href=\"https:\/\/textocon.com\/?p=1626\" title=\"\">Leia mais<\/a><\/span>\n<\/div><\/div><div style=\"display:none;\"><span class=\"date updated published\">janeiro 5, 2016<\/span><span class=\"vcard author\"><a href=\"https:\/\/textocon.com\/?author=1\" class=\"fn\">admin<\/a><\/span><\/div><\/div><div class=\"post-1618 post type-post status-publish format-standard hentry category-noticias ui--blog-item clearfix layout--standard\"><div class=\"ui--blog-side ui--blog-date ui--accent-gradient-hover-parent ui--box\"><h3><span class=\"ui--blog-date-day ui--accent-gradient-hover\">05<\/span><\/h3><h6 class=\"ui--blog-date-month ui--gradient ui--gradient-grey\"><span>jan<\/span><span>2016<\/span><\/h6><\/div><div class=\"ui--blog-content-wrapper\"><div class=\"ui--blog-header\"><h5 class=\"ui--blog-title entry-title clearfix\"><a class=\"ui--blog-link\" href=\"https:\/\/textocon.com\/?p=1618\">Mercado de trabalho prioriza flexibilidade<\/a><\/h5><div class=\"ui--blog-metas clearfix\"><div class=\"ui--blog-metas-right pull-right\"><span class=\"ui--meta-comment\"><a href=\"https:\/\/textocon.com\/?p=1618#respond\"><i class=\"fontawesome-comment px14\"><\/i> 0<\/a><\/span> <span class=\"ui--blog-separator\">&nbsp;<\/span> <span class=\"ui--meta-like\"><a href=\"#\" class=\"ui--likes\" title=\"Like this\" data-post-id=\"1618\" data-options=\"{&quot;zero&quot;:&quot;&lt;i class=\\&quot;fontawesome-heart px14\\&quot;&gt;&lt;\\\/i&gt; %d&quot;,&quot;one&quot;:&quot;&lt;i class=\\&quot;fontawesome-heart px14\\&quot;&gt;&lt;\\\/i&gt; %d&quot;,&quot;more&quot;:&quot;&lt;i class=\\&quot;fontawesome-heart px14\\&quot;&gt;&lt;\\\/i&gt; %d&quot;}\"><span class=\"ui--likes-count\"><i class=\"fontawesome-heart px14\"><\/i> 0<\/span><\/a><\/span><\/div><div class=\"ui--blog-metas-left\"><span class=\"ui--meta-author\">by <a class=\"vcard author\" href=\"https:\/\/textocon.com\/?author=1\"><span class=\"fn\">admin<\/span><\/a><\/span> <span class=\"ui--blog-separator\">\/<\/span> <span class=\"datetime\"><time class=\"entry-date date updated\" datetime=\"2016-01-05T16:00:51+00:00\" itemprop=\"datePublished\" pubdate>janeiro 5, 2016<\/time><\/span> <span class=\"ui--blog-separator\">\/<\/span> <span class=\"ui--meta-categories\"><a href=\"https:\/\/textocon.com\/?cat=14\" >Not\u00edcias<\/a><\/span><\/div><\/div><\/div><div class=\"ui--blog-content\">O ano de 2016 ser\u00e1 de ascens\u00e3o das fun\u00e7\u00f5es que absorvem novas atribui\u00e7\u00f5es dentro das organiza\u00e7\u00f5es. A tend\u00eancia \u00e9 apontada em estudo realizado pela Michael Page, empresa de recrutamento executivo de m\u00e9dia e alta gest\u00e3o.\r\n\r\nEstar\u00e3o em alta, igualmente, as posi\u00e7\u00f5es focadas na consolida\u00e7\u00e3o das a\u00e7\u00f5es de otimiza\u00e7\u00e3o de custos e ... <span class=\"more-link\"><a class=\"btn btn-small btn-grey\" href=\"https:\/\/textocon.com\/?p=1618\" title=\"\">Leia mais<\/a><\/span>\n<\/div><\/div><div style=\"display:none;\"><span class=\"date updated published\">janeiro 5, 2016<\/span><span class=\"vcard author\"><a href=\"https:\/\/textocon.com\/?author=1\" class=\"fn\">admin<\/a><\/span><\/div><\/div><div class=\"post-1603 post type-post status-publish format-standard hentry category-noticias ui--blog-item clearfix layout--standard\"><div class=\"ui--blog-side ui--blog-date ui--accent-gradient-hover-parent ui--box\"><h3><span class=\"ui--blog-date-day ui--accent-gradient-hover\">05<\/span><\/h3><h6 class=\"ui--blog-date-month ui--gradient ui--gradient-grey\"><span>jan<\/span><span>2016<\/span><\/h6><\/div><div class=\"ui--blog-content-wrapper\"><div class=\"ui--blog-header\"><h5 class=\"ui--blog-title entry-title clearfix\"><a class=\"ui--blog-link\" href=\"https:\/\/textocon.com\/?p=1603\">Cultura organizacional como fator de intera\u00e7\u00e3o<\/a><\/h5><div class=\"ui--blog-metas clearfix\"><div class=\"ui--blog-metas-right pull-right\"><span class=\"ui--meta-comment\"><a href=\"https:\/\/textocon.com\/?p=1603#respond\"><i class=\"fontawesome-comment px14\"><\/i> 0<\/a><\/span> <span class=\"ui--blog-separator\">&nbsp;<\/span> <span class=\"ui--meta-like\"><a href=\"#\" class=\"ui--likes\" title=\"Like this\" data-post-id=\"1603\" data-options=\"{&quot;zero&quot;:&quot;&lt;i class=\\&quot;fontawesome-heart px14\\&quot;&gt;&lt;\\\/i&gt; %d&quot;,&quot;one&quot;:&quot;&lt;i class=\\&quot;fontawesome-heart px14\\&quot;&gt;&lt;\\\/i&gt; %d&quot;,&quot;more&quot;:&quot;&lt;i class=\\&quot;fontawesome-heart px14\\&quot;&gt;&lt;\\\/i&gt; %d&quot;}\"><span class=\"ui--likes-count\"><i class=\"fontawesome-heart px14\"><\/i> 0<\/span><\/a><\/span><\/div><div class=\"ui--blog-metas-left\"><span class=\"ui--meta-author\">by <a class=\"vcard author\" href=\"https:\/\/textocon.com\/?author=1\"><span class=\"fn\">admin<\/span><\/a><\/span> <span class=\"ui--blog-separator\">\/<\/span> <span class=\"datetime\"><time class=\"entry-date date updated\" datetime=\"2016-01-05T15:34:01+00:00\" itemprop=\"datePublished\" pubdate>janeiro 5, 2016<\/time><\/span> <span class=\"ui--blog-separator\">\/<\/span> <span class=\"ui--meta-categories\"><a href=\"https:\/\/textocon.com\/?cat=14\" >Not\u00edcias<\/a><\/span><\/div><\/div><\/div><div class=\"ui--blog-content\">Conhecer bem a empresa onde vamos trabalhar \u00e9 o primeiro passo para sermos bem-sucedidos n\u00e3o apenas nas entrevistas de sele\u00e7\u00e3o e recrutamento mas, sobretudo, quando passamos da teoria \u00e0 pratica e colocamos a m\u00e3o na massa para realizar, diariamente, as tarefas pertinentes \u00e0 fun\u00e7\u00e3o que nos foi confiada.\r\n\r\nParentes e amigos ... <span class=\"more-link\"><a class=\"btn btn-small btn-grey\" href=\"https:\/\/textocon.com\/?p=1603\" title=\"\">Leia mais<\/a><\/span>\n<\/div><\/div><div style=\"display:none;\"><span class=\"date updated published\">janeiro 5, 2016<\/span><span class=\"vcard author\"><a href=\"https:\/\/textocon.com\/?author=1\" class=\"fn\">admin<\/a><\/span><\/div><\/div><div class=\"post-1623 post type-post status-publish format-standard hentry category-noticias ui--blog-item clearfix layout--standard\"><div class=\"ui--blog-side ui--blog-date ui--accent-gradient-hover-parent ui--box\"><h3><span class=\"ui--blog-date-day ui--accent-gradient-hover\">05<\/span><\/h3><h6 class=\"ui--blog-date-month ui--gradient ui--gradient-grey\"><span>dez<\/span><span>2015<\/span><\/h6><\/div><div class=\"ui--blog-content-wrapper\"><div class=\"ui--blog-header\"><h5 class=\"ui--blog-title entry-title clearfix\"><a class=\"ui--blog-link\" href=\"https:\/\/textocon.com\/?p=1623\">Pequena empresa \u00e9 destaque em gest\u00e3o<\/a><\/h5><div class=\"ui--blog-metas clearfix\"><div class=\"ui--blog-metas-right pull-right\"><span class=\"ui--meta-comment\"><a href=\"https:\/\/textocon.com\/?p=1623#respond\"><i class=\"fontawesome-comment px14\"><\/i> 0<\/a><\/span> <span class=\"ui--blog-separator\">&nbsp;<\/span> <span class=\"ui--meta-like\"><a href=\"#\" class=\"ui--likes\" title=\"Like this\" data-post-id=\"1623\" data-options=\"{&quot;zero&quot;:&quot;&lt;i class=\\&quot;fontawesome-heart px14\\&quot;&gt;&lt;\\\/i&gt; %d&quot;,&quot;one&quot;:&quot;&lt;i class=\\&quot;fontawesome-heart px14\\&quot;&gt;&lt;\\\/i&gt; %d&quot;,&quot;more&quot;:&quot;&lt;i class=\\&quot;fontawesome-heart px14\\&quot;&gt;&lt;\\\/i&gt; %d&quot;}\"><span class=\"ui--likes-count\"><i class=\"fontawesome-heart px14\"><\/i> 0<\/span><\/a><\/span><\/div><div class=\"ui--blog-metas-left\"><span class=\"ui--meta-author\">by <a class=\"vcard author\" href=\"https:\/\/textocon.com\/?author=1\"><span class=\"fn\">admin<\/span><\/a><\/span> <span class=\"ui--blog-separator\">\/<\/span> <span class=\"datetime\"><time class=\"entry-date date updated\" datetime=\"2015-12-05T16:06:21+00:00\" itemprop=\"datePublished\" pubdate>dezembro 5, 2015<\/time><\/span> <span class=\"ui--blog-separator\">\/<\/span> <span class=\"ui--meta-categories\"><a href=\"https:\/\/textocon.com\/?cat=14\" >Not\u00edcias<\/a><\/span><\/div><\/div><\/div><div class=\"ui--blog-content\">A Cene Rio Preto, fundada em 1986 e atuante no ramo de com\u00e9rcio de materiais m\u00e9dicos e hospitalares, \u00e9 a primeira empresa colocada no Pr\u00eamio MPE Brasil, na categoria Com\u00e9rcio, fase estadual. Trata-se de um incentivo \u00e0s micro e pequenas empresas focadas em conceitos inovadores e boas pr\u00e1ticas de gest\u00e3o. ... <span class=\"more-link\"><a class=\"btn btn-small btn-grey\" href=\"https:\/\/textocon.com\/?p=1623\" title=\"\">Leia mais<\/a><\/span>\n<\/div><\/div><div style=\"display:none;\"><span class=\"date updated published\">dezembro 5, 2015<\/span><span class=\"vcard author\"><a href=\"https:\/\/textocon.com\/?author=1\" class=\"fn\">admin<\/a><\/span><\/div><\/div><div class=\"post-1610 post type-post status-publish format-standard hentry category-artigos ui--blog-item clearfix layout--standard\"><div class=\"ui--blog-side ui--blog-date ui--accent-gradient-hover-parent ui--box\"><h3><span class=\"ui--blog-date-day ui--accent-gradient-hover\">01<\/span><\/h3><h6 class=\"ui--blog-date-month ui--gradient ui--gradient-grey\"><span>out<\/span><span>2015<\/span><\/h6><\/div><div class=\"ui--blog-content-wrapper\"><div class=\"ui--blog-header\"><h5 class=\"ui--blog-title entry-title clearfix\"><a class=\"ui--blog-link\" href=\"https:\/\/textocon.com\/?p=1610\">Religiosidade quebra paradigmas na gest\u00e3o de RH<\/a><\/h5><div class=\"ui--blog-metas clearfix\"><div class=\"ui--blog-metas-right pull-right\"><span class=\"ui--meta-comment\"><a href=\"https:\/\/textocon.com\/?p=1610#respond\"><i class=\"fontawesome-comment px14\"><\/i> 0<\/a><\/span> <span class=\"ui--blog-separator\">&nbsp;<\/span> <span class=\"ui--meta-like\"><a href=\"#\" class=\"ui--likes\" title=\"Like this\" data-post-id=\"1610\" data-options=\"{&quot;zero&quot;:&quot;&lt;i class=\\&quot;fontawesome-heart px14\\&quot;&gt;&lt;\\\/i&gt; %d&quot;,&quot;one&quot;:&quot;&lt;i class=\\&quot;fontawesome-heart px14\\&quot;&gt;&lt;\\\/i&gt; %d&quot;,&quot;more&quot;:&quot;&lt;i class=\\&quot;fontawesome-heart px14\\&quot;&gt;&lt;\\\/i&gt; %d&quot;}\"><span class=\"ui--likes-count\"><i class=\"fontawesome-heart px14\"><\/i> 0<\/span><\/a><\/span><\/div><div class=\"ui--blog-metas-left\"><span class=\"ui--meta-author\">by <a class=\"vcard author\" href=\"https:\/\/textocon.com\/?author=1\"><span class=\"fn\">admin<\/span><\/a><\/span> <span class=\"ui--blog-separator\">\/<\/span> <span class=\"datetime\"><time class=\"entry-date date updated\" datetime=\"2015-10-01T15:52:35+00:00\" itemprop=\"datePublished\" pubdate>outubro 1, 2015<\/time><\/span> <span class=\"ui--blog-separator\">\/<\/span> <span class=\"ui--meta-categories\"><a href=\"https:\/\/textocon.com\/?cat=13\" >Artigos<\/a><\/span><\/div><\/div><\/div><div class=\"ui--blog-content\">Maroni J. Silva *\r\n\r\nA desconstru\u00e7\u00e3o do pacto neoliberal europeu, cujas consequ\u00eancias se refletem na economia mundial, evidencia a perman\u00eancia de parte das tens\u00f5es e expectativas geradas pela transi\u00e7\u00e3o do fordismo para a economia flex\u00edvel a partir dos anos de 1990. Contudo, ao mesmo tempo em que esse per\u00edodo imp\u00f4s desafios ... <span class=\"more-link\"><a class=\"btn btn-small btn-grey\" href=\"https:\/\/textocon.com\/?p=1610\" title=\"\">Leia mais<\/a><\/span>\n<\/div><\/div><div style=\"display:none;\"><span class=\"date updated published\">outubro 1, 2015<\/span><span class=\"vcard author\"><a href=\"https:\/\/textocon.com\/?author=1\" class=\"fn\">admin<\/a><\/span><\/div><\/div><div class=\"post-1586 post type-post status-publish format-standard hentry category-noticias ui--blog-item clearfix layout--standard\"><div class=\"ui--blog-side ui--blog-date ui--accent-gradient-hover-parent ui--box\"><h3><span class=\"ui--blog-date-day ui--accent-gradient-hover\">06<\/span><\/h3><h6 class=\"ui--blog-date-month ui--gradient ui--gradient-grey\"><span>ago<\/span><span>2015<\/span><\/h6><\/div><div class=\"ui--blog-content-wrapper\"><div class=\"ui--blog-header\"><h5 class=\"ui--blog-title entry-title clearfix\"><a class=\"ui--blog-link\" href=\"https:\/\/textocon.com\/?p=1586\">Portal Mau\u00e1 &#8211; Maroni e o Magazine Luiza<\/a><\/h5><div class=\"ui--blog-metas clearfix\"><div class=\"ui--blog-metas-right pull-right\"><span class=\"ui--meta-comment\"><a href=\"https:\/\/textocon.com\/?p=1586#respond\"><i class=\"fontawesome-comment px14\"><\/i> 0<\/a><\/span> <span class=\"ui--blog-separator\">&nbsp;<\/span> <span class=\"ui--meta-like\"><a href=\"#\" class=\"ui--likes\" title=\"Like this\" data-post-id=\"1586\" data-options=\"{&quot;zero&quot;:&quot;&lt;i class=\\&quot;fontawesome-heart px14\\&quot;&gt;&lt;\\\/i&gt; %d&quot;,&quot;one&quot;:&quot;&lt;i class=\\&quot;fontawesome-heart px14\\&quot;&gt;&lt;\\\/i&gt; %d&quot;,&quot;more&quot;:&quot;&lt;i class=\\&quot;fontawesome-heart px14\\&quot;&gt;&lt;\\\/i&gt; %d&quot;}\"><span class=\"ui--likes-count\"><i class=\"fontawesome-heart px14\"><\/i> 0<\/span><\/a><\/span><\/div><div class=\"ui--blog-metas-left\"><span class=\"ui--meta-author\">by <a class=\"vcard author\" href=\"https:\/\/textocon.com\/?author=1\"><span class=\"fn\">admin<\/span><\/a><\/span> <span class=\"ui--blog-separator\">\/<\/span> <span class=\"datetime\"><time class=\"entry-date date updated\" datetime=\"2015-08-06T18:44:50+00:00\" itemprop=\"datePublished\" pubdate>agosto 6, 2015<\/time><\/span> <span class=\"ui--blog-separator\">\/<\/span> <span class=\"ui--meta-categories\"><a href=\"https:\/\/textocon.com\/?cat=14\" >Not\u00edcias<\/a><\/span><\/div><\/div><\/div><div class=\"ui--blog-content\">A coluna apresenta a entrevista com o jornalista Maroni Jo\u00e3o da Silva, autor do livro \u00b4Magazine Luiza: Neg\u00f3cio &amp; Cultura\u00b4, publica\u00e7\u00e3o da editora Olho d\u00b4\u00c1gua.\r\nLeia aqui na integra: \r\n&nbsp; <\/div><\/div><div style=\"display:none;\"><span class=\"date updated published\">agosto 6, 2015<\/span><span class=\"vcard author\"><a href=\"https:\/\/textocon.com\/?author=1\" class=\"fn\">admin<\/a><\/span><\/div><\/div><div class=\"post-1570 post type-post status-publish format-standard hentry category-noticias ui--blog-item clearfix layout--standard\"><div class=\"ui--blog-side ui--blog-date ui--accent-gradient-hover-parent ui--box\"><h3><span class=\"ui--blog-date-day ui--accent-gradient-hover\">01<\/span><\/h3><h6 class=\"ui--blog-date-month ui--gradient ui--gradient-grey\"><span>jul<\/span><span>2015<\/span><\/h6><\/div><div class=\"ui--blog-content-wrapper\"><div class=\"ui--blog-header\"><h5 class=\"ui--blog-title entry-title clearfix\"><a class=\"ui--blog-link\" href=\"https:\/\/textocon.com\/?p=1570\">Motiva\u00e7\u00e3o de pessoas &#8211; XIV Semana CCSA Mackenzie<\/a><\/h5><div class=\"ui--blog-metas clearfix\"><div class=\"ui--blog-metas-right pull-right\"><span class=\"ui--meta-comment\"><a href=\"https:\/\/textocon.com\/?p=1570#respond\"><i class=\"fontawesome-comment px14\"><\/i> 0<\/a><\/span> <span class=\"ui--blog-separator\">&nbsp;<\/span> <span class=\"ui--meta-like\"><a href=\"#\" class=\"ui--likes\" title=\"Like this\" data-post-id=\"1570\" data-options=\"{&quot;zero&quot;:&quot;&lt;i class=\\&quot;fontawesome-heart px14\\&quot;&gt;&lt;\\\/i&gt; %d&quot;,&quot;one&quot;:&quot;&lt;i class=\\&quot;fontawesome-heart px14\\&quot;&gt;&lt;\\\/i&gt; %d&quot;,&quot;more&quot;:&quot;&lt;i class=\\&quot;fontawesome-heart px14\\&quot;&gt;&lt;\\\/i&gt; %d&quot;}\"><span class=\"ui--likes-count\"><i class=\"fontawesome-heart px14\"><\/i> 0<\/span><\/a><\/span><\/div><div class=\"ui--blog-metas-left\"><span class=\"ui--meta-author\">by <a class=\"vcard author\" href=\"https:\/\/textocon.com\/?author=1\"><span class=\"fn\">admin<\/span><\/a><\/span> <span class=\"ui--blog-separator\">\/<\/span> <span class=\"datetime\"><time class=\"entry-date date updated\" datetime=\"2015-07-01T14:41:35+00:00\" itemprop=\"datePublished\" pubdate>julho 1, 2015<\/time><\/span> <span class=\"ui--blog-separator\">\/<\/span> <span class=\"ui--meta-categories\"><a href=\"https:\/\/textocon.com\/?cat=14\" >Not\u00edcias<\/a><\/span><\/div><\/div><\/div><div class=\"ui--blog-content\">\r\n\r\nO antrop\u00f3logo Maroni Jo\u00e3o da Silva realiza palestras sobre motiva\u00e7\u00e3o na XIV Semana CCSA Desafios Contempor\u00e2neos para estudantes de administra\u00e7\u00e3o da Mackenzie\r\n\r\nInscri\u00e7\u00f5es aqui:http:\/\/www2.mackenzie.br\/semanaccsa\/index2.jsp <\/div><\/div><div style=\"display:none;\"><span class=\"date updated published\">julho 1, 2015<\/span><span class=\"vcard author\"><a href=\"https:\/\/textocon.com\/?author=1\" class=\"fn\">admin<\/a><\/span><\/div><\/div><div class=\"post-1557 post type-post status-publish format-standard hentry category-noticias ui--blog-item clearfix layout--standard\"><div class=\"ui--blog-side ui--blog-date ui--accent-gradient-hover-parent ui--box\"><h3><span class=\"ui--blog-date-day ui--accent-gradient-hover\">30<\/span><\/h3><h6 class=\"ui--blog-date-month ui--gradient ui--gradient-grey\"><span>jun<\/span><span>2015<\/span><\/h6><\/div><div class=\"ui--blog-content-wrapper\"><div class=\"ui--blog-header\"><h5 class=\"ui--blog-title entry-title clearfix\"><a class=\"ui--blog-link\" href=\"https:\/\/textocon.com\/?p=1557\">17\u00ba Congresso Brasileiro de Sociologia &#8211; Porto Alegre<\/a><\/h5><div class=\"ui--blog-metas clearfix\"><div class=\"ui--blog-metas-right pull-right\"><span class=\"ui--meta-comment\"><a href=\"https:\/\/textocon.com\/?p=1557#respond\"><i class=\"fontawesome-comment px14\"><\/i> 0<\/a><\/span> <span class=\"ui--blog-separator\">&nbsp;<\/span> <span class=\"ui--meta-like\"><a href=\"#\" class=\"ui--likes\" title=\"Like this\" data-post-id=\"1557\" data-options=\"{&quot;zero&quot;:&quot;&lt;i class=\\&quot;fontawesome-heart px14\\&quot;&gt;&lt;\\\/i&gt; %d&quot;,&quot;one&quot;:&quot;&lt;i class=\\&quot;fontawesome-heart px14\\&quot;&gt;&lt;\\\/i&gt; %d&quot;,&quot;more&quot;:&quot;&lt;i class=\\&quot;fontawesome-heart px14\\&quot;&gt;&lt;\\\/i&gt; %d&quot;}\"><span class=\"ui--likes-count\"><i class=\"fontawesome-heart px14\"><\/i> 0<\/span><\/a><\/span><\/div><div class=\"ui--blog-metas-left\"><span class=\"ui--meta-author\">by <a class=\"vcard author\" href=\"https:\/\/textocon.com\/?author=1\"><span class=\"fn\">admin<\/span><\/a><\/span> <span class=\"ui--blog-separator\">\/<\/span> <span class=\"datetime\"><time class=\"entry-date date updated\" datetime=\"2015-06-30T16:19:33+00:00\" itemprop=\"datePublished\" pubdate>junho 30, 2015<\/time><\/span> <span class=\"ui--blog-separator\">\/<\/span> <span class=\"ui--meta-categories\"><a href=\"https:\/\/textocon.com\/?cat=14\" >Not\u00edcias<\/a><\/span><\/div><\/div><\/div><div class=\"ui--blog-content\">\r\n\r\nMaroni Jo\u00e3o da Silva participar\u00e1, como palestrante, do 17\u00ba Congresso Brasileiro de Sociologia que ser\u00e1 realizado de 20 a 23 de julho, em Porto Alegre. O antrop\u00f3logo falar\u00e1 sobre o tema de sua pesquisa de Doutorado, denominado Religiosidade como um fator estruturante do novo esp\u00edrito do capitalismo. A apresenta\u00e7\u00e3o ocorrer\u00e1 ... <span class=\"more-link\"><a class=\"btn btn-small btn-grey\" href=\"https:\/\/textocon.com\/?p=1557\" title=\"\">Leia mais<\/a><\/span>\n<\/div><\/div><div style=\"display:none;\"><span class=\"date updated published\">junho 30, 2015<\/span><span class=\"vcard author\"><a href=\"https:\/\/textocon.com\/?author=1\" class=\"fn\">admin<\/a><\/span><\/div><\/div><div class=\"post-1407 post type-post status-publish format-standard hentry category-noticias ui--blog-item clearfix layout--standard\"><div class=\"ui--blog-side ui--blog-date ui--accent-gradient-hover-parent ui--box\"><h3><span class=\"ui--blog-date-day ui--accent-gradient-hover\">06<\/span><\/h3><h6 class=\"ui--blog-date-month ui--gradient ui--gradient-grey\"><span>abr<\/span><span>2015<\/span><\/h6><\/div><div class=\"ui--blog-content-wrapper\"><div class=\"ui--blog-header\"><h5 class=\"ui--blog-title entry-title clearfix\"><a class=\"ui--blog-link\" href=\"https:\/\/textocon.com\/?p=1407\">Puc, a melhor entre as universidades particulares<\/a><\/h5><div class=\"ui--blog-metas clearfix\"><div class=\"ui--blog-metas-right pull-right\"><span class=\"ui--meta-comment\"><a href=\"https:\/\/textocon.com\/?p=1407#respond\"><i class=\"fontawesome-comment px14\"><\/i> 0<\/a><\/span> <span class=\"ui--blog-separator\">&nbsp;<\/span> <span class=\"ui--meta-like\"><a href=\"#\" class=\"ui--likes\" title=\"Like this\" data-post-id=\"1407\" data-options=\"{&quot;zero&quot;:&quot;&lt;i class=\\&quot;fontawesome-heart px14\\&quot;&gt;&lt;\\\/i&gt; %d&quot;,&quot;one&quot;:&quot;&lt;i class=\\&quot;fontawesome-heart px14\\&quot;&gt;&lt;\\\/i&gt; %d&quot;,&quot;more&quot;:&quot;&lt;i class=\\&quot;fontawesome-heart px14\\&quot;&gt;&lt;\\\/i&gt; %d&quot;}\"><span class=\"ui--likes-count\"><i class=\"fontawesome-heart px14\"><\/i> 0<\/span><\/a><\/span><\/div><div class=\"ui--blog-metas-left\"><span class=\"ui--meta-author\">by <a class=\"vcard author\" href=\"https:\/\/textocon.com\/?author=1\"><span class=\"fn\">admin<\/span><\/a><\/span> <span class=\"ui--blog-separator\">\/<\/span> <span class=\"datetime\"><time class=\"entry-date date updated\" datetime=\"2015-04-06T21:23:44+00:00\" itemprop=\"datePublished\" pubdate>abril 6, 2015<\/time><\/span> <span class=\"ui--blog-separator\">\/<\/span> <span class=\"ui--meta-categories\"><a href=\"https:\/\/textocon.com\/?cat=14\" >Not\u00edcias<\/a><\/span><\/div><\/div><\/div><div class=\"ui--blog-content\">A PUC-SP se mant\u00e9m como a mais qualificada universidade particular do Estado de S\u00e3o Paulo e a segunda melhor do ranking no Brasil. A divulga\u00e7\u00e3o desse status aconteceu no dia 18 dezembro com base na avalia\u00e7\u00e3o das institui\u00e7\u00f5es de ensino superior realizada pelo Minist\u00e9rio da Educa\u00e7\u00e3o (MEC).\r\n\r\nO s\u00f3cio-diretor da Textocon, ... <span class=\"more-link\"><a class=\"btn btn-small btn-grey\" href=\"https:\/\/textocon.com\/?p=1407\" title=\"\">Leia mais<\/a><\/span>\n<\/div><\/div><div style=\"display:none;\"><span class=\"date updated published\">abril 6, 2015<\/span><span class=\"vcard author\"><a href=\"https:\/\/textocon.com\/?author=1\" class=\"fn\">admin<\/a><\/span><\/div><\/div><div class=\"post-1631 post type-post status-publish format-standard hentry category-noticias ui--blog-item clearfix layout--standard\"><div class=\"ui--blog-side ui--blog-date ui--accent-gradient-hover-parent ui--box\"><h3><span class=\"ui--blog-date-day ui--accent-gradient-hover\">05<\/span><\/h3><h6 class=\"ui--blog-date-month ui--gradient ui--gradient-grey\"><span>mar<\/span><span>2015<\/span><\/h6><\/div><div class=\"ui--blog-content-wrapper\"><div class=\"ui--blog-header\"><h5 class=\"ui--blog-title entry-title clearfix\"><a class=\"ui--blog-link\" href=\"https:\/\/textocon.com\/?p=1631\">Livro: Magazine Luiza Neg\u00f3cio &#038; Cultura<\/a><\/h5><div class=\"ui--blog-metas clearfix\"><div class=\"ui--blog-metas-right pull-right\"><span class=\"ui--meta-comment\"><a href=\"https:\/\/textocon.com\/?p=1631#respond\"><i class=\"fontawesome-comment px14\"><\/i> 0<\/a><\/span> <span class=\"ui--blog-separator\">&nbsp;<\/span> <span class=\"ui--meta-like\"><a href=\"#\" class=\"ui--likes\" title=\"Like this\" data-post-id=\"1631\" data-options=\"{&quot;zero&quot;:&quot;&lt;i class=\\&quot;fontawesome-heart px14\\&quot;&gt;&lt;\\\/i&gt; %d&quot;,&quot;one&quot;:&quot;&lt;i class=\\&quot;fontawesome-heart px14\\&quot;&gt;&lt;\\\/i&gt; %d&quot;,&quot;more&quot;:&quot;&lt;i class=\\&quot;fontawesome-heart px14\\&quot;&gt;&lt;\\\/i&gt; %d&quot;}\"><span class=\"ui--likes-count\"><i class=\"fontawesome-heart px14\"><\/i> 0<\/span><\/a><\/span><\/div><div class=\"ui--blog-metas-left\"><span class=\"ui--meta-author\">by <a class=\"vcard author\" href=\"https:\/\/textocon.com\/?author=1\"><span class=\"fn\">admin<\/span><\/a><\/span> <span class=\"ui--blog-separator\">\/<\/span> <span class=\"datetime\"><time class=\"entry-date date updated\" datetime=\"2015-03-05T16:15:17+00:00\" itemprop=\"datePublished\" pubdate>mar\u00e7o 5, 2015<\/time><\/span> <span class=\"ui--blog-separator\">\/<\/span> <span class=\"ui--meta-categories\"><a href=\"https:\/\/textocon.com\/?cat=14\" >Not\u00edcias<\/a><\/span><\/div><\/div><\/div><div class=\"ui--blog-content\">O antrop\u00f3logo e doutorando Maroni Jo\u00e3o da Silva (P\u00f3s em Ci\u00eancias Sociais) \u00e9 autor do livro Magazine Luiza Neg\u00f3cio &amp; Cultura (ed. Olho D\u2019\u00c1gua). A publica\u00e7\u00e3o, resultado de seu mestrado tamb\u00e9m na PUC-SP, aborda o impacto da cultura nos neg\u00f3cios do Magazine Luiza e foi apresentada em mar\u00e7o, durante o ... <span class=\"more-link\"><a class=\"btn btn-small btn-grey\" href=\"https:\/\/textocon.com\/?p=1631\" title=\"\">Leia mais<\/a><\/span>\n<\/div><\/div><div style=\"display:none;\"><span class=\"date updated published\">mar\u00e7o 5, 2015<\/span><span class=\"vcard author\"><a href=\"https:\/\/textocon.com\/?author=1\" class=\"fn\">admin<\/a><\/span><\/div><\/div><div class=\"post-1621 post type-post status-publish format-standard hentry category-noticias ui--blog-item clearfix layout--standard last-item\"><div class=\"ui--blog-side ui--blog-date ui--accent-gradient-hover-parent ui--box\"><h3><span class=\"ui--blog-date-day ui--accent-gradient-hover\">05<\/span><\/h3><h6 class=\"ui--blog-date-month ui--gradient ui--gradient-grey\"><span>jan<\/span><span>2015<\/span><\/h6><\/div><div class=\"ui--blog-content-wrapper\"><div class=\"ui--blog-header\"><h5 class=\"ui--blog-title entry-title clearfix\"><a class=\"ui--blog-link\" href=\"https:\/\/textocon.com\/?p=1621\">Alimenta\u00e7\u00e3o saud\u00e1vel faz diferen\u00e7a na produtividade<\/a><\/h5><div class=\"ui--blog-metas clearfix\"><div class=\"ui--blog-metas-right pull-right\"><span class=\"ui--meta-comment\"><a href=\"https:\/\/textocon.com\/?p=1621#respond\"><i class=\"fontawesome-comment px14\"><\/i> 0<\/a><\/span> <span class=\"ui--blog-separator\">&nbsp;<\/span> <span class=\"ui--meta-like\"><a href=\"#\" class=\"ui--likes\" title=\"Like this\" data-post-id=\"1621\" data-options=\"{&quot;zero&quot;:&quot;&lt;i class=\\&quot;fontawesome-heart px14\\&quot;&gt;&lt;\\\/i&gt; %d&quot;,&quot;one&quot;:&quot;&lt;i class=\\&quot;fontawesome-heart px14\\&quot;&gt;&lt;\\\/i&gt; %d&quot;,&quot;more&quot;:&quot;&lt;i class=\\&quot;fontawesome-heart px14\\&quot;&gt;&lt;\\\/i&gt; %d&quot;}\"><span class=\"ui--likes-count\"><i class=\"fontawesome-heart px14\"><\/i> 0<\/span><\/a><\/span><\/div><div class=\"ui--blog-metas-left\"><span class=\"ui--meta-author\">by <a class=\"vcard author\" href=\"https:\/\/textocon.com\/?author=1\"><span class=\"fn\">admin<\/span><\/a><\/span> <span class=\"ui--blog-separator\">\/<\/span> <span class=\"datetime\"><time class=\"entry-date date updated\" datetime=\"2015-01-05T16:01:59+00:00\" itemprop=\"datePublished\" pubdate>janeiro 5, 2015<\/time><\/span> <span class=\"ui--blog-separator\">\/<\/span> <span class=\"ui--meta-categories\"><a href=\"https:\/\/textocon.com\/?cat=14\" >Not\u00edcias<\/a><\/span><\/div><\/div><\/div><div class=\"ui--blog-content\">O mercado de alimenta\u00e7\u00e3o corporativa ainda tem muito espa\u00e7o para crescer no Brasil. S\u00f3 42% das empresas que atuam no Pa\u00eds oferecem incentivo alimentar aos funcion\u00e1rios, conforme pesquisa realizada, em 2015, pela Alelo (empresa do segmento de cart\u00f5es-benef\u00edcio) em parceria com o Conecta-i, do Instituto Ibope.\r\n\r\nMais de tr\u00eas mil pessoas ... <span class=\"more-link\"><a class=\"btn btn-small btn-grey\" href=\"https:\/\/textocon.com\/?p=1621\" title=\"\">Leia mais<\/a><\/span>\n<\/div><\/div><div style=\"display:none;\"><span class=\"date updated published\">janeiro 5, 2015<\/span><span class=\"vcard author\"><a href=\"https:\/\/textocon.com\/?author=1\" class=\"fn\">admin<\/a><\/span><\/div><\/div><\/div>","protected":false},"excerpt":{"rendered":"<p>24jul2020Efici\u00eancia energ\u00e9tica reduz perdas da metalurgia 0 &nbsp; 0by admin \/ julho 24, 2020 \/ ReportagensA massa de informa\u00e7\u00f5es socioecon\u00f4micas veiculada em redes virtuais aponta que o \u201cnovo normal\u201d ser\u00e1 fortemente marcado pela sustentabilidade. Em resposta a esse clamor do planeta, espera-se a racionaliza\u00e7\u00e3o do uso de recursos que movem a m\u00e1quina do tempo e [&hellip;]<\/p>\n","protected":false},"author":1,"featured_media":0,"parent":9,"menu_order":0,"comment_status":"open","ping_status":"open","template":"page-sidebar-right.php","meta":{"footnotes":""},"class_list":["post-1304","page","type-page","status-publish","hentry"],"_links":{"self":[{"href":"https:\/\/textocon.com\/index.php?rest_route=\/wp\/v2\/pages\/1304","targetHints":{"allow":["GET"]}}],"collection":[{"href":"https:\/\/textocon.com\/index.php?rest_route=\/wp\/v2\/pages"}],"about":[{"href":"https:\/\/textocon.com\/index.php?rest_route=\/wp\/v2\/types\/page"}],"author":[{"embeddable":true,"href":"https:\/\/textocon.com\/index.php?rest_route=\/wp\/v2\/users\/1"}],"replies":[{"embeddable":true,"href":"https:\/\/textocon.com\/index.php?rest_route=%2Fwp%2Fv2%2Fcomments&post=1304"}],"version-history":[{"count":2,"href":"https:\/\/textocon.com\/index.php?rest_route=\/wp\/v2\/pages\/1304\/revisions"}],"predecessor-version":[{"id":1417,"href":"https:\/\/textocon.com\/index.php?rest_route=\/wp\/v2\/pages\/1304\/revisions\/1417"}],"up":[{"embeddable":true,"href":"https:\/\/textocon.com\/index.php?rest_route=\/wp\/v2\/pages\/9"}],"wp:attachment":[{"href":"https:\/\/textocon.com\/index.php?rest_route=%2Fwp%2Fv2%2Fmedia&parent=1304"}],"curies":[{"name":"wp","href":"https:\/\/api.w.org\/{rel}","templated":true}]}}